{"id":4638,"date":"2024-08-22T08:36:17","date_gmt":"2024-08-22T06:36:17","guid":{"rendered":"https:\/\/klimaatcoalitie.be\/?post_type=tribe_events&#038;p=4638"},"modified":"2024-08-22T08:44:47","modified_gmt":"2024-08-22T06:44:47","slug":"et-toi-que-vois-tu-de-chez-toi","status":"publish","type":"tribe_events","link":"https:\/\/klimaatcoalitie-coalitionclimat.be\/fr\/event\/et-toi-que-vois-tu-de-chez-toi\/","title":{"rendered":"Comment vivez-vous ?"},"content":{"rendered":"<h1>Avez-vous acc\u00e8s \u00e0 un coin de nature ?<\/h1>\n<h3><\/h3>\n<h3>Y a-t-il assez de nature dans votre quartier ?<\/h3>\n<p>Greenpeace lance une enqu\u00eate aupr\u00e8s des citoyen\u00b7nes pour conna\u00eetre la situation de l&rsquo;acc\u00e8s \u00e0 la nature en Belgique. Nous le faisons selon la r\u00e8gle des 3-30-300 :<br \/>\nTout le monde devrait pouvoir voir 3 arbres depuis son domicile, vivre dans un quartier o\u00f9 30 % de l\u2019espace est compos\u00e9 de verdure et se trouver \u00e0 300 m\u00e8tres au maximum d&rsquo;un espace vert accessible au public.<\/p>\n<p>\u00cates-vous \u00e9galement curieux\u00b7se de savoir si votre quartier r\u00e9pond \u00e0 cette r\u00e8gle ?<\/p>\n<p>Avec votre aide, nous pouvons cartographier l&rsquo;acc\u00e8s \u00e0 la nature en Belgique.<\/p>\n<p><u><a href=\"https:\/\/www.facebook.com\/people\/DataLab\/61559706710432\/\" target=\"_blank\" rel=\"noopener\">Datalab<\/a><\/u>, une organisation de data scientists travaillant b\u00e9n\u00e9volement pour le bien commun, utilisera ces donn\u00e9es pour affiner une carte interactive sur l&rsquo;acc\u00e8s \u00e0 la nature.<\/p>\n<h2>R\u00e9pondez vite <a href=\"https:\/\/act.greenpeace.org\/page\/147956\/survey\/1?locale=fr-BE\">ici<\/a> \u00e0 l&rsquo;enqu\u00eate de Greenpeace.<\/h2>\n","protected":false},"excerpt":{"rendered":"<p>Avez-vous acc\u00e8s \u00e0 un coin de nature ? Y a-t-il assez de nature dans votre quartier ? Greenpeace lance une enqu\u00eate aupr\u00e8s des citoyen\u00b7nes pour conna\u00eetre la situation de l&rsquo;acc\u00e8s [&hellip;]<\/p>\n","protected":false},"author":9,"featured_media":4639,"template":"","meta":{"_acf_changed":false,"inline_featured_image":false,"_EventAllDay":false,"_EventTimezone":"Europe\/Paris","_EventStartDate":"2024-08-22 08:00:00","_EventEndDate":"2024-10-04 17:00:00","_EventStartDateUTC":"2024-08-22 06:00:00","_EventEndDateUTC":"2024-10-04 15:00:00","_EventShowMap":true,"_EventShowMapLink":true,"_EventURL":"https:\/\/act.greenpeace.org\/page\/147956\/survey\/1?locale=fr-BE","_EventCost":"","_EventCostDescription":"","_EventCurrencySymbol":"\u20ac","_EventCurrencyCode":"EUR","_EventCurrencyPosition":"suffix","_EventDateTimeSeparator":"","_EventTimeRangeSeparator":"","_EventOrganizerID":[3504],"_EventVenueID":[],"_OrganizerEmail":"","_OrganizerPhone":"","_OrganizerWebsite":"","_VenueAddress":"","_VenueCity":"","_VenueCountry":"","_VenueProvince":"","_VenueState":"","_VenueZip":"","_VenuePhone":"","_VenueURL":"","_VenueStateProvince":"","_VenueLat":"","_VenueLng":"","_VenueShowMap":false,"_VenueShowMapLink":false,"_tribe_events_status":"","_tribe_events_status_reason":"","footnotes":""},"tags":[386,385,382,387,388,383,384],"tribe_events_cat":[381],"class_list":["post-4638","tribe_events","type-tribe_events","status-publish","has-post-thumbnail","hentry","tag-arbres","tag-environnement","tag-nature","tag-parc","tag-plaine-de-jeux","tag-quartier","tag-vue-de-chez-soi","tribe_events_cat-enquetes","cat_enquetes"],"acf":[],"yoast_head":"<!-- This site is optimized with the Yoast SEO plugin v27.2 - https:\/\/yoast.com\/product\/yoast-seo-wordpress\/ -->\n<title>Comment vivez-vous ? - Coalition Climat<\/title>\n<meta name=\"description\" content=\"Vas-y raconte-nous ce que tu vois de chez toi ? O\u00f9 est ton parc pr\u00e9f\u00e9r\u00e9 ? R\u00e9pond \u00e0 l&#039;enqu\u00eate de notre membre Greenpeace. 2 min pour aider !\" \/>\n<meta name=\"robots\" content=\"index, follow, max-snippet:-1, max-image-preview:large, max-video-preview:-1\" \/>\n<link rel=\"canonical\" href=\"https:\/\/klimaatcoalitie-coalitionclimat.be\/fr\/event\/et-toi-que-vois-tu-de-chez-toi\/\" \/>\n<meta property=\"og:locale\" content=\"fr_FR\" \/>\n<meta property=\"og:type\" content=\"article\" \/>\n<meta property=\"og:title\" content=\"Comment vivez-vous ? - Coalition Climat\" \/>\n<meta property=\"og:description\" content=\"Vas-y raconte-nous ce que tu vois de chez toi ? O\u00f9 est ton parc pr\u00e9f\u00e9r\u00e9 ? R\u00e9pond \u00e0 l&#039;enqu\u00eate de notre membre Greenpeace. 2 min pour aider !\" \/>\n<meta property=\"og:url\" content=\"https:\/\/klimaatcoalitie-coalitionclimat.be\/fr\/event\/et-toi-que-vois-tu-de-chez-toi\/\" \/>\n<meta property=\"og:site_name\" content=\"Coalition Climat\" \/>\n<meta property=\"article:modified_time\" content=\"2024-08-22T06:44:47+00:00\" \/>\n<meta property=\"og:image\" content=\"https:\/\/klimaatcoalitie-coalitionclimat.be\/wp-content\/uploads\/2024\/08\/gp-enquete-nature.png\" \/>\n\t<meta property=\"og:image:width\" content=\"2432\" \/>\n\t<meta property=\"og:image:height\" content=\"1188\" \/>\n\t<meta property=\"og:image:type\" content=\"image\/png\" \/>\n<meta name=\"twitter:card\" content=\"summary_large_image\" \/>\n<meta name=\"twitter:label1\" content=\"Dur\u00e9e de lecture estim\u00e9e\" \/>\n\t<meta name=\"twitter:data1\" content=\"1 minute\" \/>\n<script type=\"application\/ld+json\" class=\"yoast-schema-graph\">{\"@context\":\"https:\/\/schema.org\",\"@graph\":[{\"@type\":\"WebPage\",\"@id\":\"https:\/\/klimaatcoalitie-coalitionclimat.be\/fr\/event\/et-toi-que-vois-tu-de-chez-toi\/\",\"url\":\"https:\/\/klimaatcoalitie-coalitionclimat.be\/fr\/event\/et-toi-que-vois-tu-de-chez-toi\/\",\"name\":\"Comment vivez-vous ? - Coalition Climat\",\"isPartOf\":{\"@id\":\"https:\/\/klimaatcoalitie-coalitionclimat.be\/fr\/#website\"},\"primaryImageOfPage\":{\"@id\":\"https:\/\/klimaatcoalitie-coalitionclimat.be\/fr\/event\/et-toi-que-vois-tu-de-chez-toi\/#primaryimage\"},\"image\":{\"@id\":\"https:\/\/klimaatcoalitie-coalitionclimat.be\/fr\/event\/et-toi-que-vois-tu-de-chez-toi\/#primaryimage\"},\"thumbnailUrl\":\"https:\/\/klimaatcoalitie-coalitionclimat.be\/wp-content\/uploads\/2024\/08\/gp-enquete-nature.png\",\"datePublished\":\"2024-08-22T06:36:17+00:00\",\"dateModified\":\"2024-08-22T06:44:47+00:00\",\"description\":\"Vas-y raconte-nous ce que tu vois de chez toi ? O\u00f9 est ton parc pr\u00e9f\u00e9r\u00e9 ? R\u00e9pond \u00e0 l'enqu\u00eate de notre membre Greenpeace. 2 min pour aider !\",\"breadcrumb\":{\"@id\":\"https:\/\/klimaatcoalitie-coalitionclimat.be\/fr\/event\/et-toi-que-vois-tu-de-chez-toi\/#breadcrumb\"},\"inLanguage\":\"fr-FR\",\"potentialAction\":[{\"@type\":\"ReadAction\",\"target\":[\"https:\/\/klimaatcoalitie-coalitionclimat.be\/fr\/event\/et-toi-que-vois-tu-de-chez-toi\/\"]}]},{\"@type\":\"ImageObject\",\"inLanguage\":\"fr-FR\",\"@id\":\"https:\/\/klimaatcoalitie-coalitionclimat.be\/fr\/event\/et-toi-que-vois-tu-de-chez-toi\/#primaryimage\",\"url\":\"https:\/\/klimaatcoalitie-coalitionclimat.be\/wp-content\/uploads\/2024\/08\/gp-enquete-nature.png\",\"contentUrl\":\"https:\/\/klimaatcoalitie-coalitionclimat.be\/wp-content\/uploads\/2024\/08\/gp-enquete-nature.png\",\"width\":2432,\"height\":1188,\"caption\":\"Quelques maisons install\u00e9es dans un paysage vert avec quelques arbres et un \u00e9tang\"},{\"@type\":\"BreadcrumbList\",\"@id\":\"https:\/\/klimaatcoalitie-coalitionclimat.be\/fr\/event\/et-toi-que-vois-tu-de-chez-toi\/#breadcrumb\",\"itemListElement\":[{\"@type\":\"ListItem\",\"position\":1,\"name\":\"Accueil\",\"item\":\"https:\/\/klimaatcoalitie-coalitionclimat.be\/fr\/\"},{\"@type\":\"ListItem\",\"position\":2,\"name\":\"\u00c9v\u00e8nements\",\"item\":\"https:\/\/klimaatcoalitie-coalitionclimat.be\/fr\/events\/\"},{\"@type\":\"ListItem\",\"position\":3,\"name\":\"Comment vivez-vous ?\"}]},{\"@type\":\"WebSite\",\"@id\":\"https:\/\/klimaatcoalitie-coalitionclimat.be\/fr\/#website\",\"url\":\"https:\/\/klimaatcoalitie-coalitionclimat.be\/fr\/\",\"name\":\"Coalition Climat\",\"description\":\"Verenigt, versterkt en mobiliseert iedereen in Belgi&euml; die ijvert voor een leefbaar klimaat.\",\"publisher\":{\"@id\":\"https:\/\/klimaatcoalitie-coalitionclimat.be\/fr\/#organization\"},\"potentialAction\":[{\"@type\":\"SearchAction\",\"target\":{\"@type\":\"EntryPoint\",\"urlTemplate\":\"https:\/\/klimaatcoalitie-coalitionclimat.be\/fr\/?s={search_term_string}\"},\"query-input\":{\"@type\":\"PropertyValueSpecification\",\"valueRequired\":true,\"valueName\":\"search_term_string\"}}],\"inLanguage\":\"fr-FR\"},{\"@type\":\"Organization\",\"@id\":\"https:\/\/klimaatcoalitie-coalitionclimat.be\/fr\/#organization\",\"name\":\"Coalition Climat\",\"url\":\"https:\/\/klimaatcoalitie-coalitionclimat.be\/fr\/\",\"logo\":{\"@type\":\"ImageObject\",\"inLanguage\":\"fr-FR\",\"@id\":\"https:\/\/klimaatcoalitie-coalitionclimat.be\/fr\/#\/schema\/logo\/image\/\",\"url\":\"https:\/\/klimaatcoalitie-coalitionclimat.be\/wp-content\/uploads\/2023\/07\/logo-sticker-full.svg\",\"contentUrl\":\"https:\/\/klimaatcoalitie-coalitionclimat.be\/wp-content\/uploads\/2023\/07\/logo-sticker-full.svg\",\"width\":297,\"height\":98,\"caption\":\"Coalition Climat\"},\"image\":{\"@id\":\"https:\/\/klimaatcoalitie-coalitionclimat.be\/fr\/#\/schema\/logo\/image\/\"}}]}<\/script>\n<!-- \/ Yoast SEO plugin. -->","yoast_head_json":{"title":"Comment vivez-vous ? - Coalition Climat","description":"Vas-y raconte-nous ce que tu vois de chez toi ? O\u00f9 est ton parc pr\u00e9f\u00e9r\u00e9 ? R\u00e9pond \u00e0 l'enqu\u00eate de notre membre Greenpeace. 2 min pour aider !","robots":{"index":"index","follow":"follow","max-snippet":"max-snippet:-1","max-image-preview":"max-image-preview:large","max-video-preview":"max-video-preview:-1"},"canonical":"https:\/\/klimaatcoalitie-coalitionclimat.be\/fr\/event\/et-toi-que-vois-tu-de-chez-toi\/","og_locale":"fr_FR","og_type":"article","og_title":"Comment vivez-vous ? - Coalition Climat","og_description":"Vas-y raconte-nous ce que tu vois de chez toi ? O\u00f9 est ton parc pr\u00e9f\u00e9r\u00e9 ? R\u00e9pond \u00e0 l'enqu\u00eate de notre membre Greenpeace. 2 min pour aider !","og_url":"https:\/\/klimaatcoalitie-coalitionclimat.be\/fr\/event\/et-toi-que-vois-tu-de-chez-toi\/","og_site_name":"Coalition Climat","article_modified_time":"2024-08-22T06:44:47+00:00","og_image":[{"width":2432,"height":1188,"url":"https:\/\/klimaatcoalitie-coalitionclimat.be\/wp-content\/uploads\/2024\/08\/gp-enquete-nature.png","type":"image\/png"}],"twitter_card":"summary_large_image","twitter_misc":{"Dur\u00e9e de lecture estim\u00e9e":"1 minute"},"schema":{"@context":"https:\/\/schema.org","@graph":[{"@type":"WebPage","@id":"https:\/\/klimaatcoalitie-coalitionclimat.be\/fr\/event\/et-toi-que-vois-tu-de-chez-toi\/","url":"https:\/\/klimaatcoalitie-coalitionclimat.be\/fr\/event\/et-toi-que-vois-tu-de-chez-toi\/","name":"Comment vivez-vous ? - Coalition Climat","isPartOf":{"@id":"https:\/\/klimaatcoalitie-coalitionclimat.be\/fr\/#website"},"primaryImageOfPage":{"@id":"https:\/\/klimaatcoalitie-coalitionclimat.be\/fr\/event\/et-toi-que-vois-tu-de-chez-toi\/#primaryimage"},"image":{"@id":"https:\/\/klimaatcoalitie-coalitionclimat.be\/fr\/event\/et-toi-que-vois-tu-de-chez-toi\/#primaryimage"},"thumbnailUrl":"https:\/\/klimaatcoalitie-coalitionclimat.be\/wp-content\/uploads\/2024\/08\/gp-enquete-nature.png","datePublished":"2024-08-22T06:36:17+00:00","dateModified":"2024-08-22T06:44:47+00:00","description":"Vas-y raconte-nous ce que tu vois de chez toi ? O\u00f9 est ton parc pr\u00e9f\u00e9r\u00e9 ? R\u00e9pond \u00e0 l'enqu\u00eate de notre membre Greenpeace. 2 min pour aider !","breadcrumb":{"@id":"https:\/\/klimaatcoalitie-coalitionclimat.be\/fr\/event\/et-toi-que-vois-tu-de-chez-toi\/#breadcrumb"},"inLanguage":"fr-FR","potentialAction":[{"@type":"ReadAction","target":["https:\/\/klimaatcoalitie-coalitionclimat.be\/fr\/event\/et-toi-que-vois-tu-de-chez-toi\/"]}]},{"@type":"ImageObject","inLanguage":"fr-FR","@id":"https:\/\/klimaatcoalitie-coalitionclimat.be\/fr\/event\/et-toi-que-vois-tu-de-chez-toi\/#primaryimage","url":"https:\/\/klimaatcoalitie-coalitionclimat.be\/wp-content\/uploads\/2024\/08\/gp-enquete-nature.png","contentUrl":"https:\/\/klimaatcoalitie-coalitionclimat.be\/wp-content\/uploads\/2024\/08\/gp-enquete-nature.png","width":2432,"height":1188,"caption":"Quelques maisons install\u00e9es dans un paysage vert avec quelques arbres et un \u00e9tang"},{"@type":"BreadcrumbList","@id":"https:\/\/klimaatcoalitie-coalitionclimat.be\/fr\/event\/et-toi-que-vois-tu-de-chez-toi\/#breadcrumb","itemListElement":[{"@type":"ListItem","position":1,"name":"Accueil","item":"https:\/\/klimaatcoalitie-coalitionclimat.be\/fr\/"},{"@type":"ListItem","position":2,"name":"\u00c9v\u00e8nements","item":"https:\/\/klimaatcoalitie-coalitionclimat.be\/fr\/events\/"},{"@type":"ListItem","position":3,"name":"Comment vivez-vous ?"}]},{"@type":"WebSite","@id":"https:\/\/klimaatcoalitie-coalitionclimat.be\/fr\/#website","url":"https:\/\/klimaatcoalitie-coalitionclimat.be\/fr\/","name":"Coalition Climat","description":"Verenigt, versterkt en mobiliseert iedereen in Belgi&euml; die ijvert voor een leefbaar klimaat.","publisher":{"@id":"https:\/\/klimaatcoalitie-coalitionclimat.be\/fr\/#organization"},"potentialAction":[{"@type":"SearchAction","target":{"@type":"EntryPoint","urlTemplate":"https:\/\/klimaatcoalitie-coalitionclimat.be\/fr\/?s={search_term_string}"},"query-input":{"@type":"PropertyValueSpecification","valueRequired":true,"valueName":"search_term_string"}}],"inLanguage":"fr-FR"},{"@type":"Organization","@id":"https:\/\/klimaatcoalitie-coalitionclimat.be\/fr\/#organization","name":"Coalition Climat","url":"https:\/\/klimaatcoalitie-coalitionclimat.be\/fr\/","logo":{"@type":"ImageObject","inLanguage":"fr-FR","@id":"https:\/\/klimaatcoalitie-coalitionclimat.be\/fr\/#\/schema\/logo\/image\/","url":"https:\/\/klimaatcoalitie-coalitionclimat.be\/wp-content\/uploads\/2023\/07\/logo-sticker-full.svg","contentUrl":"https:\/\/klimaatcoalitie-coalitionclimat.be\/wp-content\/uploads\/2023\/07\/logo-sticker-full.svg","width":297,"height":98,"caption":"Coalition Climat"},"image":{"@id":"https:\/\/klimaatcoalitie-coalitionclimat.be\/fr\/#\/schema\/logo\/image\/"}}]}},"_links":{"self":[{"href":"https:\/\/klimaatcoalitie-coalitionclimat.be\/fr\/wp-json\/wp\/v2\/tribe_events\/4638","targetHints":{"allow":["GET"]}}],"collection":[{"href":"https:\/\/klimaatcoalitie-coalitionclimat.be\/fr\/wp-json\/wp\/v2\/tribe_events"}],"about":[{"href":"https:\/\/klimaatcoalitie-coalitionclimat.be\/fr\/wp-json\/wp\/v2\/types\/tribe_events"}],"author":[{"embeddable":true,"href":"https:\/\/klimaatcoalitie-coalitionclimat.be\/fr\/wp-json\/wp\/v2\/users\/9"}],"version-history":[{"count":3,"href":"https:\/\/klimaatcoalitie-coalitionclimat.be\/fr\/wp-json\/wp\/v2\/tribe_events\/4638\/revisions"}],"predecessor-version":[{"id":4643,"href":"https:\/\/klimaatcoalitie-coalitionclimat.be\/fr\/wp-json\/wp\/v2\/tribe_events\/4638\/revisions\/4643"}],"wp:featuredmedia":[{"embeddable":true,"href":"https:\/\/klimaatcoalitie-coalitionclimat.be\/fr\/wp-json\/wp\/v2\/media\/4639"}],"wp:attachment":[{"href":"https:\/\/klimaatcoalitie-coalitionclimat.be\/fr\/wp-json\/wp\/v2\/media?parent=4638"}],"wp:term":[{"taxonomy":"post_tag","embeddable":true,"href":"https:\/\/klimaatcoalitie-coalitionclimat.be\/fr\/wp-json\/wp\/v2\/tags?post=4638"},{"taxonomy":"tribe_events_cat","embeddable":true,"href":"https:\/\/klimaatcoalitie-coalitionclimat.be\/fr\/wp-json\/wp\/v2\/tribe_events_cat?post=4638"}],"curies":[{"name":"wp","href":"https:\/\/api.w.org\/{rel}","templated":true}]}}