{"id":4604,"date":"2024-08-20T17:27:42","date_gmt":"2024-08-20T15:27:42","guid":{"rendered":"https:\/\/klimaatcoalitie.be\/?post_type=tribe_events&#038;p=4604"},"modified":"2024-10-03T12:37:32","modified_gmt":"2024-10-03T10:37:32","slug":"cuisiner-cest-veiller-a-sa-sante-au-gaspillage-a-lenvironnement-aux-producteurs","status":"publish","type":"tribe_events","link":"https:\/\/klimaatcoalitie-coalitionclimat.be\/fr\/event\/cuisiner-cest-veiller-a-sa-sante-au-gaspillage-a-lenvironnement-aux-producteurs\/","title":{"rendered":"Cuisine \u00e9cologique et politique (approfondissement)"},"content":{"rendered":"<header class=\"cartouche titre_article_cartouche\">\n<h1><span class=\"titre_article_h1 crayon article-titre-153 \">Cycle\u00a0<strong>\u00ab\u00a0Laurier\u00a0\u00bb<\/strong><\/span><\/h1>\n<h2><span class=\"titre_article_h1 crayon article-titre-153 \">Approfondissement en cuisine \u00e9cologique et politique<\/span><\/h2>\n<div class=\"postmeta\">Plusieurs bonnes raisons de participer !<\/div>\n<ul>\n<li class=\"postmeta\">Premi\u00e8rement, il s&rsquo;agit d&rsquo;une<strong> formation en 9 journ\u00e9es avec un contenu riche et diversifi\u00e9! <\/strong><\/li>\n<li class=\"postmeta\">Et puis, ces journ\u00e9es ont lieu le samedi, une fois par mois entre octobre 24 et juin 25, un moment pour vous d\u00e9tendre et apprendre, vous vider la t\u00eate, vous r\u00e9galer les papilles et les id\u00e9es.<\/li>\n<li class=\"postmeta\">Ensuite regardez le programme, cette formation jongle entre des moments de r\u00e9flexion et des pistes concr\u00e8tes.<\/li>\n<li class=\"postmeta\">Le tout pour<strong>\u00a0faire de son alimentation quotidienne un acte engag\u00e9, cr\u00e9atif, convivial et po\u00e9tique.<\/strong><\/li>\n<\/ul>\n<div class=\"postmeta\">Les inscriptions pour le prochain cycle qui d\u00e9bute \u00e0 la rentr\u00e9e 2024 sont d\u00e9j\u00e0 ouvertes, bienvenue !!<\/div>\n<div><\/div>\n<div><img decoding=\"async\" src=\"https:\/\/rencontredescontinents.be\/local\/cache-vignettes\/L640xH343\/toutlemondel4204-bd9fa.png?1724158088\" \/><\/div>\n<\/header>\n<div>\n<h2>CUISINER C&rsquo;EST &#8230;.<\/h2>\n<p>Pour Rencontre des Continents, cuisiner c\u2019est se situer, prendre position, s\u2019engager<\/p>\n<p>C&rsquo;est un peu tout cela pour se questionner autour de th\u00e8mes comme de la sant\u00e9, ou encore du gaspillage, celui de l\u2019environnement, ou du respect des producteurs&#8230;<\/p>\n<h2>DE LA CRITIQUE \u00e0 LA PRATIQUE<\/h2>\n<p>Cette formation \u00e0 pour double objectif ;<\/p>\n<ol>\n<li>Premi\u00e8rement de <strong>d\u00e9velopper un regard critique\u00a0<\/strong>sur notre mod\u00e8le de soci\u00e9t\u00e9.<\/li>\n<li>Deuxi\u00e8mement de <strong>proposer des pistes pratiques<\/strong> pour pouvoir se nourrir au quotidien.<\/li>\n<\/ol>\n<p>En respectant \u00e0 la fois notre sant\u00e9, notre environnement et notre convivialit\u00e9.<\/p>\n<h2>Informations pratiques<\/h2>\n<p>Le cycle Laurier ou cycle d\u2019approfondissement en cuisine \u00e9cologique et politique se sont\u00a09 samedis dont un grand repas familial, soit 1 samedi par mois de octobre 2024 \u00e0 juin 2025 de 14h \u00e0 20h \u00e0 Ixelles.<\/p>\n<h2><strong>Prochaines dates<\/strong><\/h2>\n<p><strong>2024\u00a0: 19 octobre, 16 novembre, 14 d\u00e9cembre<br \/>\n2025\u00a0: 18 janvier, 15 f\u00e9vrier, 15 mars, 12 avril, 17 mai, 14 juin<\/strong><\/p>\n<p>Il s\u2019agit d\u2019un processus de formation complet et non de dates au choix. Dans un souci de coh\u00e9sion du groupe et de coh\u00e9rence p\u00e9dagogique nous demandons donc aux participant.es qui s\u2019inscrivent de s\u2019engager \u00e0 \u00eatre pr\u00e9sent.es \u00e0 toutes les dates.<\/p>\n<h2>Pour\u00a0<strong>les inscriptions\u00a0<\/strong>c\u2019est par ici<\/h2>\n<p><a class=\"spip_url spip_out auto\" href=\"https:\/\/docs.google.com\/forms\/d\/e\/1FAIpQLSfnyzgK_W2fGrr02sKBINIcYzfKXrNBf3HQD8bjb4TUxodqqQ\/viewform\" rel=\"nofollow external\">https:\/\/docs.google.com\/forms\/d\/e\/1FAIpQLSfnyzgK_W2fGrr02sKBINIcYzfKXrNBf3HQD8bjb4TUxodqqQ\/viewform<\/a><\/p>\n<div class=\"crayon article-texte-1536 texte surlignable\">\n<p><em>Cette formation de 8 journ\u00e9es + la table d\u2019h\u00f4tes s\u2019adresse \u00e0 ceux et celles qui aimeraient aller plus loin dans leur r\u00e9flexion et leurs pratiques de la cuisine \u00e9cologique au quotidien.<\/em><\/p>\n<p><em>Nous prendrons le temps d\u2019aborder d\u2019autres th\u00e8mes que lors du cycle d\u2019initiation, afin d\u2019approfondir les questions li\u00e9es \u00e0 l\u2019alimentation et ses interactions avec le monde. Nous mettrons en pratique d\u2019autres techniques culinaires par la r\u00e9alisation collective d\u2019un repas lors de chaque s\u00e9ance.<\/em><\/p>\n<\/div>\n<h2>Voici le programme en d\u00e9tail<\/h2>\n<p><img decoding=\"async\" src=\"https:\/\/www.rencontredescontinents.be\/local\/cache-vignettes\/L640xH905\/laurierpaged290a-0fcd7.png?1724157646\" \/><\/p>\n<\/div>\n<p><img decoding=\"async\" src=\"https:\/\/www.rencontredescontinents.be\/local\/cache-vignettes\/L640xH907\/Lauriertrois4214-bd1f2.png?1713880437\" \/><\/p>\n","protected":false},"excerpt":{"rendered":"<p>Cycle\u00a0\u00ab\u00a0Laurier\u00a0\u00bb Approfondissement en cuisine \u00e9cologique et politique Plusieurs bonnes raisons de participer ! Premi\u00e8rement, il s&rsquo;agit d&rsquo;une formation en 9 journ\u00e9es avec un contenu riche et diversifi\u00e9! Et puis, ces [&hellip;]<\/p>\n","protected":false},"author":9,"featured_media":4605,"template":"","meta":{"_acf_changed":false,"inline_featured_image":false,"_EventAllDay":false,"_EventTimezone":"Europe\/Paris","_EventStartDate":"2024-10-19 09:00:00","_EventEndDate":"2025-06-14 17:00:00","_EventStartDateUTC":"2024-10-19 07:00:00","_EventEndDateUTC":"2025-06-14 15:00:00","_EventShowMap":false,"_EventShowMapLink":true,"_EventURL":"https:\/\/www.rencontredescontinents.be\/Formation-Laurier-Cycle-d-approfondissement-a-la-cuisine-ecologique-et.html","_EventCost":"","_EventCostDescription":"","_EventCurrencySymbol":"\u20ac","_EventCurrencyCode":"EUR","_EventCurrencyPosition":"suffix","_EventDateTimeSeparator":"","_EventTimeRangeSeparator":"","_EventOrganizerID":[3292],"_EventVenueID":[4610],"_OrganizerEmail":"","_OrganizerPhone":"","_OrganizerWebsite":"","_VenueAddress":"","_VenueCity":"","_VenueCountry":"","_VenueProvince":"","_VenueState":"","_VenueZip":"","_VenuePhone":"","_VenueURL":"","_VenueStateProvince":"","_VenueLat":"","_VenueLng":"","_VenueShowMap":false,"_VenueShowMapLink":false,"_tribe_events_status":"","_tribe_events_status_reason":"","footnotes":""},"tags":[365,366,360,364,367,362],"tribe_events_cat":[],"class_list":["post-4604","tribe_events","type-tribe_events","status-publish","has-post-thumbnail","hentry","tag-alimentation","tag-anti-gaspillage","tag-cuisiner","tag-engagement-politique","tag-reflexion","tag-sante"],"acf":[],"yoast_head":"<!-- This site is optimized with the Yoast SEO plugin v27.2 - https:\/\/yoast.com\/product\/yoast-seo-wordpress\/ -->\n<title>Cuisiner et agir ! Des plats qui changent le monde et votre vie !<\/title>\n<meta name=\"description\" content=\"Venez apprendre \u00e0 cuisiner et \u00e0 changer le monde, prendre soin de votre sant\u00e9, soutenir les producteurs d&#039;ici ! Inscrivez-vous vite ! Places limit\u00e9es.\" \/>\n<meta name=\"robots\" content=\"index, follow, max-snippet:-1, max-image-preview:large, max-video-preview:-1\" \/>\n<link rel=\"canonical\" href=\"https:\/\/klimaatcoalitie-coalitionclimat.be\/fr\/event\/cuisiner-cest-veiller-a-sa-sante-au-gaspillage-a-lenvironnement-aux-producteurs\/\" \/>\n<meta property=\"og:locale\" content=\"fr_FR\" \/>\n<meta property=\"og:type\" content=\"article\" \/>\n<meta property=\"og:title\" content=\"Cuisiner et agir ! Des plats qui changent le monde et votre vie !\" \/>\n<meta property=\"og:description\" content=\"Venez apprendre \u00e0 cuisiner et \u00e0 changer le monde, prendre soin de votre sant\u00e9, soutenir les producteurs d&#039;ici ! Inscrivez-vous vite ! Places limit\u00e9es.\" \/>\n<meta property=\"og:url\" content=\"https:\/\/klimaatcoalitie-coalitionclimat.be\/fr\/event\/cuisiner-cest-veiller-a-sa-sante-au-gaspillage-a-lenvironnement-aux-producteurs\/\" \/>\n<meta property=\"og:site_name\" content=\"Coalition Climat\" \/>\n<meta property=\"article:modified_time\" content=\"2024-10-03T10:37:32+00:00\" \/>\n<meta property=\"og:image\" content=\"https:\/\/klimaatcoalitie-coalitionclimat.be\/wp-content\/uploads\/2024\/08\/cycle-laurier1.png\" \/>\n\t<meta property=\"og:image:width\" content=\"640\" \/>\n\t<meta property=\"og:image:height\" content=\"914\" \/>\n\t<meta property=\"og:image:type\" content=\"image\/png\" \/>\n<meta name=\"twitter:card\" content=\"summary_large_image\" \/>\n<meta name=\"twitter:label1\" content=\"Dur\u00e9e de lecture estim\u00e9e\" \/>\n\t<meta name=\"twitter:data1\" content=\"3 minutes\" \/>\n<script type=\"application\/ld+json\" class=\"yoast-schema-graph\">{\"@context\":\"https:\/\/schema.org\",\"@graph\":[{\"@type\":\"WebPage\",\"@id\":\"https:\/\/klimaatcoalitie-coalitionclimat.be\/fr\/event\/cuisiner-cest-veiller-a-sa-sante-au-gaspillage-a-lenvironnement-aux-producteurs\/\",\"url\":\"https:\/\/klimaatcoalitie-coalitionclimat.be\/fr\/event\/cuisiner-cest-veiller-a-sa-sante-au-gaspillage-a-lenvironnement-aux-producteurs\/\",\"name\":\"Cuisiner et agir ! Des plats qui changent le monde et votre vie !\",\"isPartOf\":{\"@id\":\"https:\/\/klimaatcoalitie-coalitionclimat.be\/fr\/#website\"},\"primaryImageOfPage\":{\"@id\":\"https:\/\/klimaatcoalitie-coalitionclimat.be\/fr\/event\/cuisiner-cest-veiller-a-sa-sante-au-gaspillage-a-lenvironnement-aux-producteurs\/#primaryimage\"},\"image\":{\"@id\":\"https:\/\/klimaatcoalitie-coalitionclimat.be\/fr\/event\/cuisiner-cest-veiller-a-sa-sante-au-gaspillage-a-lenvironnement-aux-producteurs\/#primaryimage\"},\"thumbnailUrl\":\"https:\/\/klimaatcoalitie-coalitionclimat.be\/wp-content\/uploads\/2024\/08\/cycle-laurier1.png\",\"datePublished\":\"2024-08-20T15:27:42+00:00\",\"dateModified\":\"2024-10-03T10:37:32+00:00\",\"description\":\"Venez apprendre \u00e0 cuisiner et \u00e0 changer le monde, prendre soin de votre sant\u00e9, soutenir les producteurs d'ici ! Inscrivez-vous vite ! Places limit\u00e9es.\",\"breadcrumb\":{\"@id\":\"https:\/\/klimaatcoalitie-coalitionclimat.be\/fr\/event\/cuisiner-cest-veiller-a-sa-sante-au-gaspillage-a-lenvironnement-aux-producteurs\/#breadcrumb\"},\"inLanguage\":\"fr-FR\",\"potentialAction\":[{\"@type\":\"ReadAction\",\"target\":[\"https:\/\/klimaatcoalitie-coalitionclimat.be\/fr\/event\/cuisiner-cest-veiller-a-sa-sante-au-gaspillage-a-lenvironnement-aux-producteurs\/\"]}]},{\"@type\":\"ImageObject\",\"inLanguage\":\"fr-FR\",\"@id\":\"https:\/\/klimaatcoalitie-coalitionclimat.be\/fr\/event\/cuisiner-cest-veiller-a-sa-sante-au-gaspillage-a-lenvironnement-aux-producteurs\/#primaryimage\",\"url\":\"https:\/\/klimaatcoalitie-coalitionclimat.be\/wp-content\/uploads\/2024\/08\/cycle-laurier1.png\",\"contentUrl\":\"https:\/\/klimaatcoalitie-coalitionclimat.be\/wp-content\/uploads\/2024\/08\/cycle-laurier1.png\",\"width\":640,\"height\":914,\"caption\":\"Le descriptif du cycle de formation et les images de la formation\"},{\"@type\":\"BreadcrumbList\",\"@id\":\"https:\/\/klimaatcoalitie-coalitionclimat.be\/fr\/event\/cuisiner-cest-veiller-a-sa-sante-au-gaspillage-a-lenvironnement-aux-producteurs\/#breadcrumb\",\"itemListElement\":[{\"@type\":\"ListItem\",\"position\":1,\"name\":\"Accueil\",\"item\":\"https:\/\/klimaatcoalitie-coalitionclimat.be\/fr\/\"},{\"@type\":\"ListItem\",\"position\":2,\"name\":\"\u00c9v\u00e8nements\",\"item\":\"https:\/\/klimaatcoalitie-coalitionclimat.be\/fr\/events\/\"},{\"@type\":\"ListItem\",\"position\":3,\"name\":\"Cuisine \u00e9cologique et politique (approfondissement)\"}]},{\"@type\":\"WebSite\",\"@id\":\"https:\/\/klimaatcoalitie-coalitionclimat.be\/fr\/#website\",\"url\":\"https:\/\/klimaatcoalitie-coalitionclimat.be\/fr\/\",\"name\":\"Coalition Climat\",\"description\":\"Verenigt, versterkt en mobiliseert iedereen in Belgi&euml; die ijvert voor een leefbaar klimaat.\",\"publisher\":{\"@id\":\"https:\/\/klimaatcoalitie-coalitionclimat.be\/fr\/#organization\"},\"potentialAction\":[{\"@type\":\"SearchAction\",\"target\":{\"@type\":\"EntryPoint\",\"urlTemplate\":\"https:\/\/klimaatcoalitie-coalitionclimat.be\/fr\/?s={search_term_string}\"},\"query-input\":{\"@type\":\"PropertyValueSpecification\",\"valueRequired\":true,\"valueName\":\"search_term_string\"}}],\"inLanguage\":\"fr-FR\"},{\"@type\":\"Organization\",\"@id\":\"https:\/\/klimaatcoalitie-coalitionclimat.be\/fr\/#organization\",\"name\":\"Coalition Climat\",\"url\":\"https:\/\/klimaatcoalitie-coalitionclimat.be\/fr\/\",\"logo\":{\"@type\":\"ImageObject\",\"inLanguage\":\"fr-FR\",\"@id\":\"https:\/\/klimaatcoalitie-coalitionclimat.be\/fr\/#\/schema\/logo\/image\/\",\"url\":\"https:\/\/klimaatcoalitie-coalitionclimat.be\/wp-content\/uploads\/2023\/07\/logo-sticker-full.svg\",\"contentUrl\":\"https:\/\/klimaatcoalitie-coalitionclimat.be\/wp-content\/uploads\/2023\/07\/logo-sticker-full.svg\",\"width\":297,\"height\":98,\"caption\":\"Coalition Climat\"},\"image\":{\"@id\":\"https:\/\/klimaatcoalitie-coalitionclimat.be\/fr\/#\/schema\/logo\/image\/\"}}]}<\/script>\n<!-- \/ Yoast SEO plugin. -->","yoast_head_json":{"title":"Cuisiner et agir ! Des plats qui changent le monde et votre vie !","description":"Venez apprendre \u00e0 cuisiner et \u00e0 changer le monde, prendre soin de votre sant\u00e9, soutenir les producteurs d'ici ! Inscrivez-vous vite ! Places limit\u00e9es.","robots":{"index":"index","follow":"follow","max-snippet":"max-snippet:-1","max-image-preview":"max-image-preview:large","max-video-preview":"max-video-preview:-1"},"canonical":"https:\/\/klimaatcoalitie-coalitionclimat.be\/fr\/event\/cuisiner-cest-veiller-a-sa-sante-au-gaspillage-a-lenvironnement-aux-producteurs\/","og_locale":"fr_FR","og_type":"article","og_title":"Cuisiner et agir ! Des plats qui changent le monde et votre vie !","og_description":"Venez apprendre \u00e0 cuisiner et \u00e0 changer le monde, prendre soin de votre sant\u00e9, soutenir les producteurs d'ici ! Inscrivez-vous vite ! Places limit\u00e9es.","og_url":"https:\/\/klimaatcoalitie-coalitionclimat.be\/fr\/event\/cuisiner-cest-veiller-a-sa-sante-au-gaspillage-a-lenvironnement-aux-producteurs\/","og_site_name":"Coalition Climat","article_modified_time":"2024-10-03T10:37:32+00:00","og_image":[{"width":640,"height":914,"url":"https:\/\/klimaatcoalitie-coalitionclimat.be\/wp-content\/uploads\/2024\/08\/cycle-laurier1.png","type":"image\/png"}],"twitter_card":"summary_large_image","twitter_misc":{"Dur\u00e9e de lecture estim\u00e9e":"3 minutes"},"schema":{"@context":"https:\/\/schema.org","@graph":[{"@type":"WebPage","@id":"https:\/\/klimaatcoalitie-coalitionclimat.be\/fr\/event\/cuisiner-cest-veiller-a-sa-sante-au-gaspillage-a-lenvironnement-aux-producteurs\/","url":"https:\/\/klimaatcoalitie-coalitionclimat.be\/fr\/event\/cuisiner-cest-veiller-a-sa-sante-au-gaspillage-a-lenvironnement-aux-producteurs\/","name":"Cuisiner et agir ! Des plats qui changent le monde et votre vie !","isPartOf":{"@id":"https:\/\/klimaatcoalitie-coalitionclimat.be\/fr\/#website"},"primaryImageOfPage":{"@id":"https:\/\/klimaatcoalitie-coalitionclimat.be\/fr\/event\/cuisiner-cest-veiller-a-sa-sante-au-gaspillage-a-lenvironnement-aux-producteurs\/#primaryimage"},"image":{"@id":"https:\/\/klimaatcoalitie-coalitionclimat.be\/fr\/event\/cuisiner-cest-veiller-a-sa-sante-au-gaspillage-a-lenvironnement-aux-producteurs\/#primaryimage"},"thumbnailUrl":"https:\/\/klimaatcoalitie-coalitionclimat.be\/wp-content\/uploads\/2024\/08\/cycle-laurier1.png","datePublished":"2024-08-20T15:27:42+00:00","dateModified":"2024-10-03T10:37:32+00:00","description":"Venez apprendre \u00e0 cuisiner et \u00e0 changer le monde, prendre soin de votre sant\u00e9, soutenir les producteurs d'ici ! Inscrivez-vous vite ! Places limit\u00e9es.","breadcrumb":{"@id":"https:\/\/klimaatcoalitie-coalitionclimat.be\/fr\/event\/cuisiner-cest-veiller-a-sa-sante-au-gaspillage-a-lenvironnement-aux-producteurs\/#breadcrumb"},"inLanguage":"fr-FR","potentialAction":[{"@type":"ReadAction","target":["https:\/\/klimaatcoalitie-coalitionclimat.be\/fr\/event\/cuisiner-cest-veiller-a-sa-sante-au-gaspillage-a-lenvironnement-aux-producteurs\/"]}]},{"@type":"ImageObject","inLanguage":"fr-FR","@id":"https:\/\/klimaatcoalitie-coalitionclimat.be\/fr\/event\/cuisiner-cest-veiller-a-sa-sante-au-gaspillage-a-lenvironnement-aux-producteurs\/#primaryimage","url":"https:\/\/klimaatcoalitie-coalitionclimat.be\/wp-content\/uploads\/2024\/08\/cycle-laurier1.png","contentUrl":"https:\/\/klimaatcoalitie-coalitionclimat.be\/wp-content\/uploads\/2024\/08\/cycle-laurier1.png","width":640,"height":914,"caption":"Le descriptif du cycle de formation et les images de la formation"},{"@type":"BreadcrumbList","@id":"https:\/\/klimaatcoalitie-coalitionclimat.be\/fr\/event\/cuisiner-cest-veiller-a-sa-sante-au-gaspillage-a-lenvironnement-aux-producteurs\/#breadcrumb","itemListElement":[{"@type":"ListItem","position":1,"name":"Accueil","item":"https:\/\/klimaatcoalitie-coalitionclimat.be\/fr\/"},{"@type":"ListItem","position":2,"name":"\u00c9v\u00e8nements","item":"https:\/\/klimaatcoalitie-coalitionclimat.be\/fr\/events\/"},{"@type":"ListItem","position":3,"name":"Cuisine \u00e9cologique et politique (approfondissement)"}]},{"@type":"WebSite","@id":"https:\/\/klimaatcoalitie-coalitionclimat.be\/fr\/#website","url":"https:\/\/klimaatcoalitie-coalitionclimat.be\/fr\/","name":"Coalition Climat","description":"Verenigt, versterkt en mobiliseert iedereen in Belgi&euml; die ijvert voor een leefbaar klimaat.","publisher":{"@id":"https:\/\/klimaatcoalitie-coalitionclimat.be\/fr\/#organization"},"potentialAction":[{"@type":"SearchAction","target":{"@type":"EntryPoint","urlTemplate":"https:\/\/klimaatcoalitie-coalitionclimat.be\/fr\/?s={search_term_string}"},"query-input":{"@type":"PropertyValueSpecification","valueRequired":true,"valueName":"search_term_string"}}],"inLanguage":"fr-FR"},{"@type":"Organization","@id":"https:\/\/klimaatcoalitie-coalitionclimat.be\/fr\/#organization","name":"Coalition Climat","url":"https:\/\/klimaatcoalitie-coalitionclimat.be\/fr\/","logo":{"@type":"ImageObject","inLanguage":"fr-FR","@id":"https:\/\/klimaatcoalitie-coalitionclimat.be\/fr\/#\/schema\/logo\/image\/","url":"https:\/\/klimaatcoalitie-coalitionclimat.be\/wp-content\/uploads\/2023\/07\/logo-sticker-full.svg","contentUrl":"https:\/\/klimaatcoalitie-coalitionclimat.be\/wp-content\/uploads\/2023\/07\/logo-sticker-full.svg","width":297,"height":98,"caption":"Coalition Climat"},"image":{"@id":"https:\/\/klimaatcoalitie-coalitionclimat.be\/fr\/#\/schema\/logo\/image\/"}}]}},"_links":{"self":[{"href":"https:\/\/klimaatcoalitie-coalitionclimat.be\/fr\/wp-json\/wp\/v2\/tribe_events\/4604","targetHints":{"allow":["GET"]}}],"collection":[{"href":"https:\/\/klimaatcoalitie-coalitionclimat.be\/fr\/wp-json\/wp\/v2\/tribe_events"}],"about":[{"href":"https:\/\/klimaatcoalitie-coalitionclimat.be\/fr\/wp-json\/wp\/v2\/types\/tribe_events"}],"author":[{"embeddable":true,"href":"https:\/\/klimaatcoalitie-coalitionclimat.be\/fr\/wp-json\/wp\/v2\/users\/9"}],"version-history":[{"count":5,"href":"https:\/\/klimaatcoalitie-coalitionclimat.be\/fr\/wp-json\/wp\/v2\/tribe_events\/4604\/revisions"}],"predecessor-version":[{"id":4612,"href":"https:\/\/klimaatcoalitie-coalitionclimat.be\/fr\/wp-json\/wp\/v2\/tribe_events\/4604\/revisions\/4612"}],"wp:featuredmedia":[{"embeddable":true,"href":"https:\/\/klimaatcoalitie-coalitionclimat.be\/fr\/wp-json\/wp\/v2\/media\/4605"}],"wp:attachment":[{"href":"https:\/\/klimaatcoalitie-coalitionclimat.be\/fr\/wp-json\/wp\/v2\/media?parent=4604"}],"wp:term":[{"taxonomy":"post_tag","embeddable":true,"href":"https:\/\/klimaatcoalitie-coalitionclimat.be\/fr\/wp-json\/wp\/v2\/tags?post=4604"},{"taxonomy":"tribe_events_cat","embeddable":true,"href":"https:\/\/klimaatcoalitie-coalitionclimat.be\/fr\/wp-json\/wp\/v2\/tribe_events_cat?post=4604"}],"curies":[{"name":"wp","href":"https:\/\/api.w.org\/{rel}","templated":true}]}}