{"id":3151,"date":"2024-02-07T11:52:48","date_gmt":"2024-02-07T10:52:48","guid":{"rendered":"https:\/\/klimaatcoalitie.be\/?post_type=tribe_events&#038;p=3151"},"modified":"2024-02-07T11:54:21","modified_gmt":"2024-02-07T10:54:21","slug":"les-jeunes-et-le-climat-13-02-a-partir-de-9h-jusqua-22h","status":"publish","type":"tribe_events","link":"https:\/\/klimaatcoalitie-coalitionclimat.be\/fr\/event\/les-jeunes-et-le-climat-13-02-a-partir-de-9h-jusqua-22h\/","title":{"rendered":"Les jeunes et le climat 13\/02 &#8211; \u00e0 partir de 9h jusqu&rsquo;\u00e0 22h"},"content":{"rendered":"<div dir=\"auto\"><strong>Cinq<\/strong> ans apr\u00e8s les gr\u00e8ves scolaires,<\/div>\n<div dir=\"auto\"><strong>quatre<\/strong> mois avant les \u00e9lections en Belgique et en Europe<\/div>\n<div dir=\"auto\"><strong>Rejoignez-nous<\/strong> dans la salle des pas perdus de\u00a0 Trainworld ce mardi 13\/02 d\u00e8s 9h.<\/div>\n<div dir=\"auto\"><strong>But :<\/strong> Faire le bilan, tracer des perspectives, cinq ans apr\u00e8s le mouvement des jeunes en 2019 et le rapport du Panel Climat \/ Klimaat Panel (co-pr\u00e9sid\u00e9 par Jean-Pascal van Ypersele et Leo Van Broeck, cfr\u00a0 <a href=\"http:\/\/www.panelclimat.be\/\" target=\"_blank\" rel=\"nofollow noopener noreferrer\" data-saferedirecturl=\"https:\/\/www.google.com\/url?hl=fr&amp;q=http:\/\/www.panelclimat.be&amp;source=gmail&amp;ust=1707387784402000&amp;usg=AOvVaw24mlI5mClZl4L-6BFHF8c0\">www.panelclimat.be<\/a>\u00a0<a href=\"http:\/\/www.klimaatpanel.be\/\" target=\"_blank\" rel=\"nofollow noopener noreferrer\" data-saferedirecturl=\"https:\/\/www.google.com\/url?hl=fr&amp;q=http:\/\/www.klimaatpanel.be&amp;source=gmail&amp;ust=1707387784402000&amp;usg=AOvVaw1NlW81U_KQoxze1bnzwj0a\">www.<wbr \/>klimaatpanel.be<\/a>).<\/div>\n<div dir=\"auto\"><a href=\"https:\/\/youthandclimatefuture.be\" target=\"_blank\" rel=\"noopener\">Renseignements<\/a><\/div>\n<div dir=\"auto\"><a href=\"https:\/\/youthandclimatefuture.be\/registration\/\" target=\"_blank\" rel=\"noopener\">Inscriptions \u00e0 la conf\u00e9rence\u00a0<\/a><\/div>\n<div dir=\"auto\"><\/div>\n<div dir=\"auto\"><\/div>\n<div dir=\"auto\">En janvier 2019,\u00a0Anuna De Wever\u00a0et\u00a0Ad\u00e9la\u00efde Charlier, fondatrices de Youth for Climate \u00e9crivent une lettre aux co-pr\u00e9sidents du Panel climat\/ Klimaat Panel pour leur demander\u00a0: \u00ab\u00a0Nous vous prions instamment de nous faire savoir, ainsi qu&rsquo;aux d\u00e9cideurs politiques, quelles solutions scientifiques existent pour mettre fin \u00e0 la crise climatique\u00a0\u00bb. Commence alors un travail acharn\u00e9 d\u2019une quarantaine d\u2019experts de toute la Belgique pour r\u00e9pondre \u00e0 ce d\u00e9fi. Le rapport est pr\u00e9sent\u00e9 aux d\u00e9cideurs politiques et aux m\u00e9dias le 14 mai 2019, quelques jours avant les \u00e9lections belges et europ\u00e9ennes.<\/div>\n<div dir=\"auto\">Cinq ans apr\u00e8s, la journ\u00e9e du 13-2-2024 donnera l\u2019occasion \u00e0 des keynote speakers, aux expert.e.s qui ont contribu\u00e9 au Panel, aux jeunes d\u2019alors (devenus adultes), aux jeunes d\u2019aujourd\u2019hui et aux d\u00e9cideurs politiques qui ont eu l\u2019occasion de mettre en oeuvre, ou pas, certaines des recommandations du\u00a0Panel Climat\/Klimaat Panel, de prendre du recul par rapport au travail r\u00e9alis\u00e9 et \u00e0 ce qu\u2019il reste \u00e0 faire pour r\u00e9pondre aux inqui\u00e9tudes, \u00e0 l\u2019\u00e9co-anxi\u00e9t\u00e9 parfois, des jeunes d\u2019aujourd\u2019hui par rapport au d\u00e9passement des limites plan\u00e9taires.<\/div>\n<div dir=\"auto\"><\/div>\n<div dir=\"auto\">Une attention particuli\u00e8re sera accord\u00e9e aux enjeux environnementaux des\u00a0\u00e9lections du 9 juin 2024 en Belgique et en Europe, et aux objectifs climatiques et environnementaux \u00e0 l\u2019horizon 2040.<\/div>\n<div dir=\"auto\"><\/div>\n<div dir=\"auto\">La grande salle des pas perdus de Trainworld (ancienne gare de Schaerbeek) et de l\u2019exposition \u00ab\u00a0Animalia\u00a0\u00bb (que les participant.e.s pourront visiter gratuitement avant 17h) est r\u00e9serv\u00e9e pour cette journ\u00e9e.<\/div>\n<div dir=\"auto\"><\/div>\n<div dir=\"auto\">Apr\u00e8s l\u2019interpellation par des jeunes des pr\u00e9sident.e.s des partis politiques belges, la journ\u00e9e se terminera par une \u00e9vocation festive de la carri\u00e8re du\u00a0Pr Jean-Pascal van Ypersele\u00a0et de ses interactions avec la soci\u00e9t\u00e9 civile (dont les jeunes), les d\u00e9cideurs politiques et \u00e9conomiques, et les m\u00e9dias.<\/div>\n","protected":false},"excerpt":{"rendered":"<p>Cinq ans apr\u00e8s les gr\u00e8ves scolaires, quatre mois avant les \u00e9lections en Belgique et en Europe Rejoignez-nous dans la salle des pas perdus de\u00a0 Trainworld ce mardi 13\/02 d\u00e8s 9h. [&hellip;]<\/p>\n","protected":false},"author":9,"featured_media":3152,"template":"","meta":{"_acf_changed":false,"inline_featured_image":false,"_EventAllDay":false,"_EventTimezone":"Europe\/Paris","_EventStartDate":"2024-02-13 09:00:00","_EventEndDate":"2024-02-13 22:00:00","_EventStartDateUTC":"2024-02-13 08:00:00","_EventEndDateUTC":"2024-02-13 21:00:00","_EventShowMap":true,"_EventShowMapLink":true,"_EventURL":"https:\/\/youthandclimatefuture.be\/","_EventCost":"","_EventCostDescription":"","_EventCurrencySymbol":"","_EventCurrencyCode":"","_EventCurrencyPosition":"suffix","_EventDateTimeSeparator":"","_EventTimeRangeSeparator":"","_EventOrganizerID":[],"_EventVenueID":[],"_OrganizerEmail":"","_OrganizerPhone":"","_OrganizerWebsite":"","_VenueAddress":"","_VenueCity":"","_VenueCountry":"","_VenueProvince":"","_VenueState":"","_VenueZip":"","_VenuePhone":"","_VenueURL":"","_VenueStateProvince":"","_VenueLat":"","_VenueLng":"","_VenueShowMap":false,"_VenueShowMapLink":false,"_tribe_events_status":"","_tribe_events_status_reason":"","footnotes":""},"tags":[],"tribe_events_cat":[],"class_list":["post-3151","tribe_events","type-tribe_events","status-publish","has-post-thumbnail","hentry"],"acf":[],"yoast_head":"<!-- This site is optimized with the Yoast SEO plugin v27.2 - https:\/\/yoast.com\/product\/yoast-seo-wordpress\/ -->\n<title>Les jeunes et le climat 13\/02 - \u00e0 partir de 9h jusqu&#039;\u00e0 22h - Coalition Climat<\/title>\n<meta name=\"robots\" content=\"index, follow, max-snippet:-1, max-image-preview:large, max-video-preview:-1\" \/>\n<link rel=\"canonical\" href=\"https:\/\/klimaatcoalitie-coalitionclimat.be\/fr\/event\/les-jeunes-et-le-climat-13-02-a-partir-de-9h-jusqua-22h\/\" \/>\n<meta property=\"og:locale\" content=\"fr_FR\" \/>\n<meta property=\"og:type\" content=\"article\" \/>\n<meta property=\"og:title\" content=\"Les jeunes et le climat 13\/02 - \u00e0 partir de 9h jusqu&#039;\u00e0 22h - Coalition Climat\" \/>\n<meta property=\"og:description\" content=\"Cinq ans apr\u00e8s les gr\u00e8ves scolaires, quatre mois avant les \u00e9lections en Belgique et en Europe Rejoignez-nous dans la salle des pas perdus de\u00a0 Trainworld ce mardi 13\/02 d\u00e8s 9h. [&hellip;]\" \/>\n<meta property=\"og:url\" content=\"https:\/\/klimaatcoalitie-coalitionclimat.be\/fr\/event\/les-jeunes-et-le-climat-13-02-a-partir-de-9h-jusqua-22h\/\" \/>\n<meta property=\"og:site_name\" content=\"Coalition Climat\" \/>\n<meta property=\"article:modified_time\" content=\"2024-02-07T10:54:21+00:00\" \/>\n<meta property=\"og:image\" content=\"https:\/\/klimaatcoalitie-coalitionclimat.be\/wp-content\/uploads\/2024\/02\/img-20240203-182341-781.webp\" \/>\n\t<meta property=\"og:image:width\" content=\"1080\" \/>\n\t<meta property=\"og:image:height\" content=\"608\" \/>\n\t<meta property=\"og:image:type\" content=\"image\/webp\" \/>\n<meta name=\"twitter:card\" content=\"summary_large_image\" \/>\n<meta name=\"twitter:label1\" content=\"Dur\u00e9e de lecture estim\u00e9e\" \/>\n\t<meta name=\"twitter:data1\" content=\"2 minutes\" \/>\n<script type=\"application\/ld+json\" class=\"yoast-schema-graph\">{\"@context\":\"https:\/\/schema.org\",\"@graph\":[{\"@type\":\"WebPage\",\"@id\":\"https:\/\/klimaatcoalitie-coalitionclimat.be\/fr\/event\/les-jeunes-et-le-climat-13-02-a-partir-de-9h-jusqua-22h\/\",\"url\":\"https:\/\/klimaatcoalitie-coalitionclimat.be\/fr\/event\/les-jeunes-et-le-climat-13-02-a-partir-de-9h-jusqua-22h\/\",\"name\":\"Les jeunes et le climat 13\/02 - \u00e0 partir de 9h jusqu'\u00e0 22h - Coalition Climat\",\"isPartOf\":{\"@id\":\"https:\/\/klimaatcoalitie-coalitionclimat.be\/fr\/#website\"},\"primaryImageOfPage\":{\"@id\":\"https:\/\/klimaatcoalitie-coalitionclimat.be\/fr\/event\/les-jeunes-et-le-climat-13-02-a-partir-de-9h-jusqua-22h\/#primaryimage\"},\"image\":{\"@id\":\"https:\/\/klimaatcoalitie-coalitionclimat.be\/fr\/event\/les-jeunes-et-le-climat-13-02-a-partir-de-9h-jusqua-22h\/#primaryimage\"},\"thumbnailUrl\":\"https:\/\/klimaatcoalitie-coalitionclimat.be\/wp-content\/uploads\/2024\/02\/img-20240203-182341-781.webp\",\"datePublished\":\"2024-02-07T10:52:48+00:00\",\"dateModified\":\"2024-02-07T10:54:21+00:00\",\"breadcrumb\":{\"@id\":\"https:\/\/klimaatcoalitie-coalitionclimat.be\/fr\/event\/les-jeunes-et-le-climat-13-02-a-partir-de-9h-jusqua-22h\/#breadcrumb\"},\"inLanguage\":\"fr-FR\",\"potentialAction\":[{\"@type\":\"ReadAction\",\"target\":[\"https:\/\/klimaatcoalitie-coalitionclimat.be\/fr\/event\/les-jeunes-et-le-climat-13-02-a-partir-de-9h-jusqua-22h\/\"]}]},{\"@type\":\"ImageObject\",\"inLanguage\":\"fr-FR\",\"@id\":\"https:\/\/klimaatcoalitie-coalitionclimat.be\/fr\/event\/les-jeunes-et-le-climat-13-02-a-partir-de-9h-jusqua-22h\/#primaryimage\",\"url\":\"https:\/\/klimaatcoalitie-coalitionclimat.be\/wp-content\/uploads\/2024\/02\/img-20240203-182341-781.webp\",\"contentUrl\":\"https:\/\/klimaatcoalitie-coalitionclimat.be\/wp-content\/uploads\/2024\/02\/img-20240203-182341-781.webp\",\"width\":1080,\"height\":608},{\"@type\":\"BreadcrumbList\",\"@id\":\"https:\/\/klimaatcoalitie-coalitionclimat.be\/fr\/event\/les-jeunes-et-le-climat-13-02-a-partir-de-9h-jusqua-22h\/#breadcrumb\",\"itemListElement\":[{\"@type\":\"ListItem\",\"position\":1,\"name\":\"Accueil\",\"item\":\"https:\/\/klimaatcoalitie-coalitionclimat.be\/fr\/\"},{\"@type\":\"ListItem\",\"position\":2,\"name\":\"\u00c9v\u00e8nements\",\"item\":\"https:\/\/klimaatcoalitie-coalitionclimat.be\/fr\/events\/\"},{\"@type\":\"ListItem\",\"position\":3,\"name\":\"Les jeunes et le climat 13\/02 &#8211; \u00e0 partir de 9h jusqu&rsquo;\u00e0 22h\"}]},{\"@type\":\"WebSite\",\"@id\":\"https:\/\/klimaatcoalitie-coalitionclimat.be\/fr\/#website\",\"url\":\"https:\/\/klimaatcoalitie-coalitionclimat.be\/fr\/\",\"name\":\"Coalition Climat\",\"description\":\"Verenigt, versterkt en mobiliseert iedereen in Belgi&euml; die ijvert voor een leefbaar klimaat.\",\"publisher\":{\"@id\":\"https:\/\/klimaatcoalitie-coalitionclimat.be\/fr\/#organization\"},\"potentialAction\":[{\"@type\":\"SearchAction\",\"target\":{\"@type\":\"EntryPoint\",\"urlTemplate\":\"https:\/\/klimaatcoalitie-coalitionclimat.be\/fr\/?s={search_term_string}\"},\"query-input\":{\"@type\":\"PropertyValueSpecification\",\"valueRequired\":true,\"valueName\":\"search_term_string\"}}],\"inLanguage\":\"fr-FR\"},{\"@type\":\"Organization\",\"@id\":\"https:\/\/klimaatcoalitie-coalitionclimat.be\/fr\/#organization\",\"name\":\"Coalition Climat\",\"url\":\"https:\/\/klimaatcoalitie-coalitionclimat.be\/fr\/\",\"logo\":{\"@type\":\"ImageObject\",\"inLanguage\":\"fr-FR\",\"@id\":\"https:\/\/klimaatcoalitie-coalitionclimat.be\/fr\/#\/schema\/logo\/image\/\",\"url\":\"https:\/\/klimaatcoalitie-coalitionclimat.be\/wp-content\/uploads\/2023\/07\/logo-sticker-full.svg\",\"contentUrl\":\"https:\/\/klimaatcoalitie-coalitionclimat.be\/wp-content\/uploads\/2023\/07\/logo-sticker-full.svg\",\"width\":297,\"height\":98,\"caption\":\"Coalition Climat\"},\"image\":{\"@id\":\"https:\/\/klimaatcoalitie-coalitionclimat.be\/fr\/#\/schema\/logo\/image\/\"}}]}<\/script>\n<!-- \/ Yoast SEO plugin. -->","yoast_head_json":{"title":"Les jeunes et le climat 13\/02 - \u00e0 partir de 9h jusqu'\u00e0 22h - Coalition Climat","robots":{"index":"index","follow":"follow","max-snippet":"max-snippet:-1","max-image-preview":"max-image-preview:large","max-video-preview":"max-video-preview:-1"},"canonical":"https:\/\/klimaatcoalitie-coalitionclimat.be\/fr\/event\/les-jeunes-et-le-climat-13-02-a-partir-de-9h-jusqua-22h\/","og_locale":"fr_FR","og_type":"article","og_title":"Les jeunes et le climat 13\/02 - \u00e0 partir de 9h jusqu'\u00e0 22h - Coalition Climat","og_description":"Cinq ans apr\u00e8s les gr\u00e8ves scolaires, quatre mois avant les \u00e9lections en Belgique et en Europe Rejoignez-nous dans la salle des pas perdus de\u00a0 Trainworld ce mardi 13\/02 d\u00e8s 9h. [&hellip;]","og_url":"https:\/\/klimaatcoalitie-coalitionclimat.be\/fr\/event\/les-jeunes-et-le-climat-13-02-a-partir-de-9h-jusqua-22h\/","og_site_name":"Coalition Climat","article_modified_time":"2024-02-07T10:54:21+00:00","og_image":[{"width":1080,"height":608,"url":"https:\/\/klimaatcoalitie-coalitionclimat.be\/wp-content\/uploads\/2024\/02\/img-20240203-182341-781.webp","type":"image\/webp"}],"twitter_card":"summary_large_image","twitter_misc":{"Dur\u00e9e de lecture estim\u00e9e":"2 minutes"},"schema":{"@context":"https:\/\/schema.org","@graph":[{"@type":"WebPage","@id":"https:\/\/klimaatcoalitie-coalitionclimat.be\/fr\/event\/les-jeunes-et-le-climat-13-02-a-partir-de-9h-jusqua-22h\/","url":"https:\/\/klimaatcoalitie-coalitionclimat.be\/fr\/event\/les-jeunes-et-le-climat-13-02-a-partir-de-9h-jusqua-22h\/","name":"Les jeunes et le climat 13\/02 - \u00e0 partir de 9h jusqu'\u00e0 22h - Coalition Climat","isPartOf":{"@id":"https:\/\/klimaatcoalitie-coalitionclimat.be\/fr\/#website"},"primaryImageOfPage":{"@id":"https:\/\/klimaatcoalitie-coalitionclimat.be\/fr\/event\/les-jeunes-et-le-climat-13-02-a-partir-de-9h-jusqua-22h\/#primaryimage"},"image":{"@id":"https:\/\/klimaatcoalitie-coalitionclimat.be\/fr\/event\/les-jeunes-et-le-climat-13-02-a-partir-de-9h-jusqua-22h\/#primaryimage"},"thumbnailUrl":"https:\/\/klimaatcoalitie-coalitionclimat.be\/wp-content\/uploads\/2024\/02\/img-20240203-182341-781.webp","datePublished":"2024-02-07T10:52:48+00:00","dateModified":"2024-02-07T10:54:21+00:00","breadcrumb":{"@id":"https:\/\/klimaatcoalitie-coalitionclimat.be\/fr\/event\/les-jeunes-et-le-climat-13-02-a-partir-de-9h-jusqua-22h\/#breadcrumb"},"inLanguage":"fr-FR","potentialAction":[{"@type":"ReadAction","target":["https:\/\/klimaatcoalitie-coalitionclimat.be\/fr\/event\/les-jeunes-et-le-climat-13-02-a-partir-de-9h-jusqua-22h\/"]}]},{"@type":"ImageObject","inLanguage":"fr-FR","@id":"https:\/\/klimaatcoalitie-coalitionclimat.be\/fr\/event\/les-jeunes-et-le-climat-13-02-a-partir-de-9h-jusqua-22h\/#primaryimage","url":"https:\/\/klimaatcoalitie-coalitionclimat.be\/wp-content\/uploads\/2024\/02\/img-20240203-182341-781.webp","contentUrl":"https:\/\/klimaatcoalitie-coalitionclimat.be\/wp-content\/uploads\/2024\/02\/img-20240203-182341-781.webp","width":1080,"height":608},{"@type":"BreadcrumbList","@id":"https:\/\/klimaatcoalitie-coalitionclimat.be\/fr\/event\/les-jeunes-et-le-climat-13-02-a-partir-de-9h-jusqua-22h\/#breadcrumb","itemListElement":[{"@type":"ListItem","position":1,"name":"Accueil","item":"https:\/\/klimaatcoalitie-coalitionclimat.be\/fr\/"},{"@type":"ListItem","position":2,"name":"\u00c9v\u00e8nements","item":"https:\/\/klimaatcoalitie-coalitionclimat.be\/fr\/events\/"},{"@type":"ListItem","position":3,"name":"Les jeunes et le climat 13\/02 &#8211; \u00e0 partir de 9h jusqu&rsquo;\u00e0 22h"}]},{"@type":"WebSite","@id":"https:\/\/klimaatcoalitie-coalitionclimat.be\/fr\/#website","url":"https:\/\/klimaatcoalitie-coalitionclimat.be\/fr\/","name":"Coalition Climat","description":"Verenigt, versterkt en mobiliseert iedereen in Belgi&euml; die ijvert voor een leefbaar klimaat.","publisher":{"@id":"https:\/\/klimaatcoalitie-coalitionclimat.be\/fr\/#organization"},"potentialAction":[{"@type":"SearchAction","target":{"@type":"EntryPoint","urlTemplate":"https:\/\/klimaatcoalitie-coalitionclimat.be\/fr\/?s={search_term_string}"},"query-input":{"@type":"PropertyValueSpecification","valueRequired":true,"valueName":"search_term_string"}}],"inLanguage":"fr-FR"},{"@type":"Organization","@id":"https:\/\/klimaatcoalitie-coalitionclimat.be\/fr\/#organization","name":"Coalition Climat","url":"https:\/\/klimaatcoalitie-coalitionclimat.be\/fr\/","logo":{"@type":"ImageObject","inLanguage":"fr-FR","@id":"https:\/\/klimaatcoalitie-coalitionclimat.be\/fr\/#\/schema\/logo\/image\/","url":"https:\/\/klimaatcoalitie-coalitionclimat.be\/wp-content\/uploads\/2023\/07\/logo-sticker-full.svg","contentUrl":"https:\/\/klimaatcoalitie-coalitionclimat.be\/wp-content\/uploads\/2023\/07\/logo-sticker-full.svg","width":297,"height":98,"caption":"Coalition Climat"},"image":{"@id":"https:\/\/klimaatcoalitie-coalitionclimat.be\/fr\/#\/schema\/logo\/image\/"}}]}},"_links":{"self":[{"href":"https:\/\/klimaatcoalitie-coalitionclimat.be\/fr\/wp-json\/wp\/v2\/tribe_events\/3151","targetHints":{"allow":["GET"]}}],"collection":[{"href":"https:\/\/klimaatcoalitie-coalitionclimat.be\/fr\/wp-json\/wp\/v2\/tribe_events"}],"about":[{"href":"https:\/\/klimaatcoalitie-coalitionclimat.be\/fr\/wp-json\/wp\/v2\/types\/tribe_events"}],"author":[{"embeddable":true,"href":"https:\/\/klimaatcoalitie-coalitionclimat.be\/fr\/wp-json\/wp\/v2\/users\/9"}],"version-history":[{"count":2,"href":"https:\/\/klimaatcoalitie-coalitionclimat.be\/fr\/wp-json\/wp\/v2\/tribe_events\/3151\/revisions"}],"predecessor-version":[{"id":3154,"href":"https:\/\/klimaatcoalitie-coalitionclimat.be\/fr\/wp-json\/wp\/v2\/tribe_events\/3151\/revisions\/3154"}],"wp:featuredmedia":[{"embeddable":true,"href":"https:\/\/klimaatcoalitie-coalitionclimat.be\/fr\/wp-json\/wp\/v2\/media\/3152"}],"wp:attachment":[{"href":"https:\/\/klimaatcoalitie-coalitionclimat.be\/fr\/wp-json\/wp\/v2\/media?parent=3151"}],"wp:term":[{"taxonomy":"post_tag","embeddable":true,"href":"https:\/\/klimaatcoalitie-coalitionclimat.be\/fr\/wp-json\/wp\/v2\/tags?post=3151"},{"taxonomy":"tribe_events_cat","embeddable":true,"href":"https:\/\/klimaatcoalitie-coalitionclimat.be\/fr\/wp-json\/wp\/v2\/tribe_events_cat?post=3151"}],"curies":[{"name":"wp","href":"https:\/\/api.w.org\/{rel}","templated":true}]}}