{"id":13433,"date":"2026-09-02T11:57:15","date_gmt":"2026-09-02T09:57:15","guid":{"rendered":"https:\/\/klimaatcoalitie-coalitionclimat.be\/?post_type=tribe_events&#038;p=13433"},"modified":"2026-09-02T11:57:17","modified_gmt":"2026-09-02T09:57:17","slug":"rise-for-climate-belgium-6-09-2026-marche-pour-nos-droits-sociaux-et-environnementaux","status":"publish","type":"tribe_events","link":"https:\/\/klimaatcoalitie-coalitionclimat.be\/fr\/event\/rise-for-climate-belgium-6-09-2026-marche-pour-nos-droits-sociaux-et-environnementaux\/","title":{"rendered":"Rise For Climate Belgium 6\/09\/2026 : Marche pour nos droits sociaux et environnementaux"},"content":{"rendered":"<div  class=\"tribe-events-schedule tribe-clearfix\" >\n\t<p class=\"tribe-events-schedule__datetime\">\n\t\t<span class=\"tribe-events-schedule__date tribe-events-schedule__date--start\">\n\t\t\t6 septembre\t\t<\/span>\n\n\t\t\t\t\t<span class=\"tribe-events-schedule__separator tribe-events-schedule__separator--date\">\n\t\t\t\t \u279c \t\t\t<\/span>\n\t\t\t<span class=\"tribe-events-schedule__time tribe-events-schedule__time--start\">\n\t\t\t\t14:00\t\t\t<\/span>\n\t\t\n\t\t\t<\/p>\n<\/div>\n\n\n\n<h2 id=\"rise-for-climate-rises-for-convergence-dimanche-6-septembre-14h-place-albertine-a-bruxelles-ville\" class=\"wp-block-heading\">Rise For Climate rises for Convergence! Dimanche 6 septembre 14h place Albertine \u00e0 Bruxelles- Ville <\/h2>\n\n\n\n<p class=\"wp-block-paragraph\"><br><br>Rassemblement citoyen et l\u00e9gal pour le climat et pour les droits sociaux des artistes, des enseignants, des \u00e9tudiants, des agriculteurs, du personnel soignant, des allocataires au ch\u00f4mage et au CPAS, les migrants , les jeunes, les personnes \u00e2g\u00e9es\u2026. et le droit de vivre sur une plan\u00e8te viable face \u00e0 un g\u00e9nocide climatique et environnemental en cours.\u00a0<br><\/p>\n\n\n\n<p class=\"wp-block-paragraph\"><\/p>\n\n\n\n<p class=\"wp-block-paragraph\">Les attaques impitoyables qui ont eu lieu ces derni\u00e8res ann\u00e9es pour r\u00e9duire les revenus de nombreuses cat\u00e9gories de citoyens (en divisant pour mieux r\u00e9gner) r\u00e9v\u00e8lent une transformation progressive d\u2019un \u00e9tat protecteur vers un \u00e9tat de plus en plus d\u00e9shumanis\u00e9 o\u00f9 c\u2019est le profit et les restrictions budg\u00e9taires qui dictent la loi. D\u00e9j\u00e0 en 1996 Viviane Forrester d\u00e9non\u00e7ait dans son livre \u00ab l\u2019horreur \u00e9conomique \u00bb le totalitarisme financier o\u00f9 toutes les avanc\u00e9es sociales et environnementales sont des obstacles au profit. \u00c0 ce sujet dans le cadre du dernier sommet europ\u00e9en voir l\u2019article r\u00e9cent de l\u2019\u00e9conomiste Riccardo Petrella ( un des grands intellectuels du mouvement altermondialiste ) car l\u2019Union Europ\u00e9enne est aussi un des moteurs de ces politiques d\u2019aust\u00e9rit\u00e9 et de militarisation actuelle. <\/p>\n\n\n\n<p class=\"wp-block-paragraph\">Face \u00e0 ces r\u00e9formes qui s\u2019attaquent \u00e0 nos droits, aux services publics et \u00e0 la plan\u00e8te , nous proposons de continuer \u00e0 construire ces alliances entre diff\u00e9rents secteurs comme le font tr\u00e8s bien les organisateurs des manifestations contre le gouvernement Arizona. Avec la gestion terrible des canicules de cette \u00e9t\u00e9 qui est a l\u2019image de ses politiques sociales : d\u00e8s la rentr\u00e9e nous voulons remettre la pression sur le gouvernement et proposer cette date du dimanche 6 septembre \u00e0 14h place Albertine<\/p>\n\n\n\n<p class=\"wp-block-paragraph\"><\/p>\n\n\n\n<h4 id=\"contact\" class=\"wp-block-heading\">Contact<\/h4>\n\n\n\n<p class=\"wp-block-paragraph\">Co-leader: Kim L\u00ea Quang 0499 439 350<\/p>\n\n\n\n<p class=\"wp-block-paragraph\">&nbsp;riseforclimatebelgium@gmail.com<\/p>\n\n\n\n<p class=\"wp-block-paragraph\"><\/p>\n","protected":false},"excerpt":{"rendered":"<p>Rise For Climate rises for Convergence! Dimanche 6 septembre 14h place Albertine \u00e0 Bruxelles- Ville Rassemblement citoyen et l\u00e9gal pour le climat et pour les droits sociaux des artistes, des [&hellip;]<\/p>\n","protected":false},"author":146,"featured_media":13434,"template":"","meta":{"_acf_changed":false,"_EventAllDay":false,"_EventTimezone":"Europe\/Paris","_EventStartDate":"2026-09-06 14:00:00","_EventEndDate":"2026-09-06 14:00:00","_EventStartDateUTC":"2026-09-06 12:00:00","_EventEndDateUTC":"2026-09-06 12:00:00","_EventShowMap":false,"_EventShowMapLink":false,"_EventURL":"https:\/\/www.facebook.com\/share\/18wiXHEzXF\/?mibextid=wwXIfr","_EventCost":"","_EventCostDescription":"","_EventCurrencySymbol":"\u20ac","_EventCurrencyCode":"EUR","_EventCurrencyPosition":"suffix","_EventDateTimeSeparator":" \u279c ","_EventTimeRangeSeparator":" - ","_EventOrganizerID":[],"_EventVenueID":[],"_OrganizerEmail":"","_OrganizerPhone":"","_OrganizerWebsite":"","_VenueAddress":"","_VenueCity":"","_VenueCountry":"","_VenueProvince":"","_VenueState":"","_VenueZip":"","_VenuePhone":"","_VenueURL":"","_VenueStateProvince":"","_VenueLat":"","_VenueLng":"","_VenueShowMap":false,"_VenueShowMapLink":false,"_tribe_events_status":"","_tribe_events_status_reason":"","footnotes":""},"tags":[],"tribe_events_cat":[],"class_list":["post-13433","tribe_events","type-tribe_events","status-publish","has-post-thumbnail","hentry"],"acf":[],"yoast_head":"<!-- This site is optimized with the Yoast SEO plugin v28.4 - https:\/\/yoast.com\/product\/yoast-seo-wordpress\/ -->\n<title>Rise For Climate Belgium 6\/09\/2026 : Marche pour nos droits sociaux et environnementaux - Coalition Climat<\/title>\n<meta name=\"robots\" content=\"index, follow, max-snippet:-1, max-image-preview:large, max-video-preview:-1\" \/>\n<link rel=\"canonical\" href=\"https:\/\/klimaatcoalitie-coalitionclimat.be\/fr\/event\/rise-for-climate-belgium-6-09-2026-marche-pour-nos-droits-sociaux-et-environnementaux\/\" \/>\n<meta property=\"og:locale\" content=\"fr_FR\" \/>\n<meta property=\"og:type\" content=\"article\" \/>\n<meta property=\"og:title\" content=\"Rise For Climate Belgium 6\/09\/2026 : Marche pour nos droits sociaux et environnementaux - Coalition Climat\" \/>\n<meta property=\"og:description\" content=\"Rise For Climate rises for Convergence! Dimanche 6 septembre 14h place Albertine \u00e0 Bruxelles- Ville Rassemblement citoyen et l\u00e9gal pour le climat et pour les droits sociaux des artistes, des [&hellip;]\" \/>\n<meta property=\"og:url\" content=\"https:\/\/klimaatcoalitie-coalitionclimat.be\/fr\/event\/rise-for-climate-belgium-6-09-2026-marche-pour-nos-droits-sociaux-et-environnementaux\/\" \/>\n<meta property=\"og:site_name\" content=\"Coalition Climat\" \/>\n<meta property=\"article:modified_time\" content=\"2026-09-02T09:57:17+00:00\" \/>\n<meta property=\"og:image\" content=\"https:\/\/klimaatcoalitie-coalitionclimat.be\/wp-content\/uploads\/2026\/09\/img-1667.jpeg\" \/>\n\t<meta property=\"og:image:width\" content=\"1357\" \/>\n\t<meta property=\"og:image:height\" content=\"1920\" \/>\n\t<meta property=\"og:image:type\" content=\"image\/jpeg\" \/>\n<meta name=\"twitter:card\" content=\"summary_large_image\" \/>\n<meta name=\"twitter:label1\" content=\"Dur\u00e9e de lecture estim\u00e9e\" \/>\n\t<meta name=\"twitter:data1\" content=\"2 minutes\" \/>\n<script type=\"application\/ld+json\" class=\"yoast-schema-graph\">{\"@context\":\"https:\\\/\\\/schema.org\",\"@graph\":[{\"@type\":\"WebPage\",\"@id\":\"https:\\\/\\\/klimaatcoalitie-coalitionclimat.be\\\/fr\\\/event\\\/rise-for-climate-belgium-6-09-2026-marche-pour-nos-droits-sociaux-et-environnementaux\\\/\",\"url\":\"https:\\\/\\\/klimaatcoalitie-coalitionclimat.be\\\/fr\\\/event\\\/rise-for-climate-belgium-6-09-2026-marche-pour-nos-droits-sociaux-et-environnementaux\\\/\",\"name\":\"Rise For Climate Belgium 6\\\/09\\\/2026 : Marche pour nos droits sociaux et environnementaux - Coalition Climat\",\"isPartOf\":{\"@id\":\"https:\\\/\\\/klimaatcoalitie-coalitionclimat.be\\\/fr\\\/#website\"},\"primaryImageOfPage\":{\"@id\":\"https:\\\/\\\/klimaatcoalitie-coalitionclimat.be\\\/fr\\\/event\\\/rise-for-climate-belgium-6-09-2026-marche-pour-nos-droits-sociaux-et-environnementaux\\\/#primaryimage\"},\"image\":{\"@id\":\"https:\\\/\\\/klimaatcoalitie-coalitionclimat.be\\\/fr\\\/event\\\/rise-for-climate-belgium-6-09-2026-marche-pour-nos-droits-sociaux-et-environnementaux\\\/#primaryimage\"},\"thumbnailUrl\":\"https:\\\/\\\/klimaatcoalitie-coalitionclimat.be\\\/wp-content\\\/uploads\\\/2026\\\/09\\\/img-1667.jpeg\",\"datePublished\":\"2026-09-02T09:57:15+00:00\",\"dateModified\":\"2026-09-02T09:57:17+00:00\",\"breadcrumb\":{\"@id\":\"https:\\\/\\\/klimaatcoalitie-coalitionclimat.be\\\/fr\\\/event\\\/rise-for-climate-belgium-6-09-2026-marche-pour-nos-droits-sociaux-et-environnementaux\\\/#breadcrumb\"},\"inLanguage\":\"fr-FR\",\"potentialAction\":[{\"@type\":\"ReadAction\",\"target\":[\"https:\\\/\\\/klimaatcoalitie-coalitionclimat.be\\\/fr\\\/event\\\/rise-for-climate-belgium-6-09-2026-marche-pour-nos-droits-sociaux-et-environnementaux\\\/\"]}]},{\"@type\":\"ImageObject\",\"inLanguage\":\"fr-FR\",\"@id\":\"https:\\\/\\\/klimaatcoalitie-coalitionclimat.be\\\/fr\\\/event\\\/rise-for-climate-belgium-6-09-2026-marche-pour-nos-droits-sociaux-et-environnementaux\\\/#primaryimage\",\"url\":\"https:\\\/\\\/klimaatcoalitie-coalitionclimat.be\\\/wp-content\\\/uploads\\\/2026\\\/09\\\/img-1667.jpeg\",\"contentUrl\":\"https:\\\/\\\/klimaatcoalitie-coalitionclimat.be\\\/wp-content\\\/uploads\\\/2026\\\/09\\\/img-1667.jpeg\",\"width\":1357,\"height\":1920},{\"@type\":\"BreadcrumbList\",\"@id\":\"https:\\\/\\\/klimaatcoalitie-coalitionclimat.be\\\/fr\\\/event\\\/rise-for-climate-belgium-6-09-2026-marche-pour-nos-droits-sociaux-et-environnementaux\\\/#breadcrumb\",\"itemListElement\":[{\"@type\":\"ListItem\",\"position\":1,\"name\":\"Accueil\",\"item\":\"https:\\\/\\\/klimaatcoalitie-coalitionclimat.be\\\/fr\\\/\"},{\"@type\":\"ListItem\",\"position\":2,\"name\":\"\u00c9v\u00e8nements\",\"item\":\"https:\\\/\\\/klimaatcoalitie-coalitionclimat.be\\\/fr\\\/events\\\/\"},{\"@type\":\"ListItem\",\"position\":3,\"name\":\"Rise For Climate Belgium 6\\\/09\\\/2026 : Marche pour nos droits sociaux et environnementaux\"}]},{\"@type\":\"WebSite\",\"@id\":\"https:\\\/\\\/klimaatcoalitie-coalitionclimat.be\\\/fr\\\/#website\",\"url\":\"https:\\\/\\\/klimaatcoalitie-coalitionclimat.be\\\/fr\\\/\",\"name\":\"Coalition Climat\",\"description\":\"Verenigt, versterkt en mobiliseert iedereen in Belgi&euml; die ijvert voor een leefbaar klimaat.\",\"publisher\":{\"@id\":\"https:\\\/\\\/klimaatcoalitie-coalitionclimat.be\\\/fr\\\/#organization\"},\"potentialAction\":[{\"@type\":\"SearchAction\",\"target\":{\"@type\":\"EntryPoint\",\"urlTemplate\":\"https:\\\/\\\/klimaatcoalitie-coalitionclimat.be\\\/fr\\\/?s={search_term_string}\"},\"query-input\":{\"@type\":\"PropertyValueSpecification\",\"valueRequired\":true,\"valueName\":\"search_term_string\"}}],\"inLanguage\":\"fr-FR\"},{\"@type\":\"Organization\",\"@id\":\"https:\\\/\\\/klimaatcoalitie-coalitionclimat.be\\\/fr\\\/#organization\",\"name\":\"Coalition Climat\",\"url\":\"https:\\\/\\\/klimaatcoalitie-coalitionclimat.be\\\/fr\\\/\",\"logo\":{\"@type\":\"ImageObject\",\"inLanguage\":\"fr-FR\",\"@id\":\"https:\\\/\\\/klimaatcoalitie-coalitionclimat.be\\\/fr\\\/#\\\/schema\\\/logo\\\/image\\\/\",\"url\":\"https:\\\/\\\/klimaatcoalitie-coalitionclimat.be\\\/wp-content\\\/uploads\\\/2023\\\/07\\\/logo-sticker-full.svg\",\"contentUrl\":\"https:\\\/\\\/klimaatcoalitie-coalitionclimat.be\\\/wp-content\\\/uploads\\\/2023\\\/07\\\/logo-sticker-full.svg\",\"width\":297,\"height\":98,\"caption\":\"Coalition Climat\"},\"image\":{\"@id\":\"https:\\\/\\\/klimaatcoalitie-coalitionclimat.be\\\/fr\\\/#\\\/schema\\\/logo\\\/image\\\/\"}}]}<\/script>\n<!-- \/ Yoast SEO plugin. -->","yoast_head_json":{"title":"Rise For Climate Belgium 6\/09\/2026 : Marche pour nos droits sociaux et environnementaux - Coalition Climat","robots":{"index":"index","follow":"follow","max-snippet":"max-snippet:-1","max-image-preview":"max-image-preview:large","max-video-preview":"max-video-preview:-1"},"canonical":"https:\/\/klimaatcoalitie-coalitionclimat.be\/fr\/event\/rise-for-climate-belgium-6-09-2026-marche-pour-nos-droits-sociaux-et-environnementaux\/","og_locale":"fr_FR","og_type":"article","og_title":"Rise For Climate Belgium 6\/09\/2026 : Marche pour nos droits sociaux et environnementaux - Coalition Climat","og_description":"Rise For Climate rises for Convergence! Dimanche 6 septembre 14h place Albertine \u00e0 Bruxelles- Ville Rassemblement citoyen et l\u00e9gal pour le climat et pour les droits sociaux des artistes, des [&hellip;]","og_url":"https:\/\/klimaatcoalitie-coalitionclimat.be\/fr\/event\/rise-for-climate-belgium-6-09-2026-marche-pour-nos-droits-sociaux-et-environnementaux\/","og_site_name":"Coalition Climat","article_modified_time":"2026-09-02T09:57:17+00:00","og_image":[{"width":1357,"height":1920,"url":"https:\/\/klimaatcoalitie-coalitionclimat.be\/wp-content\/uploads\/2026\/09\/img-1667.jpeg","type":"image\/jpeg"}],"twitter_card":"summary_large_image","twitter_misc":{"Dur\u00e9e de lecture estim\u00e9e":"2 minutes"},"schema":{"@context":"https:\/\/schema.org","@graph":[{"@type":"WebPage","@id":"https:\/\/klimaatcoalitie-coalitionclimat.be\/fr\/event\/rise-for-climate-belgium-6-09-2026-marche-pour-nos-droits-sociaux-et-environnementaux\/","url":"https:\/\/klimaatcoalitie-coalitionclimat.be\/fr\/event\/rise-for-climate-belgium-6-09-2026-marche-pour-nos-droits-sociaux-et-environnementaux\/","name":"Rise For Climate Belgium 6\/09\/2026 : Marche pour nos droits sociaux et environnementaux - Coalition Climat","isPartOf":{"@id":"https:\/\/klimaatcoalitie-coalitionclimat.be\/fr\/#website"},"primaryImageOfPage":{"@id":"https:\/\/klimaatcoalitie-coalitionclimat.be\/fr\/event\/rise-for-climate-belgium-6-09-2026-marche-pour-nos-droits-sociaux-et-environnementaux\/#primaryimage"},"image":{"@id":"https:\/\/klimaatcoalitie-coalitionclimat.be\/fr\/event\/rise-for-climate-belgium-6-09-2026-marche-pour-nos-droits-sociaux-et-environnementaux\/#primaryimage"},"thumbnailUrl":"https:\/\/klimaatcoalitie-coalitionclimat.be\/wp-content\/uploads\/2026\/09\/img-1667.jpeg","datePublished":"2026-09-02T09:57:15+00:00","dateModified":"2026-09-02T09:57:17+00:00","breadcrumb":{"@id":"https:\/\/klimaatcoalitie-coalitionclimat.be\/fr\/event\/rise-for-climate-belgium-6-09-2026-marche-pour-nos-droits-sociaux-et-environnementaux\/#breadcrumb"},"inLanguage":"fr-FR","potentialAction":[{"@type":"ReadAction","target":["https:\/\/klimaatcoalitie-coalitionclimat.be\/fr\/event\/rise-for-climate-belgium-6-09-2026-marche-pour-nos-droits-sociaux-et-environnementaux\/"]}]},{"@type":"ImageObject","inLanguage":"fr-FR","@id":"https:\/\/klimaatcoalitie-coalitionclimat.be\/fr\/event\/rise-for-climate-belgium-6-09-2026-marche-pour-nos-droits-sociaux-et-environnementaux\/#primaryimage","url":"https:\/\/klimaatcoalitie-coalitionclimat.be\/wp-content\/uploads\/2026\/09\/img-1667.jpeg","contentUrl":"https:\/\/klimaatcoalitie-coalitionclimat.be\/wp-content\/uploads\/2026\/09\/img-1667.jpeg","width":1357,"height":1920},{"@type":"BreadcrumbList","@id":"https:\/\/klimaatcoalitie-coalitionclimat.be\/fr\/event\/rise-for-climate-belgium-6-09-2026-marche-pour-nos-droits-sociaux-et-environnementaux\/#breadcrumb","itemListElement":[{"@type":"ListItem","position":1,"name":"Accueil","item":"https:\/\/klimaatcoalitie-coalitionclimat.be\/fr\/"},{"@type":"ListItem","position":2,"name":"\u00c9v\u00e8nements","item":"https:\/\/klimaatcoalitie-coalitionclimat.be\/fr\/events\/"},{"@type":"ListItem","position":3,"name":"Rise For Climate Belgium 6\/09\/2026 : Marche pour nos droits sociaux et environnementaux"}]},{"@type":"WebSite","@id":"https:\/\/klimaatcoalitie-coalitionclimat.be\/fr\/#website","url":"https:\/\/klimaatcoalitie-coalitionclimat.be\/fr\/","name":"Coalition Climat","description":"Verenigt, versterkt en mobiliseert iedereen in Belgi&euml; die ijvert voor een leefbaar klimaat.","publisher":{"@id":"https:\/\/klimaatcoalitie-coalitionclimat.be\/fr\/#organization"},"potentialAction":[{"@type":"SearchAction","target":{"@type":"EntryPoint","urlTemplate":"https:\/\/klimaatcoalitie-coalitionclimat.be\/fr\/?s={search_term_string}"},"query-input":{"@type":"PropertyValueSpecification","valueRequired":true,"valueName":"search_term_string"}}],"inLanguage":"fr-FR"},{"@type":"Organization","@id":"https:\/\/klimaatcoalitie-coalitionclimat.be\/fr\/#organization","name":"Coalition Climat","url":"https:\/\/klimaatcoalitie-coalitionclimat.be\/fr\/","logo":{"@type":"ImageObject","inLanguage":"fr-FR","@id":"https:\/\/klimaatcoalitie-coalitionclimat.be\/fr\/#\/schema\/logo\/image\/","url":"https:\/\/klimaatcoalitie-coalitionclimat.be\/wp-content\/uploads\/2023\/07\/logo-sticker-full.svg","contentUrl":"https:\/\/klimaatcoalitie-coalitionclimat.be\/wp-content\/uploads\/2023\/07\/logo-sticker-full.svg","width":297,"height":98,"caption":"Coalition Climat"},"image":{"@id":"https:\/\/klimaatcoalitie-coalitionclimat.be\/fr\/#\/schema\/logo\/image\/"}}]}},"_links":{"self":[{"href":"https:\/\/klimaatcoalitie-coalitionclimat.be\/fr\/wp-json\/wp\/v2\/tribe_events\/13433","targetHints":{"allow":["GET"]}}],"collection":[{"href":"https:\/\/klimaatcoalitie-coalitionclimat.be\/fr\/wp-json\/wp\/v2\/tribe_events"}],"about":[{"href":"https:\/\/klimaatcoalitie-coalitionclimat.be\/fr\/wp-json\/wp\/v2\/types\/tribe_events"}],"author":[{"embeddable":true,"href":"https:\/\/klimaatcoalitie-coalitionclimat.be\/fr\/wp-json\/wp\/v2\/users\/146"}],"version-history":[{"count":5,"href":"https:\/\/klimaatcoalitie-coalitionclimat.be\/fr\/wp-json\/wp\/v2\/tribe_events\/13433\/revisions"}],"predecessor-version":[{"id":13439,"href":"https:\/\/klimaatcoalitie-coalitionclimat.be\/fr\/wp-json\/wp\/v2\/tribe_events\/13433\/revisions\/13439"}],"wp:featuredmedia":[{"embeddable":true,"href":"https:\/\/klimaatcoalitie-coalitionclimat.be\/fr\/wp-json\/wp\/v2\/media\/13434"}],"wp:attachment":[{"href":"https:\/\/klimaatcoalitie-coalitionclimat.be\/fr\/wp-json\/wp\/v2\/media?parent=13433"}],"wp:term":[{"taxonomy":"post_tag","embeddable":true,"href":"https:\/\/klimaatcoalitie-coalitionclimat.be\/fr\/wp-json\/wp\/v2\/tags?post=13433"},{"taxonomy":"tribe_events_cat","embeddable":true,"href":"https:\/\/klimaatcoalitie-coalitionclimat.be\/fr\/wp-json\/wp\/v2\/tribe_events_cat?post=13433"}],"curies":[{"name":"wp","href":"https:\/\/api.w.org\/{rel}","templated":true}]}}