{"id":13429,"date":"2026-09-02T11:01:09","date_gmt":"2026-09-02T09:01:09","guid":{"rendered":"https:\/\/klimaatcoalitie-coalitionclimat.be\/?post_type=tribe_events&#038;p=13429"},"modified":"2026-09-02T11:01:12","modified_gmt":"2026-09-02T09:01:12","slug":"amnesty-international-fr-signez-la-petition-exigez-un-plan-de-sortie-des-energies-fossiles-en-belgique","status":"publish","type":"tribe_events","link":"https:\/\/klimaatcoalitie-coalitionclimat.be\/fr\/event\/amnesty-international-fr-signez-la-petition-exigez-un-plan-de-sortie-des-energies-fossiles-en-belgique\/","title":{"rendered":"Amnesty International &#8211; FR &#8211; Signez la p\u00e9tition: Exigez un plan de sortie des \u00e9nergies fossiles en Belgique"},"content":{"rendered":"<div  class=\"tribe-events-schedule tribe-clearfix\" >\n\t<p class=\"tribe-events-schedule__datetime\">\n\t\t<span class=\"tribe-events-schedule__date tribe-events-schedule__date--start\">\n\t\t\t2 septembre\t\t<\/span>\n\n\t\t\t\t\t<span class=\"tribe-events-schedule__separator tribe-events-schedule__separator--date\">\n\t\t\t\t \u279c \t\t\t<\/span>\n\t\t\t<span class=\"tribe-events-schedule__time tribe-events-schedule__time--start\">\n\t\t\t\t08:00\t\t\t<\/span>\n\t\t\n\t\t\t\t\t\t\t\t\t<span class=\"tribe-events-schedule__separator tribe-events-schedule__separator--time\">\n\t\t\t\t\t &#8211; \t\t\t\t<\/span>\n\t\t\t\n\t\t\t\t\t\t\t<span class=\"tribe-events-schedule__date tribe-events-schedule__date--end\">\n\t\t\t\t\t4 novembre\t\t\t\t<\/span>\n\n\t\t\t\t\t\t\t\t\t<span class=\"tribe-events-schedule__separator tribe-events-schedule__separator--date\">\n\t\t\t\t\t\t \u279c \t\t\t\t\t<\/span>\n\t\t\t\t\t<span class=\"tribe-events-schedule__time tribe-events-schedule__time--end\">\n\t\t\t\t\t\t17:00\t\t\t\t\t<\/span>\n\t\t\t\t\n\t\t\t\n\t\t\t\t\t\t<\/p>\n<\/div>\n\n\n\n<h1 id=\"exigez-un-plan-de-sortie-des-energies-fossiles-en-belgique\" class=\"wp-block-heading\">Exigez un plan de sortie des \u00e9nergies fossiles en Belgique<\/h1>\n\n\n\n<p class=\"wp-block-paragraph\"><em>La crise climatique s\u2019aggrave en Belgique et dans le monde entier et nos droits humains sont directement touch\u00e9s. Alors que nous avons d\u00e9pass\u00e9 la limite de 1,5 \u00baC en 2024, il est urgent de s\u2019engager pleinement dans une transition juste et \u00e9quitable vers une soci\u00e9t\u00e9 d\u00e9carbon\u00e9e qui garantit nos droits. Lors de la COP30, la Belgique a r\u00e9it\u00e9r\u00e9 sa position en faveur de la sortie des \u00e9nergies fossiles, qu\u2019elle avait d\u00e9j\u00e0 prise \u00e0 la COP28 de Duba\u00ef. Demandez aux autorit\u00e9s belges de maintenir cette position ambitieuse et de la retranscrire par des mesures concr\u00e8tes.<\/em><\/p>\n\n\n\n<h2 id=\"les-energies-fossiles-brulent-nos-droits\" class=\"wp-block-heading\">Les \u00e9nergies fossiles br\u00fblent nos droits<\/h2>\n\n\n\n<p class=\"wp-block-paragraph\">Le charbon, le gaz et le p\u00e9trole sont la principale cause du r\u00e9chauffement climatique et g\u00e9n\u00e8rent plus de 70&nbsp;% des \u00e9missions mondiales de gaz \u00e0 effet de serre. Les scientifiques le disent clairement, pour garder des conditions de vie dignes et viables sur Terre, il faut mettre un terme \u00e0 notre d\u00e9pendance aux \u00e9nergies fossiles au plus vite. Malgr\u00e9 l\u2019urgence, l\u2019industrie des \u00e9nergies fossiles continue de se d\u00e9velopper, g\u00e9n\u00e9rant toujours plus de profits au d\u00e9triment des droits humains et de l\u2019environnement.<\/p>\n\n\n\n<p class=\"wp-block-paragraph\">En plus de faire augmenter la temp\u00e9rature moyenne sur Terre, tout le cycle de vie des projets li\u00e9s aux \u00e9nergies fossiles entra\u00eene des d\u00e9gradations irr\u00e9versibles de notre environnement et menace gravement les droits fondamentaux, dont le droit \u00e0 la vie, \u00e0 la sant\u00e9, \u00e0 un environnement sain et \u00e0 un niveau de vie suffisant.<\/p>\n\n\n\n<h2 id=\"les-populations-sont-menacees-et-des-ecosystemes-critiques-sont-en-danger\" class=\"wp-block-heading\">Les populations sont menac\u00e9es et des \u00e9cosyst\u00e8mes critiques sont en danger<\/h2>\n\n\n\n<p class=\"wp-block-paragraph\">Dans le monde, au moins deux milliards de personnes, soit un quart de la population mondiale, sont directement menac\u00e9es par l\u2019utilisation des \u00e9nergies fossiles. Les infrastructures li\u00e9es aux \u00e9nergies fossiles contaminent l\u2019eau, les sols et l\u2019atmosph\u00e8re. Ces populations attenantes vivant dans ces \u201czones sacrifi\u00e9es\u201d sont expos\u00e9es \u00e0 la pollution ainsi qu\u2019\u00e0 des risques graves sur leur sant\u00e9&nbsp;: augmentation des cancers, maladies respiratoires et cardiovasculaires et exposition quotidienne \u00e0 un air toxique. De nombreuses communaut\u00e9s, dont les peuples autochtones, sont victimes de d\u00e9placements forc\u00e9s et de la perte de terres ancestrales, tandis que celles et ceux qui luttent contre ces infrastructures sont intimid\u00e9\u00b7es, violent\u00e9\u00b7es et criminalis\u00e9\u00b7es.<\/p>\n\n\n\n<p class=\"wp-block-paragraph\">Dans le m\u00eame temps, les projets li\u00e9s aux \u00e9nergies fossiles entra\u00eenent des d\u00e9gradations irr\u00e9versibles de notre environnement. Pr\u00e8s d\u2019un tiers des infrastructures fossiles dans le monde se trouvent au c\u0153ur d\u2019\u00e9cosyst\u00e8mes irrempla\u00e7ables. Ces zones sont gravement menac\u00e9es alors que nous en d\u00e9pendons toutes et tous.<\/p>\n\n\n\n<h2 id=\"la-belgique-a-une-responsabilite-historique\" class=\"wp-block-heading\">La Belgique a une responsabilit\u00e9 historique<\/h2>\n\n\n\n<p class=\"wp-block-paragraph\">En tant que pays riche et pollueur historique, la Belgique doit assumer ses responsabilit\u00e9s. Lors de la COP30, elle s\u2019est positionn\u00e9e aux c\u00f4t\u00e9s d\u2019autres pays en faveur d\u2019un plan de sortie des \u00e9nergies fossiles. C\u2019est un pas dans la bonne direction mais nous devons aller plus loin. Notre pays reste d\u00e9pendant \u00e0 73% des \u00e9nergies fossiles pour son approvisionnement \u00e9nerg\u00e9tique et finance encore largement cette industrie destructrice, \u00e0 hauteur de 17,8 milliards d\u2019euros de subventions par an. Ces subventions devraient \u00eatre redirig\u00e9es vers le renouvelable mais aussi soutenir les mesures de diminution de la consommation \u00e9nerg\u00e9tique comme, entre autres, la r\u00e9novation et l\u2019isolation des maisons et b\u00e2timents.<\/p>\n\n\n\n<p class=\"wp-block-paragraph\">Pour s\u2019engager r\u00e9ellement dans cette direction ambitieuse, la Belgique doit l\u2019accompagner de mesures concr\u00e8tes, notamment en arr\u00eatant de soutenir le secteur des \u00e9nergies fossiles qui alimente la crise climatique et viole les droits humains.<\/p>\n\n\n\n<h2 id=\"un-nouveau-traite-pour-ancrer-la-sortie-des-energies-fossiles\" class=\"wp-block-heading\">Un nouveau trait\u00e9 pour ancrer la sortie des \u00e9nergies fossiles<\/h2>\n\n\n\n<p class=\"wp-block-paragraph\">Il est d\u00e9sormais imp\u00e9ratif que les \u00c9tats et les entreprises sortent des \u00e9nergies fossiles afin d\u2019att\u00e9nuer les pires impacts de la crise climatique sur les droits humains. Pour cela, les \u00c9tats du monde entier doivent s\u2019associer \u00e0 l\u2019appel en faveur de l\u2019adoption et de la mise en \u0153uvre d\u2019un trait\u00e9 pour la non-prolif\u00e9ration des combustibles fossiles. Ce trait\u00e9 vise \u00e0 interdire l\u2019ouverture de nouveaux projets d\u2019\u00e9nergies fossiles, \u00e0 planifier la sortie progressive de la production de ces \u00e9nergies et \u00e0 garantir une transition juste et \u00e9quitable, fond\u00e9e sur la protection des droits humains et de l\u2019environnement. La Belgique peut jouer un r\u00f4le d\u00e9terminant en soutenant activement cette initiative&nbsp;!<\/p>\n\n\n\n<p class=\"wp-block-paragraph\"><strong><a href=\"https:\/\/www.amnesty.be\/veux-agir\/agir-ligne\/petitions\/energies-fossiles\" data-type=\"link\" data-id=\"https:\/\/www.amnesty.be\/veux-agir\/agir-ligne\/petitions\/energies-fossiles\">Signez la p\u00e9tition<\/a> et exigez des autorit\u00e9s belges qu\u2019elles adoptent un plan clair et ambitieux de sortie des \u00e9nergies fossiles, pour assurer une transition juste dans le respect des droits humains. Parall\u00e8lement, elles doivent rediriger les subventions vers les \u00e9nergies renouvelables et soutenir l\u2019adoption d\u2019un trait\u00e9 de non-prolif\u00e9ration des \u00e9nergies fossiles.<\/strong><br><\/p>\n\n\n\n<h2 id=\"petition-httpswwwamnestybeveuxagiragirlignepetitionsenergiesfossiles\" class=\"wp-block-heading\">Petition: <a href=\"https:\/\/www.amnesty.be\/veux-agir\/agir-ligne\/petitions\/energies-fossiles\">https:\/\/www.amnesty.be\/veux-agir\/agir-ligne\/petitions\/energies-fossiles<\/a><\/h2>\n\n\n<div  class=\"tribe-block tribe-block__organizer__details tribe-clearfix\" >\n\t<div class=\"tribe-block__organizer__title\">\n\t\t<h3>Amnesty International Belgique Francophone<\/h3>\n\t<\/div>\n\t\t\t<p class=\"tribe-block__organizer__phone\">+32 489 03 46 18<\/p>\n\t\t\t\t\t<p class=\"tribe-block__organizer__email\">&#099;&#109;&#101;&#114;&#116;e&#110;&#115;&#064;a&#109;n&#101;&#115;&#116;&#121;.b&#101;<\/p>\n\t<\/div>\n\n\n\n<p class=\"wp-block-paragraph\">Contact: <\/p>\n\n\n\n\n<div  class=\"tribe-block tribe-block__event-price\" >\n\t\t<\/div>\n\n\n\n\n<div  class=\"tribe-block tribe-block__venue tribe-clearfix\" >\n\t\n\t\t\n\t<\/div>\n\n\n\n<p class=\"wp-block-paragraph\"><\/p>\n\n\n\t<div  class=\"tribe-block tribe-block__events-link\" >\n\t\t<div class=\"tribe-events tribe-common\">\n\t\t\t<div class=\"tribe-events-c-subscribe-dropdown__container\">\n\t\t\t\t<div class=\"tribe-events-c-subscribe-dropdown\">\n\t\t\t\t\t<div class=\"tribe-common-c-btn-border tribe-events-c-subscribe-dropdown__button\">\n\t\t\t\t\t\t<svg\n\t class=\"tribe-common-c-svgicon tribe-common-c-svgicon--cal-export tribe-events-c-subscribe-dropdown__export-icon\" \taria-hidden=\"true\"\n\tviewBox=\"0 0 23 17\"\n\txmlns=\"http:\/\/www.w3.org\/2000\/svg\"\n>\n\t<path fill-rule=\"evenodd\" clip-rule=\"evenodd\" d=\"M.128.896V16.13c0 .211.145.383.323.383h15.354c.179 0 .323-.172.323-.383V.896c0-.212-.144-.383-.323-.383H.451C.273.513.128.684.128.896Zm16 6.742h-.901V4.679H1.009v10.729h14.218v-3.336h.901V7.638ZM1.01 1.614h14.218v2.058H1.009V1.614Z\" \/>\n\t<path d=\"M20.5 9.846H8.312M18.524 6.953l2.89 2.909-2.855 2.855\" stroke-width=\"1.2\" stroke-linecap=\"round\" stroke-linejoin=\"round\"\/>\n<\/svg>\n\t\t\t\t\t\t<button\n\t\t\t\t\t\t\tclass=\"tribe-events-c-subscribe-dropdown__button-text\"\n\t\t\t\t\t\t\taria-expanded=\"false\"\n\t\t\t\t\t\t\taria-controls=\"tribe-events-subscribe-dropdown-content\"\n\t\t\t\t\t\t\taria-label=\"Afficher les liens permettant d\u2019ajouter des \u00e9v\u00e8nements \u00e0 votre calendrier\"\n\t\t\t\t\t\t>\n\t\t\t\t\t\t\tAjouter au calendrier\t\t\t\t\t\t<\/button>\n\t\t\t\t\t\t<svg\n\t class=\"tribe-common-c-svgicon tribe-common-c-svgicon--caret-down tribe-events-c-subscribe-dropdown__button-icon\" \taria-hidden=\"true\"\n\tviewBox=\"0 0 10 7\"\n\txmlns=\"http:\/\/www.w3.org\/2000\/svg\"\n>\n\t<path fill-rule=\"evenodd\" clip-rule=\"evenodd\" d=\"M1.008.609L5 4.6 8.992.61l.958.958L5 6.517.05 1.566l.958-.958z\" class=\"tribe-common-c-svgicon__svg-fill\"\/>\n<\/svg>\n\t\t\t\t\t<\/div>\n\t\t\t\t\t<div id=\"tribe-events-subscribe-dropdown-content\" class=\"tribe-events-c-subscribe-dropdown__content\">\n\t\t\t\t\t\t<ul class=\"tribe-events-c-subscribe-dropdown__list\">\n\t\t\t\t\t\t\t\t\t\t\t\t\t\t\t<li class=\"tribe-events-c-subscribe-dropdown__list-item tribe-events-c-subscribe-dropdown__list-item--gcal\">\n\t\t\t\t\t\t\t\t\t<a\n\t\t\t\t\t\t\t\t\t\thref=\"https:\/\/www.google.com\/calendar\/event?action=TEMPLATE&#038;dates=20260902T080000\/20261104T170000&#038;text=Amnesty%20International%20%26%238211%3B%20FR%20%26%238211%3B%20Signez%20la%20p%C3%A9tition%3A%20Exigez%20un%20plan%20de%20sortie%20des%20%C3%A9nergies%20fossiles%20en%20Belgique&#038;details=%3Ch1+class%3D%22wp-block-heading%22%3EExigez+un+plan+de+sortie+des+%C3%A9nergies+fossiles+en+Belgique%3C%2Fh1%3E%3Cp%3E%3Cem%3ELa+crise+climatique+s%E2%80%99aggrave+en+Belgique+et+dans+le+monde+entier+et+nos+droits+humains+sont+directement+touch%C3%A9s.+Alors+que+nous+avons+d%C3%A9pass%C3%A9+la+limite+de+1%2C5+%C2%BAC+en+2024%2C+il+est+urgent+de+s%E2%80%99engager+pleinement+dans+une+transition+juste+et+%C3%A9quitable+vers+une+soci%C3%A9t%C3%A9+d%C3%A9carbon%C3%A9e+qui+garantit+nos+droits.+Lors+de+la+COP30%2C+la+Belgique+a+r%C3%A9it%C3%A9r%C3%A9+sa+position+en+faveur+de+la+sortie+des+%C3%A9nergies+fossiles%2C+qu%E2%80%99elle+avait+d%C3%A9j%C3%A0+prise+%C3%A0+la+COP28+de+Duba%C3%AF.+Demandez+aux+autorit%C3%A9s+belges+de+maintenir+cette+position+ambitieuse+et+de+la+retranscrire+par+des+mesures+concr%C3%A8tes.%3C%2Fem%3E%3C%2Fp%3E+%3Ch2+class%3D%22wp-block-heading%22%3ELes+%C3%A9nergies+fossiles+br%C3%BBlent+nos+droits%3C%2Fh2%3E%3Cp%3ELe+charbon%2C+le+gaz+et+le+p%C3%A9trole+sont+la+principale+cause+du+r%C3%A9chauffement+climatique+et+g%C3%A9n%C3%A8rent+plus+de+70%26nbsp%3B%25+des+%C3%A9missions+mondiales+de+gaz+%C3%A0+effet+de+serre.+Les+scientifiques+le+disent+clair%3C%2Fp%3E%28Voir+toute+la+description+de+%C3%A9v%C3%A8nement+ici%C2%A0%3A+https%3A%2F%2Fklimaatcoalitie-coalitionclimat.be%2Ffr%2Fevent%2Famnesty-international-fr-signez-la-petition-exigez-un-plan-de-sortie-des-energies-fossiles-en-belgique%2F%29&#038;trp=false&#038;ctz=Europe\/Paris&#038;sprop=website:https:\/\/klimaatcoalitie-coalitionclimat.be\/fr\/\"\n\t\t\t\t\t\t\t\t\t\tclass=\"tribe-events-c-subscribe-dropdown__list-item-link\"\n\t\t\t\t\t\t\t\t\t\ttarget=\"_blank\"\n\t\t\t\t\t\t\t\t\t\trel=\"noopener noreferrer nofollow noindex\"\n\t\t\t\t\t\t\t\t\t>\n\t\t\t\t\t\t\t\t\t\tGoogle Agenda\t\t\t\t\t\t\t\t\t<\/a>\n\t\t\t\t\t\t\t\t<\/li>\n\t\t\t\t\t\t\t\t\t\t\t\t\t\t\t<li class=\"tribe-events-c-subscribe-dropdown__list-item tribe-events-c-subscribe-dropdown__list-item--ical\">\n\t\t\t\t\t\t\t\t\t<a\n\t\t\t\t\t\t\t\t\t\thref=\"\"\n\t\t\t\t\t\t\t\t\t\tclass=\"tribe-events-c-subscribe-dropdown__list-item-link\"\n\t\t\t\t\t\t\t\t\t\ttarget=\"_blank\"\n\t\t\t\t\t\t\t\t\t\trel=\"noopener noreferrer nofollow noindex\"\n\t\t\t\t\t\t\t\t\t>\n\t\t\t\t\t\t\t\t\t\tiCalendar\t\t\t\t\t\t\t\t\t<\/a>\n\t\t\t\t\t\t\t\t<\/li>\n\t\t\t\t\t\t\t\t\t\t\t\t\t\t\t<li class=\"tribe-events-c-subscribe-dropdown__list-item tribe-events-c-subscribe-dropdown__list-item--outlook-365\">\n\t\t\t\t\t\t\t\t\t<a\n\t\t\t\t\t\t\t\t\t\thref=\"\"\n\t\t\t\t\t\t\t\t\t\tclass=\"tribe-events-c-subscribe-dropdown__list-item-link\"\n\t\t\t\t\t\t\t\t\t\ttarget=\"_blank\"\n\t\t\t\t\t\t\t\t\t\trel=\"noopener noreferrer nofollow noindex\"\n\t\t\t\t\t\t\t\t\t>\n\t\t\t\t\t\t\t\t\t\tOutlook 365\t\t\t\t\t\t\t\t\t<\/a>\n\t\t\t\t\t\t\t\t<\/li>\n\t\t\t\t\t\t\t\t\t\t\t\t\t\t\t<li class=\"tribe-events-c-subscribe-dropdown__list-item tribe-events-c-subscribe-dropdown__list-item--outlook-live\">\n\t\t\t\t\t\t\t\t\t<a\n\t\t\t\t\t\t\t\t\t\thref=\"\"\n\t\t\t\t\t\t\t\t\t\tclass=\"tribe-events-c-subscribe-dropdown__list-item-link\"\n\t\t\t\t\t\t\t\t\t\ttarget=\"_blank\"\n\t\t\t\t\t\t\t\t\t\trel=\"noopener noreferrer nofollow noindex\"\n\t\t\t\t\t\t\t\t\t>\n\t\t\t\t\t\t\t\t\t\tOutlook Live\t\t\t\t\t\t\t\t\t<\/a>\n\t\t\t\t\t\t\t\t<\/li>\n\t\t\t\t\t\t\t\t\t\t\t\t\t<\/ul>\n\t\t\t\t\t<\/div>\n\t\t\t\t<\/div>\n\t\t\t<\/div>\n\t\t<\/div>\n\t<\/div>\n\n\n\n\n<p class=\"wp-block-paragraph\"><\/p>\n","protected":false},"excerpt":{"rendered":"<p>Exigez un plan de sortie des \u00e9nergies fossiles en Belgique La crise climatique s\u2019aggrave en Belgique et dans le monde entier et nos droits humains sont directement touch\u00e9s. Alors que [&hellip;]<\/p>\n","protected":false},"author":146,"featured_media":13422,"template":"","meta":{"_acf_changed":false,"_EventAllDay":false,"_EventTimezone":"Europe\/Paris","_EventStartDate":"2026-09-02 08:00:00","_EventEndDate":"2026-11-04 17:00:00","_EventStartDateUTC":"2026-09-02 06:00:00","_EventEndDateUTC":"2026-11-04 16:00:00","_EventShowMap":false,"_EventShowMapLink":false,"_EventURL":"https:\/\/www.amnesty.be\/veux-agir\/agir-ligne\/petitions\/energies-fossiles","_EventCost":"","_EventCostDescription":"","_EventCurrencySymbol":"\u20ac","_EventCurrencyCode":"EUR","_EventCurrencyPosition":"suffix","_EventDateTimeSeparator":" \u279c ","_EventTimeRangeSeparator":" - ","_EventOrganizerID":[],"_EventVenueID":[],"_OrganizerEmail":"","_OrganizerPhone":"","_OrganizerWebsite":"","_VenueAddress":"","_VenueCity":"","_VenueCountry":"","_VenueProvince":"","_VenueState":"","_VenueZip":"","_VenuePhone":"","_VenueURL":"","_VenueStateProvince":"","_VenueLat":"","_VenueLng":"","_VenueShowMap":false,"_VenueShowMapLink":false,"_tribe_events_status":"","_tribe_events_status_reason":"","footnotes":""},"tags":[503,498],"tribe_events_cat":[63,235,504],"class_list":["post-13429","tribe_events","type-tribe_events","status-publish","has-post-thumbnail","hentry","tag-klimaatplan","tag-minister-crucke","tribe_events_cat-actions-fr","tribe_events_cat-mobilisations","tribe_events_cat-petition","cat_actions-fr","cat_mobilisations","cat_petition"],"acf":[],"yoast_head":"<!-- This site is optimized with the Yoast SEO plugin v28.4 - https:\/\/yoast.com\/product\/yoast-seo-wordpress\/ -->\n<title>Amnesty International - FR - Signez la p\u00e9tition: Exigez un plan de sortie des \u00e9nergies fossiles en Belgique - Coalition Climat<\/title>\n<meta name=\"robots\" content=\"index, follow, max-snippet:-1, max-image-preview:large, max-video-preview:-1\" \/>\n<link rel=\"canonical\" href=\"https:\/\/klimaatcoalitie-coalitionclimat.be\/fr\/event\/amnesty-international-fr-signez-la-petition-exigez-un-plan-de-sortie-des-energies-fossiles-en-belgique\/\" \/>\n<meta property=\"og:locale\" content=\"fr_FR\" \/>\n<meta property=\"og:type\" content=\"article\" \/>\n<meta property=\"og:title\" content=\"Amnesty International - FR - Signez la p\u00e9tition: Exigez un plan de sortie des \u00e9nergies fossiles en Belgique - Coalition Climat\" \/>\n<meta property=\"og:description\" content=\"Exigez un plan de sortie des \u00e9nergies fossiles en Belgique La crise climatique s\u2019aggrave en Belgique et dans le monde entier et nos droits humains sont directement touch\u00e9s. Alors que [&hellip;]\" \/>\n<meta property=\"og:url\" content=\"https:\/\/klimaatcoalitie-coalitionclimat.be\/fr\/event\/amnesty-international-fr-signez-la-petition-exigez-un-plan-de-sortie-des-energies-fossiles-en-belgique\/\" \/>\n<meta property=\"og:site_name\" content=\"Coalition Climat\" \/>\n<meta property=\"article:modified_time\" content=\"2026-09-02T09:01:12+00:00\" \/>\n<meta property=\"og:image\" content=\"https:\/\/klimaatcoalitie-coalitionclimat.be\/wp-content\/uploads\/2026\/09\/pe-tition-fossiles.jpg\" \/>\n\t<meta property=\"og:image:width\" content=\"600\" \/>\n\t<meta property=\"og:image:height\" content=\"400\" \/>\n\t<meta property=\"og:image:type\" content=\"image\/jpeg\" \/>\n<meta name=\"twitter:card\" content=\"summary_large_image\" \/>\n<meta name=\"twitter:label1\" content=\"Dur\u00e9e de lecture estim\u00e9e\" \/>\n\t<meta name=\"twitter:data1\" content=\"4 minutes\" \/>\n<script type=\"application\/ld+json\" class=\"yoast-schema-graph\">{\"@context\":\"https:\\\/\\\/schema.org\",\"@graph\":[{\"@type\":\"WebPage\",\"@id\":\"https:\\\/\\\/klimaatcoalitie-coalitionclimat.be\\\/fr\\\/event\\\/amnesty-international-fr-signez-la-petition-exigez-un-plan-de-sortie-des-energies-fossiles-en-belgique\\\/\",\"url\":\"https:\\\/\\\/klimaatcoalitie-coalitionclimat.be\\\/fr\\\/event\\\/amnesty-international-fr-signez-la-petition-exigez-un-plan-de-sortie-des-energies-fossiles-en-belgique\\\/\",\"name\":\"Amnesty International - FR - Signez la p\u00e9tition: Exigez un plan de sortie des \u00e9nergies fossiles en Belgique - Coalition Climat\",\"isPartOf\":{\"@id\":\"https:\\\/\\\/klimaatcoalitie-coalitionclimat.be\\\/fr\\\/#website\"},\"primaryImageOfPage\":{\"@id\":\"https:\\\/\\\/klimaatcoalitie-coalitionclimat.be\\\/fr\\\/event\\\/amnesty-international-fr-signez-la-petition-exigez-un-plan-de-sortie-des-energies-fossiles-en-belgique\\\/#primaryimage\"},\"image\":{\"@id\":\"https:\\\/\\\/klimaatcoalitie-coalitionclimat.be\\\/fr\\\/event\\\/amnesty-international-fr-signez-la-petition-exigez-un-plan-de-sortie-des-energies-fossiles-en-belgique\\\/#primaryimage\"},\"thumbnailUrl\":\"https:\\\/\\\/klimaatcoalitie-coalitionclimat.be\\\/wp-content\\\/uploads\\\/2026\\\/09\\\/pe-tition-fossiles.jpg\",\"datePublished\":\"2026-09-02T09:01:09+00:00\",\"dateModified\":\"2026-09-02T09:01:12+00:00\",\"breadcrumb\":{\"@id\":\"https:\\\/\\\/klimaatcoalitie-coalitionclimat.be\\\/fr\\\/event\\\/amnesty-international-fr-signez-la-petition-exigez-un-plan-de-sortie-des-energies-fossiles-en-belgique\\\/#breadcrumb\"},\"inLanguage\":\"fr-FR\",\"potentialAction\":[{\"@type\":\"ReadAction\",\"target\":[\"https:\\\/\\\/klimaatcoalitie-coalitionclimat.be\\\/fr\\\/event\\\/amnesty-international-fr-signez-la-petition-exigez-un-plan-de-sortie-des-energies-fossiles-en-belgique\\\/\"]}]},{\"@type\":\"ImageObject\",\"inLanguage\":\"fr-FR\",\"@id\":\"https:\\\/\\\/klimaatcoalitie-coalitionclimat.be\\\/fr\\\/event\\\/amnesty-international-fr-signez-la-petition-exigez-un-plan-de-sortie-des-energies-fossiles-en-belgique\\\/#primaryimage\",\"url\":\"https:\\\/\\\/klimaatcoalitie-coalitionclimat.be\\\/wp-content\\\/uploads\\\/2026\\\/09\\\/pe-tition-fossiles.jpg\",\"contentUrl\":\"https:\\\/\\\/klimaatcoalitie-coalitionclimat.be\\\/wp-content\\\/uploads\\\/2026\\\/09\\\/pe-tition-fossiles.jpg\",\"width\":600,\"height\":400},{\"@type\":\"BreadcrumbList\",\"@id\":\"https:\\\/\\\/klimaatcoalitie-coalitionclimat.be\\\/fr\\\/event\\\/amnesty-international-fr-signez-la-petition-exigez-un-plan-de-sortie-des-energies-fossiles-en-belgique\\\/#breadcrumb\",\"itemListElement\":[{\"@type\":\"ListItem\",\"position\":1,\"name\":\"Accueil\",\"item\":\"https:\\\/\\\/klimaatcoalitie-coalitionclimat.be\\\/fr\\\/\"},{\"@type\":\"ListItem\",\"position\":2,\"name\":\"\u00c9v\u00e8nements\",\"item\":\"https:\\\/\\\/klimaatcoalitie-coalitionclimat.be\\\/fr\\\/events\\\/\"},{\"@type\":\"ListItem\",\"position\":3,\"name\":\"Amnesty International &#8211; FR &#8211; Signez la p\u00e9tition: Exigez un plan de sortie des \u00e9nergies fossiles en Belgique\"}]},{\"@type\":\"WebSite\",\"@id\":\"https:\\\/\\\/klimaatcoalitie-coalitionclimat.be\\\/fr\\\/#website\",\"url\":\"https:\\\/\\\/klimaatcoalitie-coalitionclimat.be\\\/fr\\\/\",\"name\":\"Coalition Climat\",\"description\":\"Verenigt, versterkt en mobiliseert iedereen in Belgi&euml; die ijvert voor een leefbaar klimaat.\",\"publisher\":{\"@id\":\"https:\\\/\\\/klimaatcoalitie-coalitionclimat.be\\\/fr\\\/#organization\"},\"potentialAction\":[{\"@type\":\"SearchAction\",\"target\":{\"@type\":\"EntryPoint\",\"urlTemplate\":\"https:\\\/\\\/klimaatcoalitie-coalitionclimat.be\\\/fr\\\/?s={search_term_string}\"},\"query-input\":{\"@type\":\"PropertyValueSpecification\",\"valueRequired\":true,\"valueName\":\"search_term_string\"}}],\"inLanguage\":\"fr-FR\"},{\"@type\":\"Organization\",\"@id\":\"https:\\\/\\\/klimaatcoalitie-coalitionclimat.be\\\/fr\\\/#organization\",\"name\":\"Coalition Climat\",\"url\":\"https:\\\/\\\/klimaatcoalitie-coalitionclimat.be\\\/fr\\\/\",\"logo\":{\"@type\":\"ImageObject\",\"inLanguage\":\"fr-FR\",\"@id\":\"https:\\\/\\\/klimaatcoalitie-coalitionclimat.be\\\/fr\\\/#\\\/schema\\\/logo\\\/image\\\/\",\"url\":\"https:\\\/\\\/klimaatcoalitie-coalitionclimat.be\\\/wp-content\\\/uploads\\\/2023\\\/07\\\/logo-sticker-full.svg\",\"contentUrl\":\"https:\\\/\\\/klimaatcoalitie-coalitionclimat.be\\\/wp-content\\\/uploads\\\/2023\\\/07\\\/logo-sticker-full.svg\",\"width\":297,\"height\":98,\"caption\":\"Coalition Climat\"},\"image\":{\"@id\":\"https:\\\/\\\/klimaatcoalitie-coalitionclimat.be\\\/fr\\\/#\\\/schema\\\/logo\\\/image\\\/\"}}]}<\/script>\n<!-- \/ Yoast SEO plugin. -->","yoast_head_json":{"title":"Amnesty International - FR - Signez la p\u00e9tition: Exigez un plan de sortie des \u00e9nergies fossiles en Belgique - Coalition Climat","robots":{"index":"index","follow":"follow","max-snippet":"max-snippet:-1","max-image-preview":"max-image-preview:large","max-video-preview":"max-video-preview:-1"},"canonical":"https:\/\/klimaatcoalitie-coalitionclimat.be\/fr\/event\/amnesty-international-fr-signez-la-petition-exigez-un-plan-de-sortie-des-energies-fossiles-en-belgique\/","og_locale":"fr_FR","og_type":"article","og_title":"Amnesty International - FR - Signez la p\u00e9tition: Exigez un plan de sortie des \u00e9nergies fossiles en Belgique - Coalition Climat","og_description":"Exigez un plan de sortie des \u00e9nergies fossiles en Belgique La crise climatique s\u2019aggrave en Belgique et dans le monde entier et nos droits humains sont directement touch\u00e9s. Alors que [&hellip;]","og_url":"https:\/\/klimaatcoalitie-coalitionclimat.be\/fr\/event\/amnesty-international-fr-signez-la-petition-exigez-un-plan-de-sortie-des-energies-fossiles-en-belgique\/","og_site_name":"Coalition Climat","article_modified_time":"2026-09-02T09:01:12+00:00","og_image":[{"width":600,"height":400,"url":"https:\/\/klimaatcoalitie-coalitionclimat.be\/wp-content\/uploads\/2026\/09\/pe-tition-fossiles.jpg","type":"image\/jpeg"}],"twitter_card":"summary_large_image","twitter_misc":{"Dur\u00e9e de lecture estim\u00e9e":"4 minutes"},"schema":{"@context":"https:\/\/schema.org","@graph":[{"@type":"WebPage","@id":"https:\/\/klimaatcoalitie-coalitionclimat.be\/fr\/event\/amnesty-international-fr-signez-la-petition-exigez-un-plan-de-sortie-des-energies-fossiles-en-belgique\/","url":"https:\/\/klimaatcoalitie-coalitionclimat.be\/fr\/event\/amnesty-international-fr-signez-la-petition-exigez-un-plan-de-sortie-des-energies-fossiles-en-belgique\/","name":"Amnesty International - FR - Signez la p\u00e9tition: Exigez un plan de sortie des \u00e9nergies fossiles en Belgique - Coalition Climat","isPartOf":{"@id":"https:\/\/klimaatcoalitie-coalitionclimat.be\/fr\/#website"},"primaryImageOfPage":{"@id":"https:\/\/klimaatcoalitie-coalitionclimat.be\/fr\/event\/amnesty-international-fr-signez-la-petition-exigez-un-plan-de-sortie-des-energies-fossiles-en-belgique\/#primaryimage"},"image":{"@id":"https:\/\/klimaatcoalitie-coalitionclimat.be\/fr\/event\/amnesty-international-fr-signez-la-petition-exigez-un-plan-de-sortie-des-energies-fossiles-en-belgique\/#primaryimage"},"thumbnailUrl":"https:\/\/klimaatcoalitie-coalitionclimat.be\/wp-content\/uploads\/2026\/09\/pe-tition-fossiles.jpg","datePublished":"2026-09-02T09:01:09+00:00","dateModified":"2026-09-02T09:01:12+00:00","breadcrumb":{"@id":"https:\/\/klimaatcoalitie-coalitionclimat.be\/fr\/event\/amnesty-international-fr-signez-la-petition-exigez-un-plan-de-sortie-des-energies-fossiles-en-belgique\/#breadcrumb"},"inLanguage":"fr-FR","potentialAction":[{"@type":"ReadAction","target":["https:\/\/klimaatcoalitie-coalitionclimat.be\/fr\/event\/amnesty-international-fr-signez-la-petition-exigez-un-plan-de-sortie-des-energies-fossiles-en-belgique\/"]}]},{"@type":"ImageObject","inLanguage":"fr-FR","@id":"https:\/\/klimaatcoalitie-coalitionclimat.be\/fr\/event\/amnesty-international-fr-signez-la-petition-exigez-un-plan-de-sortie-des-energies-fossiles-en-belgique\/#primaryimage","url":"https:\/\/klimaatcoalitie-coalitionclimat.be\/wp-content\/uploads\/2026\/09\/pe-tition-fossiles.jpg","contentUrl":"https:\/\/klimaatcoalitie-coalitionclimat.be\/wp-content\/uploads\/2026\/09\/pe-tition-fossiles.jpg","width":600,"height":400},{"@type":"BreadcrumbList","@id":"https:\/\/klimaatcoalitie-coalitionclimat.be\/fr\/event\/amnesty-international-fr-signez-la-petition-exigez-un-plan-de-sortie-des-energies-fossiles-en-belgique\/#breadcrumb","itemListElement":[{"@type":"ListItem","position":1,"name":"Accueil","item":"https:\/\/klimaatcoalitie-coalitionclimat.be\/fr\/"},{"@type":"ListItem","position":2,"name":"\u00c9v\u00e8nements","item":"https:\/\/klimaatcoalitie-coalitionclimat.be\/fr\/events\/"},{"@type":"ListItem","position":3,"name":"Amnesty International &#8211; FR &#8211; Signez la p\u00e9tition: Exigez un plan de sortie des \u00e9nergies fossiles en Belgique"}]},{"@type":"WebSite","@id":"https:\/\/klimaatcoalitie-coalitionclimat.be\/fr\/#website","url":"https:\/\/klimaatcoalitie-coalitionclimat.be\/fr\/","name":"Coalition Climat","description":"Verenigt, versterkt en mobiliseert iedereen in Belgi&euml; die ijvert voor een leefbaar klimaat.","publisher":{"@id":"https:\/\/klimaatcoalitie-coalitionclimat.be\/fr\/#organization"},"potentialAction":[{"@type":"SearchAction","target":{"@type":"EntryPoint","urlTemplate":"https:\/\/klimaatcoalitie-coalitionclimat.be\/fr\/?s={search_term_string}"},"query-input":{"@type":"PropertyValueSpecification","valueRequired":true,"valueName":"search_term_string"}}],"inLanguage":"fr-FR"},{"@type":"Organization","@id":"https:\/\/klimaatcoalitie-coalitionclimat.be\/fr\/#organization","name":"Coalition Climat","url":"https:\/\/klimaatcoalitie-coalitionclimat.be\/fr\/","logo":{"@type":"ImageObject","inLanguage":"fr-FR","@id":"https:\/\/klimaatcoalitie-coalitionclimat.be\/fr\/#\/schema\/logo\/image\/","url":"https:\/\/klimaatcoalitie-coalitionclimat.be\/wp-content\/uploads\/2023\/07\/logo-sticker-full.svg","contentUrl":"https:\/\/klimaatcoalitie-coalitionclimat.be\/wp-content\/uploads\/2023\/07\/logo-sticker-full.svg","width":297,"height":98,"caption":"Coalition Climat"},"image":{"@id":"https:\/\/klimaatcoalitie-coalitionclimat.be\/fr\/#\/schema\/logo\/image\/"}}]}},"_links":{"self":[{"href":"https:\/\/klimaatcoalitie-coalitionclimat.be\/fr\/wp-json\/wp\/v2\/tribe_events\/13429","targetHints":{"allow":["GET"]}}],"collection":[{"href":"https:\/\/klimaatcoalitie-coalitionclimat.be\/fr\/wp-json\/wp\/v2\/tribe_events"}],"about":[{"href":"https:\/\/klimaatcoalitie-coalitionclimat.be\/fr\/wp-json\/wp\/v2\/types\/tribe_events"}],"author":[{"embeddable":true,"href":"https:\/\/klimaatcoalitie-coalitionclimat.be\/fr\/wp-json\/wp\/v2\/users\/146"}],"version-history":[{"count":2,"href":"https:\/\/klimaatcoalitie-coalitionclimat.be\/fr\/wp-json\/wp\/v2\/tribe_events\/13429\/revisions"}],"predecessor-version":[{"id":13431,"href":"https:\/\/klimaatcoalitie-coalitionclimat.be\/fr\/wp-json\/wp\/v2\/tribe_events\/13429\/revisions\/13431"}],"wp:featuredmedia":[{"embeddable":true,"href":"https:\/\/klimaatcoalitie-coalitionclimat.be\/fr\/wp-json\/wp\/v2\/media\/13422"}],"wp:attachment":[{"href":"https:\/\/klimaatcoalitie-coalitionclimat.be\/fr\/wp-json\/wp\/v2\/media?parent=13429"}],"wp:term":[{"taxonomy":"post_tag","embeddable":true,"href":"https:\/\/klimaatcoalitie-coalitionclimat.be\/fr\/wp-json\/wp\/v2\/tags?post=13429"},{"taxonomy":"tribe_events_cat","embeddable":true,"href":"https:\/\/klimaatcoalitie-coalitionclimat.be\/fr\/wp-json\/wp\/v2\/tribe_events_cat?post=13429"}],"curies":[{"name":"wp","href":"https:\/\/api.w.org\/{rel}","templated":true}]}}