{"id":12032,"date":"2026-04-21T13:22:39","date_gmt":"2026-04-21T11:22:39","guid":{"rendered":"https:\/\/klimaatcoalitie-coalitionclimat.be\/event\/ledendag-2026\/"},"modified":"2026-04-23T12:48:11","modified_gmt":"2026-04-23T10:48:11","slug":"ledendag-2026","status":"publish","type":"tribe_events","link":"https:\/\/klimaatcoalitie-coalitionclimat.be\/fr\/event\/ledendag-2026\/","title":{"rendered":"Journ\u00e9e des membres 2026 &#8211; Save the date!\u00a0"},"content":{"rendered":"<div  class=\"tribe-events-schedule tribe-clearfix\" >\n\t<p class=\"tribe-events-schedule__datetime\">\n\t\t<span class=\"tribe-events-schedule__date tribe-events-schedule__date--start\">\n\t\t\t4 juin\t\t<\/span>\n\n\t\t\t\t\t<span class=\"tribe-events-schedule__separator tribe-events-schedule__separator--date\">\n\t\t\t\t \u279c \t\t\t<\/span>\n\t\t\t<span class=\"tribe-events-schedule__time tribe-events-schedule__time--start\">\n\t\t\t\t14:00\t\t\t<\/span>\n\t\t\n\t\t\t\t\t\t\t\t\t<span class=\"tribe-events-schedule__separator tribe-events-schedule__separator--time\">\n\t\t\t\t\t &#8211; \t\t\t\t<\/span>\n\t\t\t\n\t\t\t\t\t\t\t<span class=\"tribe-events-schedule__time tribe-events-schedule__time--end\">\n\t\t\t\t\t21:00\t\t\t\t<\/span>\n\t\t\t\n\t\t\t\t\t\t<\/p>\n<\/div>\n\n\n\n<figure class=\"wp-block-image size-large\"><img loading=\"lazy\" decoding=\"async\" width=\"1024\" height=\"498\" src=\"https:\/\/klimaatcoalitie-coalitionclimat.be\/wp-content\/uploads\/2026\/04\/capture-decran-2026-04-21-a-131901-1024x498.png\" alt=\"\" class=\"wp-image-12017\" srcset=\"https:\/\/klimaatcoalitie-coalitionclimat.be\/wp-content\/uploads\/2026\/04\/capture-decran-2026-04-21-a-131901-1024x498.png 1024w, https:\/\/klimaatcoalitie-coalitionclimat.be\/wp-content\/uploads\/2026\/04\/capture-decran-2026-04-21-a-131901-300x146.png 300w, https:\/\/klimaatcoalitie-coalitionclimat.be\/wp-content\/uploads\/2026\/04\/capture-decran-2026-04-21-a-131901-768x373.png 768w, https:\/\/klimaatcoalitie-coalitionclimat.be\/wp-content\/uploads\/2026\/04\/capture-decran-2026-04-21-a-131901-1536x746.png 1536w, https:\/\/klimaatcoalitie-coalitionclimat.be\/wp-content\/uploads\/2026\/04\/capture-decran-2026-04-21-a-131901-750x364.png 750w, https:\/\/klimaatcoalitie-coalitionclimat.be\/wp-content\/uploads\/2026\/04\/capture-decran-2026-04-21-a-131901-500x243.png 500w, https:\/\/klimaatcoalitie-coalitionclimat.be\/wp-content\/uploads\/2026\/04\/capture-decran-2026-04-21-a-131901-1850x899.png 1850w, https:\/\/klimaatcoalitie-coalitionclimat.be\/wp-content\/uploads\/2026\/04\/capture-decran-2026-04-21-a-131901.png 1920w\" sizes=\"auto, (max-width: 1024px) 100vw, 1024px\" \/><\/figure>\n\n\n\n<p><strong>Save the date \u2014 Journ\u00e9e des membres<\/strong> <\/p>\n\n\n\n<p><em>Coalition Climat  <\/em><\/p>\n\n\n\n<p><em>Bruxelles  <\/em><\/p>\n\n\n\n<p><\/p>\n\n\n\n<p>C&rsquo;est officiellement notre journ\u00e9e des membres \u2014 ET&#8230; <strong>tout le monde<\/strong> est le <strong>bienvenu<\/strong> !<\/p>\n\n\n\n<p>Car notre ambition va au-del\u00e0 d&rsquo;un moment interne : nous voulons renforcer le mouvement climatique, partager nos exp\u00e9riences et faire connaissance. Que vous soyez membre ou non, si la lutte pour le climat vous tient \u00e0 c\u0153ur, il y a une place pour vous.<\/p>\n\n\n\n<p><strong>Au programme : <\/strong>des ateliers th\u00e9matiques, un d\u00e9bat en panel, la pr\u00e9sentation de la campagne de communication de la MARCHE CLIMAT 2026 \u2014 et pour cl\u00f4turer la journ\u00e9e dans la convivialit\u00e9, un afterwork, du networking et un d\u00eener.<\/p>\n\n\n\n<p>Bloquez d\u00e8s maintenant la date dans votre agenda. <\/p>\n\n\n\n<p>Toutes les informations pratiques suivront bient\u00f4t !<\/p>\n\n\n\n<div class=\"wp-block-buttons is-content-justification-center is-layout-flex wp-container-core-buttons-is-layout-16018d1d wp-block-buttons-is-layout-flex\">\n<div class=\"wp-block-button\"><a class=\"wp-block-button__link wp-element-button\" href=\"https:\/\/docs.google.com\/forms\/d\/e\/1FAIpQLSfPyx0AR9m9bek_O7wWIXWxNCGI1UwaNfGWo4TxBAtWiySrzg\/viewform?usp=header\" target=\"_blank\" rel=\"noreferrer noopener\">Je m&rsquo;inscris ! <\/a><\/div>\n<\/div>\n\n\n\n<p><\/p>\n\n\n\n<p><strong>Save the date \u2014 Members&rsquo; Day \u00b7 Ledendag<\/strong> <\/p>\n\n\n\n<p><em>Climate Coalition \u00b7 Brussels <\/em><\/p>\n\n\n\n<p>This is officially our members&rsquo; day \u2014 but everyone is welcome!<\/p>\n\n\n\n<p>Because our ambition goes beyond an internal moment: we want to strengthen the climate movement, share experiences and get to know new people. Whether you&rsquo;re a member or not, if you care about the fight for the climate, there&rsquo;s a place for you.<\/p>\n\n\n\n<p><strong>On the programme<\/strong>: thematic workshops, a panel debate, the presentation of the CLIMATE MARCH communication campaign \u2014 and to close the day on a convivial note, an afterwork, networking and dinner.<\/p>\n\n\n\n<p>Save the date in your calendar now. <\/p>\n\n\n\n<p>All practical information to follow soon!<\/p>\n\n\n\n<div class=\"wp-block-buttons is-content-justification-center is-layout-flex wp-container-core-buttons-is-layout-16018d1d wp-block-buttons-is-layout-flex\">\n<div class=\"wp-block-button\"><a class=\"wp-block-button__link wp-element-button\" href=\"https:\/\/docs.google.com\/forms\/d\/e\/1FAIpQLSfPyx0AR9m9bek_O7wWIXWxNCGI1UwaNfGWo4TxBAtWiySrzg\/viewform?usp=header\" target=\"_blank\" rel=\"noreferrer noopener\">I&rsquo;m booking my seat !<\/a><\/div>\n<\/div>\n\n\n\n<div style=\"height:100px\" aria-hidden=\"true\" class=\"wp-block-spacer\"><\/div>\n\n\n\n<p><strong>Op het programma <\/strong><\/p>\n\n\n\n<div class=\"wp-block-group is-layout-grid wp-container-core-group-is-layout-9649a0d9 wp-block-group-is-layout-grid\">\n<ul class=\"wp-block-list wp-container-content-69bc4bdf\">\n<li><\/li>\n\n\n\n<li>Ateliers th\u00e9matiques<\/li>\n\n\n\n<li>D\u00e9bat &amp; discussions panel<\/li>\n\n\n\n<li>Pr\u00e9sentation communication \u00b7 MARCHE CLIMAT<\/li>\n\n\n\n<li>Afterwork, networking &amp; d\u00eener<\/li>\n<\/ul>\n\n\n\n<ul class=\"wp-block-list wp-container-content-69bc4bdf\">\n<li>Thematic workshops<\/li>\n\n\n\n<li>Panel debate &amp; discussions<\/li>\n\n\n\n<li>Climate March campaign presentation<\/li>\n\n\n\n<li>Afterwork, networking &amp; dinner<\/li>\n<\/ul>\n\n\n\n<figure class=\"wp-block-image size-full\"><img loading=\"lazy\" decoding=\"async\" width=\"786\" height=\"810\" src=\"https:\/\/klimaatcoalitie-coalitionclimat.be\/wp-content\/uploads\/2026\/04\/capture-decran-2026-04-21-a-131609-1.png\" alt=\"\" class=\"wp-image-12019\" style=\"aspect-ratio:1;object-fit:cover\" srcset=\"https:\/\/klimaatcoalitie-coalitionclimat.be\/wp-content\/uploads\/2026\/04\/capture-decran-2026-04-21-a-131609-1.png 786w, https:\/\/klimaatcoalitie-coalitionclimat.be\/wp-content\/uploads\/2026\/04\/capture-decran-2026-04-21-a-131609-1-291x300.png 291w, https:\/\/klimaatcoalitie-coalitionclimat.be\/wp-content\/uploads\/2026\/04\/capture-decran-2026-04-21-a-131609-1-768x791.png 768w, https:\/\/klimaatcoalitie-coalitionclimat.be\/wp-content\/uploads\/2026\/04\/capture-decran-2026-04-21-a-131609-1-485x500.png 485w, https:\/\/klimaatcoalitie-coalitionclimat.be\/wp-content\/uploads\/2026\/04\/capture-decran-2026-04-21-a-131609-1-359x370.png 359w\" sizes=\"auto, (max-width: 786px) 100vw, 786px\" \/><\/figure>\n\n\n\n<figure class=\"wp-block-image size-full\"><img loading=\"lazy\" decoding=\"async\" width=\"704\" height=\"734\" src=\"https:\/\/klimaatcoalitie-coalitionclimat.be\/wp-content\/uploads\/2026\/04\/capture-decran-2026-04-21-a-132014-1.png\" alt=\"\" class=\"wp-image-12028\" style=\"aspect-ratio:1;object-fit:cover\" srcset=\"https:\/\/klimaatcoalitie-coalitionclimat.be\/wp-content\/uploads\/2026\/04\/capture-decran-2026-04-21-a-132014-1.png 704w, https:\/\/klimaatcoalitie-coalitionclimat.be\/wp-content\/uploads\/2026\/04\/capture-decran-2026-04-21-a-132014-1-288x300.png 288w, https:\/\/klimaatcoalitie-coalitionclimat.be\/wp-content\/uploads\/2026\/04\/capture-decran-2026-04-21-a-132014-1-480x500.png 480w, https:\/\/klimaatcoalitie-coalitionclimat.be\/wp-content\/uploads\/2026\/04\/capture-decran-2026-04-21-a-132014-1-355x370.png 355w\" sizes=\"auto, (max-width: 704px) 100vw, 704px\" \/><\/figure>\n<\/div>\n\n\n<div  class=\"tribe-block tribe-block__event-price\" >\n\t\t\t<span class=\"tribe-block__event-price__cost\"> Free <\/span>\n\t\t\t\t<span class=\"tribe-block__event-price__description\">on reservation <\/span>\n\t<\/div>\n\n\n\n<div class=\"wp-block-columns is-layout-flex wp-container-core-columns-is-layout-9d6595d7 wp-block-columns-is-layout-flex\">\n<div class=\"wp-block-column is-layout-flow wp-block-column-is-layout-flow\" style=\"flex-basis:100%\">\n<div class=\"wp-block-columns is-layout-flex wp-container-core-columns-is-layout-9d6595d7 wp-block-columns-is-layout-flex\">\n<div class=\"wp-block-column is-layout-flow wp-block-column-is-layout-flow\" style=\"flex-basis:100%\">\n<div class=\"wp-block-buttons is-layout-flex wp-block-buttons-is-layout-flex\">\n<div class=\"wp-block-button\"><a class=\"wp-block-button__link wp-element-button\" href=\"https:\/\/www.dekriekelaar.be\/\">Place to be : De Kriekelaar<\/a><\/div>\n<\/div>\n\n\n<\/div>\n<\/div>\n<\/div>\n<\/div>\n\n\n<div  class=\"tribe-block tribe-block__venue tribe-clearfix\" >\n\t\n\t\t\n\t<\/div>\n\n\n\n\n\t<div  class=\"tribe-block tribe-block__events-link\" >\n\t\t<div class=\"tribe-events tribe-common\">\n\t\t\t<div class=\"tribe-events-c-subscribe-dropdown__container\">\n\t\t\t\t<div class=\"tribe-events-c-subscribe-dropdown\">\n\t\t\t\t\t<div class=\"tribe-common-c-btn-border tribe-events-c-subscribe-dropdown__button\">\n\t\t\t\t\t\t<svg\n\t class=\"tribe-common-c-svgicon tribe-common-c-svgicon--cal-export tribe-events-c-subscribe-dropdown__export-icon\" \taria-hidden=\"true\"\n\tviewBox=\"0 0 23 17\"\n\txmlns=\"http:\/\/www.w3.org\/2000\/svg\"\n>\n\t<path fill-rule=\"evenodd\" clip-rule=\"evenodd\" d=\"M.128.896V16.13c0 .211.145.383.323.383h15.354c.179 0 .323-.172.323-.383V.896c0-.212-.144-.383-.323-.383H.451C.273.513.128.684.128.896Zm16 6.742h-.901V4.679H1.009v10.729h14.218v-3.336h.901V7.638ZM1.01 1.614h14.218v2.058H1.009V1.614Z\" \/>\n\t<path d=\"M20.5 9.846H8.312M18.524 6.953l2.89 2.909-2.855 2.855\" stroke-width=\"1.2\" stroke-linecap=\"round\" stroke-linejoin=\"round\"\/>\n<\/svg>\n\t\t\t\t\t\t<button\n\t\t\t\t\t\t\tclass=\"tribe-events-c-subscribe-dropdown__button-text\"\n\t\t\t\t\t\t\taria-expanded=\"false\"\n\t\t\t\t\t\t\taria-controls=\"tribe-events-subscribe-dropdown-content\"\n\t\t\t\t\t\t\taria-label=\"Afficher les liens permettant d\u2019ajouter des \u00e9v\u00e8nements \u00e0 votre calendrier\"\n\t\t\t\t\t\t>\n\t\t\t\t\t\t\tAjouter au calendrier\t\t\t\t\t\t<\/button>\n\t\t\t\t\t\t<svg\n\t class=\"tribe-common-c-svgicon tribe-common-c-svgicon--caret-down tribe-events-c-subscribe-dropdown__button-icon\" \taria-hidden=\"true\"\n\tviewBox=\"0 0 10 7\"\n\txmlns=\"http:\/\/www.w3.org\/2000\/svg\"\n>\n\t<path fill-rule=\"evenodd\" clip-rule=\"evenodd\" d=\"M1.008.609L5 4.6 8.992.61l.958.958L5 6.517.05 1.566l.958-.958z\" class=\"tribe-common-c-svgicon__svg-fill\"\/>\n<\/svg>\n\t\t\t\t\t<\/div>\n\t\t\t\t\t<div id=\"tribe-events-subscribe-dropdown-content\" class=\"tribe-events-c-subscribe-dropdown__content\">\n\t\t\t\t\t\t<ul class=\"tribe-events-c-subscribe-dropdown__list\">\n\t\t\t\t\t\t\t\t\t\t\t\t\t\t\t<li class=\"tribe-events-c-subscribe-dropdown__list-item tribe-events-c-subscribe-dropdown__list-item--gcal\">\n\t\t\t\t\t\t\t\t\t<a\n\t\t\t\t\t\t\t\t\t\thref=\"https:\/\/www.google.com\/calendar\/event?action=TEMPLATE&#038;dates=20260604T140000\/20260604T210000&#038;text=Journ%C3%A9e%20des%20membres%202026%20%26%238211%3B%20Save%20the%20date%21%C2%A0&#038;details=%3Cfigure+class%3D%22wp-block-image+size-large%22%3E%3Cimg+src%3D%22https%3A%2F%2Fklimaatcoalitie-coalitionclimat.be%2Fwp-content%2Fuploads%2F2026%2F04%2Fcapture-decran-2026-04-21-a-131901-1024x498.png%22+alt%3D%22%22+class%3D%22wp-image-12017%22%2F%3E%3C%2Ffigure%3E%3Cp%3E%3Cstrong%3ESave+the+date+%E2%80%94+Journ%C3%A9e+des+membres%3C%2Fstrong%3E+%3C%2Fp%3E+%3Cp%3E%3Cem%3ECoalition+Climat++%3C%2Fem%3E%3C%2Fp%3E+%3Cp%3E%3Cem%3EBruxelles++%3C%2Fem%3E%3C%2Fp%3E+%3Cp%3E%3C%2Fp%3E+%3Cp%3EC%27est+officiellement+notre+journ%C3%A9e+des+membres+%E2%80%94+ET...+%3Cstrong%3Etout+le+monde%3C%2Fstrong%3E+est+le+%3Cstrong%3Ebienvenu%3C%2Fstrong%3E+%21%3C%2Fp%3E+%3Cp%3ECar+notre+ambition+va+au-del%C3%A0+d%27un+moment+interne+%3A+nous+voulons+renforcer+le+mouvement+climatique%2C+partager+nos+exp%C3%A9riences+et+faire+connaissance.+Que+vous+soyez+membre+ou+non%2C+si+la+lutte+pour+le+climat+vous+tient+%C3%A0+c%C5%93ur%2C+il+y+a+une+place+pour+vous.%3C%2Fp%3E+%3Cp%3E%3Cstrong%3EAu+programme+%3A+%3C%2Fstrong%3Edes+ateliers+th%C3%A9matiques%2C+un+d%C3%A9bat+en+panel%2C+la+pr%C3%A9sentation+de+la+campagne+de+communication+de+la+MARCHE+CLIMAT+2026+%E2%80%94+et+pour+cl%C3%B4turer+la+journ%C3%A9e+dans+la+convivialit%C3%A9%2C+un+afterwork%3C%2Fp%3E%28Voir+toute+la+description+de+%C3%A9v%C3%A8nement+ici%C2%A0%3A+https%3A%2F%2Fklimaatcoalitie-coalitionclimat.be%2Ffr%2Fevent%2Fledendag-2026%2F%29&#038;trp=false&#038;ctz=Europe\/Paris&#038;sprop=website:https:\/\/klimaatcoalitie-coalitionclimat.be\/fr\/\"\n\t\t\t\t\t\t\t\t\t\tclass=\"tribe-events-c-subscribe-dropdown__list-item-link\"\n\t\t\t\t\t\t\t\t\t\ttarget=\"_blank\"\n\t\t\t\t\t\t\t\t\t\trel=\"noopener noreferrer nofollow noindex\"\n\t\t\t\t\t\t\t\t\t>\n\t\t\t\t\t\t\t\t\t\tGoogle Agenda\t\t\t\t\t\t\t\t\t<\/a>\n\t\t\t\t\t\t\t\t<\/li>\n\t\t\t\t\t\t\t\t\t\t\t\t\t\t\t<li class=\"tribe-events-c-subscribe-dropdown__list-item tribe-events-c-subscribe-dropdown__list-item--ical\">\n\t\t\t\t\t\t\t\t\t<a\n\t\t\t\t\t\t\t\t\t\thref=\"\"\n\t\t\t\t\t\t\t\t\t\tclass=\"tribe-events-c-subscribe-dropdown__list-item-link\"\n\t\t\t\t\t\t\t\t\t\ttarget=\"_blank\"\n\t\t\t\t\t\t\t\t\t\trel=\"noopener noreferrer nofollow noindex\"\n\t\t\t\t\t\t\t\t\t>\n\t\t\t\t\t\t\t\t\t\tiCalendar\t\t\t\t\t\t\t\t\t<\/a>\n\t\t\t\t\t\t\t\t<\/li>\n\t\t\t\t\t\t\t\t\t\t\t\t\t\t\t<li class=\"tribe-events-c-subscribe-dropdown__list-item tribe-events-c-subscribe-dropdown__list-item--outlook-365\">\n\t\t\t\t\t\t\t\t\t<a\n\t\t\t\t\t\t\t\t\t\thref=\"\"\n\t\t\t\t\t\t\t\t\t\tclass=\"tribe-events-c-subscribe-dropdown__list-item-link\"\n\t\t\t\t\t\t\t\t\t\ttarget=\"_blank\"\n\t\t\t\t\t\t\t\t\t\trel=\"noopener noreferrer nofollow noindex\"\n\t\t\t\t\t\t\t\t\t>\n\t\t\t\t\t\t\t\t\t\tOutlook 365\t\t\t\t\t\t\t\t\t<\/a>\n\t\t\t\t\t\t\t\t<\/li>\n\t\t\t\t\t\t\t\t\t\t\t\t\t\t\t<li class=\"tribe-events-c-subscribe-dropdown__list-item tribe-events-c-subscribe-dropdown__list-item--outlook-live\">\n\t\t\t\t\t\t\t\t\t<a\n\t\t\t\t\t\t\t\t\t\thref=\"\"\n\t\t\t\t\t\t\t\t\t\tclass=\"tribe-events-c-subscribe-dropdown__list-item-link\"\n\t\t\t\t\t\t\t\t\t\ttarget=\"_blank\"\n\t\t\t\t\t\t\t\t\t\trel=\"noopener noreferrer nofollow noindex\"\n\t\t\t\t\t\t\t\t\t>\n\t\t\t\t\t\t\t\t\t\tOutlook Live\t\t\t\t\t\t\t\t\t<\/a>\n\t\t\t\t\t\t\t\t<\/li>\n\t\t\t\t\t\t\t\t\t\t\t\t\t<\/ul>\n\t\t\t\t\t<\/div>\n\t\t\t\t<\/div>\n\t\t\t<\/div>\n\t\t<\/div>\n\t<\/div>\n\n","protected":false},"excerpt":{"rendered":"<p>Save the date \u2014 Journ\u00e9e des membres Coalition Climat Bruxelles C&rsquo;est officiellement notre journ\u00e9e des membres \u2014 ET&#8230; tout le monde est le bienvenu ! Car notre ambition va au-del\u00e0 [&hellip;]<\/p>\n","protected":false},"author":9,"featured_media":12039,"template":"","meta":{"_acf_changed":false,"inline_featured_image":false,"_EventAllDay":false,"_EventTimezone":"Europe\/Paris","_EventStartDate":"2026-06-04 14:00:00","_EventEndDate":"2026-06-04 21:00:00","_EventStartDateUTC":"2026-06-04 12:00:00","_EventEndDateUTC":"2026-06-04 19:00:00","_EventShowMap":false,"_EventShowMapLink":false,"_EventURL":"","_EventCost":"Free","_EventCostDescription":"","_EventCurrencySymbol":"\u20ac","_EventCurrencyCode":"EUR","_EventCurrencyPosition":"suffix","_EventDateTimeSeparator":" \u279c ","_EventTimeRangeSeparator":" - ","_EventOrganizerID":[],"_EventVenueID":[],"_OrganizerEmail":"","_OrganizerPhone":"","_OrganizerWebsite":"","_VenueAddress":"","_VenueCity":"","_VenueCountry":"","_VenueProvince":"","_VenueState":"","_VenueZip":"","_VenuePhone":"","_VenueURL":"","_VenueStateProvince":"","_VenueLat":"","_VenueLng":"","_VenueShowMap":false,"_VenueShowMapLink":false,"_tribe_events_status":"","_tribe_events_status_reason":"","footnotes":""},"tags":[],"tribe_events_cat":[460,461,462],"class_list":["post-12032","tribe_events","type-tribe_events","status-publish","has-post-thumbnail","hentry","tribe_events_cat-dag-van-uitwisseling","tribe_events_cat-debatten","tribe_events_cat-workshop","cat_dag-van-uitwisseling","cat_debatten","cat_workshop"],"acf":[],"yoast_head":"<!-- This site is optimized with the Yoast SEO plugin v27.2 - https:\/\/yoast.com\/product\/yoast-seo-wordpress\/ -->\n<title>Journ\u00e9e des membres 2026 - Save the date!\u00a0 - Coalition Climat<\/title>\n<meta name=\"robots\" content=\"index, follow, max-snippet:-1, max-image-preview:large, max-video-preview:-1\" \/>\n<link rel=\"canonical\" href=\"https:\/\/klimaatcoalitie-coalitionclimat.be\/fr\/event\/ledendag-2026\/\" \/>\n<meta property=\"og:locale\" content=\"fr_FR\" \/>\n<meta property=\"og:type\" content=\"article\" \/>\n<meta property=\"og:title\" content=\"Journ\u00e9e des membres 2026 - Save the date!\u00a0 - Coalition Climat\" \/>\n<meta property=\"og:description\" content=\"Save the date \u2014 Journ\u00e9e des membres Coalition Climat Bruxelles C&rsquo;est officiellement notre journ\u00e9e des membres \u2014 ET&#8230; tout le monde est le bienvenu ! Car notre ambition va au-del\u00e0 [&hellip;]\" \/>\n<meta property=\"og:url\" content=\"https:\/\/klimaatcoalitie-coalitionclimat.be\/fr\/event\/ledendag-2026\/\" \/>\n<meta property=\"og:site_name\" content=\"Coalition Climat\" \/>\n<meta property=\"article:modified_time\" content=\"2026-04-23T10:48:11+00:00\" \/>\n<meta property=\"og:image\" content=\"https:\/\/klimaatcoalitie-coalitionclimat.be\/wp-content\/uploads\/2026\/04\/capture-decran-2026-04-21-a-132014.png\" \/>\n\t<meta property=\"og:image:width\" content=\"704\" \/>\n\t<meta property=\"og:image:height\" content=\"734\" \/>\n\t<meta property=\"og:image:type\" content=\"image\/png\" \/>\n<meta name=\"twitter:card\" content=\"summary_large_image\" \/>\n<meta name=\"twitter:label1\" content=\"Dur\u00e9e de lecture estim\u00e9e\" \/>\n\t<meta name=\"twitter:data1\" content=\"3 minutes\" \/>\n<script type=\"application\/ld+json\" class=\"yoast-schema-graph\">{\"@context\":\"https:\/\/schema.org\",\"@graph\":[{\"@type\":\"WebPage\",\"@id\":\"https:\/\/klimaatcoalitie-coalitionclimat.be\/fr\/event\/ledendag-2026\/\",\"url\":\"https:\/\/klimaatcoalitie-coalitionclimat.be\/fr\/event\/ledendag-2026\/\",\"name\":\"Journ\u00e9e des membres 2026 - Save the date!\u00a0 - Coalition Climat\",\"isPartOf\":{\"@id\":\"https:\/\/klimaatcoalitie-coalitionclimat.be\/fr\/#website\"},\"primaryImageOfPage\":{\"@id\":\"https:\/\/klimaatcoalitie-coalitionclimat.be\/fr\/event\/ledendag-2026\/#primaryimage\"},\"image\":{\"@id\":\"https:\/\/klimaatcoalitie-coalitionclimat.be\/fr\/event\/ledendag-2026\/#primaryimage\"},\"thumbnailUrl\":\"https:\/\/klimaatcoalitie-coalitionclimat.be\/wp-content\/uploads\/2026\/04\/capture-decran-2026-04-21-a-132014.png\",\"datePublished\":\"2026-04-21T11:22:39+00:00\",\"dateModified\":\"2026-04-23T10:48:11+00:00\",\"breadcrumb\":{\"@id\":\"https:\/\/klimaatcoalitie-coalitionclimat.be\/fr\/event\/ledendag-2026\/#breadcrumb\"},\"inLanguage\":\"fr-FR\",\"potentialAction\":[{\"@type\":\"ReadAction\",\"target\":[\"https:\/\/klimaatcoalitie-coalitionclimat.be\/fr\/event\/ledendag-2026\/\"]}]},{\"@type\":\"ImageObject\",\"inLanguage\":\"fr-FR\",\"@id\":\"https:\/\/klimaatcoalitie-coalitionclimat.be\/fr\/event\/ledendag-2026\/#primaryimage\",\"url\":\"https:\/\/klimaatcoalitie-coalitionclimat.be\/wp-content\/uploads\/2026\/04\/capture-decran-2026-04-21-a-132014.png\",\"contentUrl\":\"https:\/\/klimaatcoalitie-coalitionclimat.be\/wp-content\/uploads\/2026\/04\/capture-decran-2026-04-21-a-132014.png\",\"width\":704,\"height\":734},{\"@type\":\"BreadcrumbList\",\"@id\":\"https:\/\/klimaatcoalitie-coalitionclimat.be\/fr\/event\/ledendag-2026\/#breadcrumb\",\"itemListElement\":[{\"@type\":\"ListItem\",\"position\":1,\"name\":\"Accueil\",\"item\":\"https:\/\/klimaatcoalitie-coalitionclimat.be\/fr\/\"},{\"@type\":\"ListItem\",\"position\":2,\"name\":\"\u00c9v\u00e8nements\",\"item\":\"https:\/\/klimaatcoalitie-coalitionclimat.be\/fr\/events\/\"},{\"@type\":\"ListItem\",\"position\":3,\"name\":\"Journ\u00e9e des membres 2026 &#8211; Save the date!\u00a0\"}]},{\"@type\":\"WebSite\",\"@id\":\"https:\/\/klimaatcoalitie-coalitionclimat.be\/fr\/#website\",\"url\":\"https:\/\/klimaatcoalitie-coalitionclimat.be\/fr\/\",\"name\":\"Coalition Climat\",\"description\":\"Verenigt, versterkt en mobiliseert iedereen in Belgi&euml; die ijvert voor een leefbaar klimaat.\",\"publisher\":{\"@id\":\"https:\/\/klimaatcoalitie-coalitionclimat.be\/fr\/#organization\"},\"potentialAction\":[{\"@type\":\"SearchAction\",\"target\":{\"@type\":\"EntryPoint\",\"urlTemplate\":\"https:\/\/klimaatcoalitie-coalitionclimat.be\/fr\/?s={search_term_string}\"},\"query-input\":{\"@type\":\"PropertyValueSpecification\",\"valueRequired\":true,\"valueName\":\"search_term_string\"}}],\"inLanguage\":\"fr-FR\"},{\"@type\":\"Organization\",\"@id\":\"https:\/\/klimaatcoalitie-coalitionclimat.be\/fr\/#organization\",\"name\":\"Coalition Climat\",\"url\":\"https:\/\/klimaatcoalitie-coalitionclimat.be\/fr\/\",\"logo\":{\"@type\":\"ImageObject\",\"inLanguage\":\"fr-FR\",\"@id\":\"https:\/\/klimaatcoalitie-coalitionclimat.be\/fr\/#\/schema\/logo\/image\/\",\"url\":\"https:\/\/klimaatcoalitie-coalitionclimat.be\/wp-content\/uploads\/2023\/07\/logo-sticker-full.svg\",\"contentUrl\":\"https:\/\/klimaatcoalitie-coalitionclimat.be\/wp-content\/uploads\/2023\/07\/logo-sticker-full.svg\",\"width\":297,\"height\":98,\"caption\":\"Coalition Climat\"},\"image\":{\"@id\":\"https:\/\/klimaatcoalitie-coalitionclimat.be\/fr\/#\/schema\/logo\/image\/\"}}]}<\/script>\n<!-- \/ Yoast SEO plugin. -->","yoast_head_json":{"title":"Journ\u00e9e des membres 2026 - Save the date!\u00a0 - Coalition Climat","robots":{"index":"index","follow":"follow","max-snippet":"max-snippet:-1","max-image-preview":"max-image-preview:large","max-video-preview":"max-video-preview:-1"},"canonical":"https:\/\/klimaatcoalitie-coalitionclimat.be\/fr\/event\/ledendag-2026\/","og_locale":"fr_FR","og_type":"article","og_title":"Journ\u00e9e des membres 2026 - Save the date!\u00a0 - Coalition Climat","og_description":"Save the date \u2014 Journ\u00e9e des membres Coalition Climat Bruxelles C&rsquo;est officiellement notre journ\u00e9e des membres \u2014 ET&#8230; tout le monde est le bienvenu ! Car notre ambition va au-del\u00e0 [&hellip;]","og_url":"https:\/\/klimaatcoalitie-coalitionclimat.be\/fr\/event\/ledendag-2026\/","og_site_name":"Coalition Climat","article_modified_time":"2026-04-23T10:48:11+00:00","og_image":[{"width":704,"height":734,"url":"https:\/\/klimaatcoalitie-coalitionclimat.be\/wp-content\/uploads\/2026\/04\/capture-decran-2026-04-21-a-132014.png","type":"image\/png"}],"twitter_card":"summary_large_image","twitter_misc":{"Dur\u00e9e de lecture estim\u00e9e":"3 minutes"},"schema":{"@context":"https:\/\/schema.org","@graph":[{"@type":"WebPage","@id":"https:\/\/klimaatcoalitie-coalitionclimat.be\/fr\/event\/ledendag-2026\/","url":"https:\/\/klimaatcoalitie-coalitionclimat.be\/fr\/event\/ledendag-2026\/","name":"Journ\u00e9e des membres 2026 - Save the date!\u00a0 - Coalition Climat","isPartOf":{"@id":"https:\/\/klimaatcoalitie-coalitionclimat.be\/fr\/#website"},"primaryImageOfPage":{"@id":"https:\/\/klimaatcoalitie-coalitionclimat.be\/fr\/event\/ledendag-2026\/#primaryimage"},"image":{"@id":"https:\/\/klimaatcoalitie-coalitionclimat.be\/fr\/event\/ledendag-2026\/#primaryimage"},"thumbnailUrl":"https:\/\/klimaatcoalitie-coalitionclimat.be\/wp-content\/uploads\/2026\/04\/capture-decran-2026-04-21-a-132014.png","datePublished":"2026-04-21T11:22:39+00:00","dateModified":"2026-04-23T10:48:11+00:00","breadcrumb":{"@id":"https:\/\/klimaatcoalitie-coalitionclimat.be\/fr\/event\/ledendag-2026\/#breadcrumb"},"inLanguage":"fr-FR","potentialAction":[{"@type":"ReadAction","target":["https:\/\/klimaatcoalitie-coalitionclimat.be\/fr\/event\/ledendag-2026\/"]}]},{"@type":"ImageObject","inLanguage":"fr-FR","@id":"https:\/\/klimaatcoalitie-coalitionclimat.be\/fr\/event\/ledendag-2026\/#primaryimage","url":"https:\/\/klimaatcoalitie-coalitionclimat.be\/wp-content\/uploads\/2026\/04\/capture-decran-2026-04-21-a-132014.png","contentUrl":"https:\/\/klimaatcoalitie-coalitionclimat.be\/wp-content\/uploads\/2026\/04\/capture-decran-2026-04-21-a-132014.png","width":704,"height":734},{"@type":"BreadcrumbList","@id":"https:\/\/klimaatcoalitie-coalitionclimat.be\/fr\/event\/ledendag-2026\/#breadcrumb","itemListElement":[{"@type":"ListItem","position":1,"name":"Accueil","item":"https:\/\/klimaatcoalitie-coalitionclimat.be\/fr\/"},{"@type":"ListItem","position":2,"name":"\u00c9v\u00e8nements","item":"https:\/\/klimaatcoalitie-coalitionclimat.be\/fr\/events\/"},{"@type":"ListItem","position":3,"name":"Journ\u00e9e des membres 2026 &#8211; Save the date!\u00a0"}]},{"@type":"WebSite","@id":"https:\/\/klimaatcoalitie-coalitionclimat.be\/fr\/#website","url":"https:\/\/klimaatcoalitie-coalitionclimat.be\/fr\/","name":"Coalition Climat","description":"Verenigt, versterkt en mobiliseert iedereen in Belgi&euml; die ijvert voor een leefbaar klimaat.","publisher":{"@id":"https:\/\/klimaatcoalitie-coalitionclimat.be\/fr\/#organization"},"potentialAction":[{"@type":"SearchAction","target":{"@type":"EntryPoint","urlTemplate":"https:\/\/klimaatcoalitie-coalitionclimat.be\/fr\/?s={search_term_string}"},"query-input":{"@type":"PropertyValueSpecification","valueRequired":true,"valueName":"search_term_string"}}],"inLanguage":"fr-FR"},{"@type":"Organization","@id":"https:\/\/klimaatcoalitie-coalitionclimat.be\/fr\/#organization","name":"Coalition Climat","url":"https:\/\/klimaatcoalitie-coalitionclimat.be\/fr\/","logo":{"@type":"ImageObject","inLanguage":"fr-FR","@id":"https:\/\/klimaatcoalitie-coalitionclimat.be\/fr\/#\/schema\/logo\/image\/","url":"https:\/\/klimaatcoalitie-coalitionclimat.be\/wp-content\/uploads\/2023\/07\/logo-sticker-full.svg","contentUrl":"https:\/\/klimaatcoalitie-coalitionclimat.be\/wp-content\/uploads\/2023\/07\/logo-sticker-full.svg","width":297,"height":98,"caption":"Coalition Climat"},"image":{"@id":"https:\/\/klimaatcoalitie-coalitionclimat.be\/fr\/#\/schema\/logo\/image\/"}}]}},"_links":{"self":[{"href":"https:\/\/klimaatcoalitie-coalitionclimat.be\/fr\/wp-json\/wp\/v2\/tribe_events\/12032","targetHints":{"allow":["GET"]}}],"collection":[{"href":"https:\/\/klimaatcoalitie-coalitionclimat.be\/fr\/wp-json\/wp\/v2\/tribe_events"}],"about":[{"href":"https:\/\/klimaatcoalitie-coalitionclimat.be\/fr\/wp-json\/wp\/v2\/types\/tribe_events"}],"author":[{"embeddable":true,"href":"https:\/\/klimaatcoalitie-coalitionclimat.be\/fr\/wp-json\/wp\/v2\/users\/9"}],"version-history":[{"count":7,"href":"https:\/\/klimaatcoalitie-coalitionclimat.be\/fr\/wp-json\/wp\/v2\/tribe_events\/12032\/revisions"}],"predecessor-version":[{"id":12089,"href":"https:\/\/klimaatcoalitie-coalitionclimat.be\/fr\/wp-json\/wp\/v2\/tribe_events\/12032\/revisions\/12089"}],"wp:featuredmedia":[{"embeddable":true,"href":"https:\/\/klimaatcoalitie-coalitionclimat.be\/fr\/wp-json\/wp\/v2\/media\/12039"}],"wp:attachment":[{"href":"https:\/\/klimaatcoalitie-coalitionclimat.be\/fr\/wp-json\/wp\/v2\/media?parent=12032"}],"wp:term":[{"taxonomy":"post_tag","embeddable":true,"href":"https:\/\/klimaatcoalitie-coalitionclimat.be\/fr\/wp-json\/wp\/v2\/tags?post=12032"},{"taxonomy":"tribe_events_cat","embeddable":true,"href":"https:\/\/klimaatcoalitie-coalitionclimat.be\/fr\/wp-json\/wp\/v2\/tribe_events_cat?post=12032"}],"curies":[{"name":"wp","href":"https:\/\/api.w.org\/{rel}","templated":true}]}}