{"id":11933,"date":"2026-03-19T12:08:31","date_gmt":"2026-03-19T11:08:31","guid":{"rendered":"https:\/\/klimaatcoalitie-coalitionclimat.be\/?post_type=tribe_events&#038;p=11933"},"modified":"2026-03-19T12:08:31","modified_gmt":"2026-03-19T11:08:31","slug":"cine-debat-dutilite-publique-a-seraing","status":"publish","type":"tribe_events","link":"https:\/\/klimaatcoalitie-coalitionclimat.be\/fr\/event\/cine-debat-dutilite-publique-a-seraing\/","title":{"rendered":"Cin\u00e9-d\u00e9bat \u00ab D\u2019utilit\u00e9 Publique \u00bb \u00e0 Seraing"},"content":{"rendered":"<p>Depuis plusieurs g\u00e9n\u00e9rations, la famille Buyck fait vivre une exploitation bovine au c\u0153ur de la r\u00e9gion couvinoise. Depuis deux ans, Philippe et son fils Simon se l\u00e8vent chaque matin avec la crainte d\u2019\u00eatre expropri\u00e9s du jour au lendemain. En cause : le projet d\u2019extension du zoning industriel de Mariembourg, port\u00e9 par le Bureau Economique de la Province de Namur, qui pr\u00e9voit d\u2019engloutir plus de 27 hectares de leurs prairies, soit pr\u00e8s d\u2019un quart de la ferme.<\/p>\n<p>D\u2019Utilit\u00e9 Publique s\u2019attache au combat de cette famille, au-del\u00e0 d\u2019un simple conflit foncier. A travers leur r\u00e9sistance, le film interroge un choix de soci\u00e9t\u00e9 fondamental : quelle place accordons-nous encore \u00e0 l\u2019agriculture, \u00e0 la souverainet\u00e9 alimentaire et \u00e0 la pr\u00e9servation des terres, face \u00e0 l\u2019artificialisation croissante du territoire wallon ?<\/p>\n<p>Un<strong> court-m\u00e9trage d\u2019une trentaine de minutes<\/strong> profond\u00e9ment ancr\u00e9 dans le territoire couvinois et les enjeux qui le traversent, issu d\u2019un partenariat entre T\u00e9l\u00e9vision du Monde et Occupons le terrain. Cette projection sera suivie d&rsquo;un <strong>d\u00e9bat<\/strong> avec Occupons le terrain.<\/p>\n<p>&#x1f449;<strong>R\u00e9servation\u00a0par mail<\/strong>\u00a0\u00e0\u00a0<a href=\"mailto:info@centrecultureldeseraing.be\">info@centrecultureldeseraing.be<\/a><\/p>\n","protected":false},"excerpt":{"rendered":"<p>Depuis plusieurs g\u00e9n\u00e9rations, la famille Buyck fait vivre une exploitation bovine au c\u0153ur de la r\u00e9gion couvinoise. Depuis deux ans, Philippe et son fils Simon se l\u00e8vent chaque matin avec [&hellip;]<\/p>\n","protected":false},"author":9,"featured_media":11937,"template":"","meta":{"_acf_changed":false,"inline_featured_image":false,"_EventAllDay":false,"_EventTimezone":"Europe\/Paris","_EventStartDate":"2026-04-24 18:30:00","_EventEndDate":"2026-04-24 21:00:00","_EventStartDateUTC":"2026-04-24 16:30:00","_EventEndDateUTC":"2026-04-24 19:00:00","_EventShowMap":true,"_EventShowMapLink":false,"_EventURL":"https:\/\/www.canopea.be\/nourrir-seraing-autrement-2026\/","_EventCost":"Prix libre","_EventCostDescription":"","_EventCurrencySymbol":"\u20ac","_EventCurrencyCode":"EUR","_EventCurrencyPosition":"suffix","_EventDateTimeSeparator":"","_EventTimeRangeSeparator":"","_EventOrganizerID":[3295],"_EventVenueID":[11938],"_OrganizerEmail":"","_OrganizerPhone":"","_OrganizerWebsite":"","_VenueAddress":"","_VenueCity":"","_VenueCountry":"","_VenueProvince":"","_VenueState":"","_VenueZip":"","_VenuePhone":"","_VenueURL":"","_VenueStateProvince":"","_VenueLat":"","_VenueLng":"","_VenueShowMap":false,"_VenueShowMapLink":false,"_tribe_events_status":"","_tribe_events_status_reason":"","footnotes":""},"tags":[],"tribe_events_cat":[279,272],"class_list":["post-11933","tribe_events","type-tribe_events","status-publish","has-post-thumbnail","hentry","tribe_events_cat-debats","tribe_events_cat-films","cat_debats","cat_films"],"acf":[],"yoast_head":"<!-- This site is optimized with the Yoast SEO plugin v27.2 - https:\/\/yoast.com\/product\/yoast-seo-wordpress\/ -->\n<title>Cin\u00e9-d\u00e9bat \u00ab D\u2019utilit\u00e9 Publique \u00bb \u00e0 Seraing - Coalition Climat<\/title>\n<meta name=\"description\" content=\"D\u00e9couvrez un court-m\u00e9trage sur les enjeux de l&#039;industrialisation pour l&#039;agriculture, suivi d&#039;un d\u00e9bat avec Occupons le terrain.\" \/>\n<meta name=\"robots\" content=\"index, follow, max-snippet:-1, max-image-preview:large, max-video-preview:-1\" \/>\n<link rel=\"canonical\" href=\"https:\/\/klimaatcoalitie-coalitionclimat.be\/fr\/event\/cine-debat-dutilite-publique-a-seraing\/\" \/>\n<meta property=\"og:locale\" content=\"fr_FR\" \/>\n<meta property=\"og:type\" content=\"article\" \/>\n<meta property=\"og:title\" content=\"Cin\u00e9-d\u00e9bat \u00ab D\u2019utilit\u00e9 Publique \u00bb \u00e0 Seraing - Coalition Climat\" \/>\n<meta property=\"og:description\" content=\"D\u00e9couvrez un court-m\u00e9trage sur les enjeux de l&#039;industrialisation pour l&#039;agriculture, suivi d&#039;un d\u00e9bat avec Occupons le terrain.\" \/>\n<meta property=\"og:url\" content=\"https:\/\/klimaatcoalitie-coalitionclimat.be\/fr\/event\/cine-debat-dutilite-publique-a-seraing\/\" \/>\n<meta property=\"og:site_name\" content=\"Coalition Climat\" \/>\n<meta property=\"og:image\" content=\"https:\/\/klimaatcoalitie-coalitionclimat.be\/wp-content\/uploads\/2026\/03\/dutilite-publique-1.png\" \/>\n\t<meta property=\"og:image:width\" content=\"1357\" \/>\n\t<meta property=\"og:image:height\" content=\"1920\" \/>\n\t<meta property=\"og:image:type\" content=\"image\/png\" \/>\n<meta name=\"twitter:card\" content=\"summary_large_image\" \/>\n<meta name=\"twitter:label1\" content=\"Dur\u00e9e de lecture estim\u00e9e\" \/>\n\t<meta name=\"twitter:data1\" content=\"2 minutes\" \/>\n<script type=\"application\/ld+json\" class=\"yoast-schema-graph\">{\"@context\":\"https:\/\/schema.org\",\"@graph\":[{\"@type\":\"Article\",\"@id\":\"https:\/\/klimaatcoalitie-coalitionclimat.be\/fr\/event\/cine-debat-dutilite-publique-a-seraing\/#article\",\"isPartOf\":{\"@id\":\"https:\/\/klimaatcoalitie-coalitionclimat.be\/fr\/event\/cine-debat-dutilite-publique-a-seraing\/\"},\"author\":{\"name\":\"Laurence Rouffart\",\"@id\":\"https:\/\/klimaatcoalitie-coalitionclimat.be\/fr\/#\/schema\/person\/b510cacb932f5e7d0c1bc723542ddb8d\"},\"headline\":\"Cin\u00e9-d\u00e9bat \u00ab D\u2019utilit\u00e9 Publique \u00bb \u00e0 Seraing\",\"datePublished\":\"2026-03-19T11:08:31+00:00\",\"mainEntityOfPage\":{\"@id\":\"https:\/\/klimaatcoalitie-coalitionclimat.be\/fr\/event\/cine-debat-dutilite-publique-a-seraing\/\"},\"wordCount\":201,\"publisher\":{\"@id\":\"https:\/\/klimaatcoalitie-coalitionclimat.be\/fr\/#organization\"},\"image\":{\"@id\":\"https:\/\/klimaatcoalitie-coalitionclimat.be\/fr\/event\/cine-debat-dutilite-publique-a-seraing\/#primaryimage\"},\"thumbnailUrl\":\"https:\/\/klimaatcoalitie-coalitionclimat.be\/wp-content\/uploads\/2026\/03\/dutilite-publique-1.png\",\"inLanguage\":\"fr-FR\"},{\"@type\":\"WebPage\",\"@id\":\"https:\/\/klimaatcoalitie-coalitionclimat.be\/fr\/event\/cine-debat-dutilite-publique-a-seraing\/\",\"url\":\"https:\/\/klimaatcoalitie-coalitionclimat.be\/fr\/event\/cine-debat-dutilite-publique-a-seraing\/\",\"name\":\"Cin\u00e9-d\u00e9bat \u00ab D\u2019utilit\u00e9 Publique \u00bb \u00e0 Seraing - Coalition Climat\",\"isPartOf\":{\"@id\":\"https:\/\/klimaatcoalitie-coalitionclimat.be\/fr\/#website\"},\"primaryImageOfPage\":{\"@id\":\"https:\/\/klimaatcoalitie-coalitionclimat.be\/fr\/event\/cine-debat-dutilite-publique-a-seraing\/#primaryimage\"},\"image\":{\"@id\":\"https:\/\/klimaatcoalitie-coalitionclimat.be\/fr\/event\/cine-debat-dutilite-publique-a-seraing\/#primaryimage\"},\"thumbnailUrl\":\"https:\/\/klimaatcoalitie-coalitionclimat.be\/wp-content\/uploads\/2026\/03\/dutilite-publique-1.png\",\"datePublished\":\"2026-03-19T11:08:31+00:00\",\"description\":\"D\u00e9couvrez un court-m\u00e9trage sur les enjeux de l'industrialisation pour l'agriculture, suivi d'un d\u00e9bat avec Occupons le terrain.\",\"breadcrumb\":{\"@id\":\"https:\/\/klimaatcoalitie-coalitionclimat.be\/fr\/event\/cine-debat-dutilite-publique-a-seraing\/#breadcrumb\"},\"inLanguage\":\"fr-FR\",\"potentialAction\":[{\"@type\":\"ReadAction\",\"target\":[\"https:\/\/klimaatcoalitie-coalitionclimat.be\/fr\/event\/cine-debat-dutilite-publique-a-seraing\/\"]}]},{\"@type\":\"ImageObject\",\"inLanguage\":\"fr-FR\",\"@id\":\"https:\/\/klimaatcoalitie-coalitionclimat.be\/fr\/event\/cine-debat-dutilite-publique-a-seraing\/#primaryimage\",\"url\":\"https:\/\/klimaatcoalitie-coalitionclimat.be\/wp-content\/uploads\/2026\/03\/dutilite-publique-1.png\",\"contentUrl\":\"https:\/\/klimaatcoalitie-coalitionclimat.be\/wp-content\/uploads\/2026\/03\/dutilite-publique-1.png\",\"width\":1357,\"height\":1920},{\"@type\":\"BreadcrumbList\",\"@id\":\"https:\/\/klimaatcoalitie-coalitionclimat.be\/fr\/event\/cine-debat-dutilite-publique-a-seraing\/#breadcrumb\",\"itemListElement\":[{\"@type\":\"ListItem\",\"position\":1,\"name\":\"Accueil\",\"item\":\"https:\/\/klimaatcoalitie-coalitionclimat.be\/fr\/\"},{\"@type\":\"ListItem\",\"position\":2,\"name\":\"\u00c9v\u00e8nements\",\"item\":\"https:\/\/klimaatcoalitie-coalitionclimat.be\/fr\/events\/\"},{\"@type\":\"ListItem\",\"position\":3,\"name\":\"Coalition Climat - Nourrir Seraing Autrement - Cin\u00e9-d\u00e9bat\"}]},{\"@type\":\"WebSite\",\"@id\":\"https:\/\/klimaatcoalitie-coalitionclimat.be\/fr\/#website\",\"url\":\"https:\/\/klimaatcoalitie-coalitionclimat.be\/fr\/\",\"name\":\"Coalition Climat\",\"description\":\"Verenigt, versterkt en mobiliseert iedereen in Belgi&euml; die ijvert voor een leefbaar klimaat.\",\"publisher\":{\"@id\":\"https:\/\/klimaatcoalitie-coalitionclimat.be\/fr\/#organization\"},\"potentialAction\":[{\"@type\":\"SearchAction\",\"target\":{\"@type\":\"EntryPoint\",\"urlTemplate\":\"https:\/\/klimaatcoalitie-coalitionclimat.be\/fr\/?s={search_term_string}\"},\"query-input\":{\"@type\":\"PropertyValueSpecification\",\"valueRequired\":true,\"valueName\":\"search_term_string\"}}],\"inLanguage\":\"fr-FR\"},{\"@type\":\"Organization\",\"@id\":\"https:\/\/klimaatcoalitie-coalitionclimat.be\/fr\/#organization\",\"name\":\"Coalition Climat\",\"url\":\"https:\/\/klimaatcoalitie-coalitionclimat.be\/fr\/\",\"logo\":{\"@type\":\"ImageObject\",\"inLanguage\":\"fr-FR\",\"@id\":\"https:\/\/klimaatcoalitie-coalitionclimat.be\/fr\/#\/schema\/logo\/image\/\",\"url\":\"https:\/\/klimaatcoalitie-coalitionclimat.be\/wp-content\/uploads\/2023\/07\/logo-sticker-full.svg\",\"contentUrl\":\"https:\/\/klimaatcoalitie-coalitionclimat.be\/wp-content\/uploads\/2023\/07\/logo-sticker-full.svg\",\"width\":297,\"height\":98,\"caption\":\"Coalition Climat\"},\"image\":{\"@id\":\"https:\/\/klimaatcoalitie-coalitionclimat.be\/fr\/#\/schema\/logo\/image\/\"}},{\"@type\":\"Person\",\"@id\":\"https:\/\/klimaatcoalitie-coalitionclimat.be\/fr\/#\/schema\/person\/b510cacb932f5e7d0c1bc723542ddb8d\",\"name\":\"Laurence Rouffart\",\"image\":{\"@type\":\"ImageObject\",\"inLanguage\":\"fr-FR\",\"@id\":\"https:\/\/klimaatcoalitie-coalitionclimat.be\/wp-content\/litespeed\/avatar\/68fdfa78d3500e6dc72b7857fc12833c.jpg?ver=1777393242\",\"url\":\"https:\/\/klimaatcoalitie-coalitionclimat.be\/wp-content\/litespeed\/avatar\/68fdfa78d3500e6dc72b7857fc12833c.jpg?ver=1777393242\",\"contentUrl\":\"https:\/\/klimaatcoalitie-coalitionclimat.be\/wp-content\/litespeed\/avatar\/68fdfa78d3500e6dc72b7857fc12833c.jpg?ver=1777393242\",\"caption\":\"Laurence Rouffart\"},\"sameAs\":[\"https:\/\/x.com\/octopix\"],\"url\":\"https:\/\/klimaatcoalitie-coalitionclimat.be\/fr\/author\/laurence\/\"}]}<\/script>\n<!-- \/ Yoast SEO plugin. -->","yoast_head_json":{"title":"Cin\u00e9-d\u00e9bat \u00ab D\u2019utilit\u00e9 Publique \u00bb \u00e0 Seraing - Coalition Climat","description":"D\u00e9couvrez un court-m\u00e9trage sur les enjeux de l'industrialisation pour l'agriculture, suivi d'un d\u00e9bat avec Occupons le terrain.","robots":{"index":"index","follow":"follow","max-snippet":"max-snippet:-1","max-image-preview":"max-image-preview:large","max-video-preview":"max-video-preview:-1"},"canonical":"https:\/\/klimaatcoalitie-coalitionclimat.be\/fr\/event\/cine-debat-dutilite-publique-a-seraing\/","og_locale":"fr_FR","og_type":"article","og_title":"Cin\u00e9-d\u00e9bat \u00ab D\u2019utilit\u00e9 Publique \u00bb \u00e0 Seraing - Coalition Climat","og_description":"D\u00e9couvrez un court-m\u00e9trage sur les enjeux de l'industrialisation pour l'agriculture, suivi d'un d\u00e9bat avec Occupons le terrain.","og_url":"https:\/\/klimaatcoalitie-coalitionclimat.be\/fr\/event\/cine-debat-dutilite-publique-a-seraing\/","og_site_name":"Coalition Climat","og_image":[{"width":1357,"height":1920,"url":"https:\/\/klimaatcoalitie-coalitionclimat.be\/wp-content\/uploads\/2026\/03\/dutilite-publique-1.png","type":"image\/png"}],"twitter_card":"summary_large_image","twitter_misc":{"Dur\u00e9e de lecture estim\u00e9e":"2 minutes"},"schema":{"@context":"https:\/\/schema.org","@graph":[{"@type":"Article","@id":"https:\/\/klimaatcoalitie-coalitionclimat.be\/fr\/event\/cine-debat-dutilite-publique-a-seraing\/#article","isPartOf":{"@id":"https:\/\/klimaatcoalitie-coalitionclimat.be\/fr\/event\/cine-debat-dutilite-publique-a-seraing\/"},"author":{"name":"Laurence Rouffart","@id":"https:\/\/klimaatcoalitie-coalitionclimat.be\/fr\/#\/schema\/person\/b510cacb932f5e7d0c1bc723542ddb8d"},"headline":"Cin\u00e9-d\u00e9bat \u00ab D\u2019utilit\u00e9 Publique \u00bb \u00e0 Seraing","datePublished":"2026-03-19T11:08:31+00:00","mainEntityOfPage":{"@id":"https:\/\/klimaatcoalitie-coalitionclimat.be\/fr\/event\/cine-debat-dutilite-publique-a-seraing\/"},"wordCount":201,"publisher":{"@id":"https:\/\/klimaatcoalitie-coalitionclimat.be\/fr\/#organization"},"image":{"@id":"https:\/\/klimaatcoalitie-coalitionclimat.be\/fr\/event\/cine-debat-dutilite-publique-a-seraing\/#primaryimage"},"thumbnailUrl":"https:\/\/klimaatcoalitie-coalitionclimat.be\/wp-content\/uploads\/2026\/03\/dutilite-publique-1.png","inLanguage":"fr-FR"},{"@type":"WebPage","@id":"https:\/\/klimaatcoalitie-coalitionclimat.be\/fr\/event\/cine-debat-dutilite-publique-a-seraing\/","url":"https:\/\/klimaatcoalitie-coalitionclimat.be\/fr\/event\/cine-debat-dutilite-publique-a-seraing\/","name":"Cin\u00e9-d\u00e9bat \u00ab D\u2019utilit\u00e9 Publique \u00bb \u00e0 Seraing - Coalition Climat","isPartOf":{"@id":"https:\/\/klimaatcoalitie-coalitionclimat.be\/fr\/#website"},"primaryImageOfPage":{"@id":"https:\/\/klimaatcoalitie-coalitionclimat.be\/fr\/event\/cine-debat-dutilite-publique-a-seraing\/#primaryimage"},"image":{"@id":"https:\/\/klimaatcoalitie-coalitionclimat.be\/fr\/event\/cine-debat-dutilite-publique-a-seraing\/#primaryimage"},"thumbnailUrl":"https:\/\/klimaatcoalitie-coalitionclimat.be\/wp-content\/uploads\/2026\/03\/dutilite-publique-1.png","datePublished":"2026-03-19T11:08:31+00:00","description":"D\u00e9couvrez un court-m\u00e9trage sur les enjeux de l'industrialisation pour l'agriculture, suivi d'un d\u00e9bat avec Occupons le terrain.","breadcrumb":{"@id":"https:\/\/klimaatcoalitie-coalitionclimat.be\/fr\/event\/cine-debat-dutilite-publique-a-seraing\/#breadcrumb"},"inLanguage":"fr-FR","potentialAction":[{"@type":"ReadAction","target":["https:\/\/klimaatcoalitie-coalitionclimat.be\/fr\/event\/cine-debat-dutilite-publique-a-seraing\/"]}]},{"@type":"ImageObject","inLanguage":"fr-FR","@id":"https:\/\/klimaatcoalitie-coalitionclimat.be\/fr\/event\/cine-debat-dutilite-publique-a-seraing\/#primaryimage","url":"https:\/\/klimaatcoalitie-coalitionclimat.be\/wp-content\/uploads\/2026\/03\/dutilite-publique-1.png","contentUrl":"https:\/\/klimaatcoalitie-coalitionclimat.be\/wp-content\/uploads\/2026\/03\/dutilite-publique-1.png","width":1357,"height":1920},{"@type":"BreadcrumbList","@id":"https:\/\/klimaatcoalitie-coalitionclimat.be\/fr\/event\/cine-debat-dutilite-publique-a-seraing\/#breadcrumb","itemListElement":[{"@type":"ListItem","position":1,"name":"Accueil","item":"https:\/\/klimaatcoalitie-coalitionclimat.be\/fr\/"},{"@type":"ListItem","position":2,"name":"\u00c9v\u00e8nements","item":"https:\/\/klimaatcoalitie-coalitionclimat.be\/fr\/events\/"},{"@type":"ListItem","position":3,"name":"Coalition Climat - Nourrir Seraing Autrement - Cin\u00e9-d\u00e9bat"}]},{"@type":"WebSite","@id":"https:\/\/klimaatcoalitie-coalitionclimat.be\/fr\/#website","url":"https:\/\/klimaatcoalitie-coalitionclimat.be\/fr\/","name":"Coalition Climat","description":"Verenigt, versterkt en mobiliseert iedereen in Belgi&euml; die ijvert voor een leefbaar klimaat.","publisher":{"@id":"https:\/\/klimaatcoalitie-coalitionclimat.be\/fr\/#organization"},"potentialAction":[{"@type":"SearchAction","target":{"@type":"EntryPoint","urlTemplate":"https:\/\/klimaatcoalitie-coalitionclimat.be\/fr\/?s={search_term_string}"},"query-input":{"@type":"PropertyValueSpecification","valueRequired":true,"valueName":"search_term_string"}}],"inLanguage":"fr-FR"},{"@type":"Organization","@id":"https:\/\/klimaatcoalitie-coalitionclimat.be\/fr\/#organization","name":"Coalition Climat","url":"https:\/\/klimaatcoalitie-coalitionclimat.be\/fr\/","logo":{"@type":"ImageObject","inLanguage":"fr-FR","@id":"https:\/\/klimaatcoalitie-coalitionclimat.be\/fr\/#\/schema\/logo\/image\/","url":"https:\/\/klimaatcoalitie-coalitionclimat.be\/wp-content\/uploads\/2023\/07\/logo-sticker-full.svg","contentUrl":"https:\/\/klimaatcoalitie-coalitionclimat.be\/wp-content\/uploads\/2023\/07\/logo-sticker-full.svg","width":297,"height":98,"caption":"Coalition Climat"},"image":{"@id":"https:\/\/klimaatcoalitie-coalitionclimat.be\/fr\/#\/schema\/logo\/image\/"}},{"@type":"Person","@id":"https:\/\/klimaatcoalitie-coalitionclimat.be\/fr\/#\/schema\/person\/b510cacb932f5e7d0c1bc723542ddb8d","name":"Laurence Rouffart","image":{"@type":"ImageObject","inLanguage":"fr-FR","@id":"https:\/\/klimaatcoalitie-coalitionclimat.be\/wp-content\/litespeed\/avatar\/68fdfa78d3500e6dc72b7857fc12833c.jpg?ver=1777393242","url":"https:\/\/klimaatcoalitie-coalitionclimat.be\/wp-content\/litespeed\/avatar\/68fdfa78d3500e6dc72b7857fc12833c.jpg?ver=1777393242","contentUrl":"https:\/\/klimaatcoalitie-coalitionclimat.be\/wp-content\/litespeed\/avatar\/68fdfa78d3500e6dc72b7857fc12833c.jpg?ver=1777393242","caption":"Laurence Rouffart"},"sameAs":["https:\/\/x.com\/octopix"],"url":"https:\/\/klimaatcoalitie-coalitionclimat.be\/fr\/author\/laurence\/"}]}},"_links":{"self":[{"href":"https:\/\/klimaatcoalitie-coalitionclimat.be\/fr\/wp-json\/wp\/v2\/tribe_events\/11933","targetHints":{"allow":["GET"]}}],"collection":[{"href":"https:\/\/klimaatcoalitie-coalitionclimat.be\/fr\/wp-json\/wp\/v2\/tribe_events"}],"about":[{"href":"https:\/\/klimaatcoalitie-coalitionclimat.be\/fr\/wp-json\/wp\/v2\/types\/tribe_events"}],"author":[{"embeddable":true,"href":"https:\/\/klimaatcoalitie-coalitionclimat.be\/fr\/wp-json\/wp\/v2\/users\/9"}],"version-history":[{"count":2,"href":"https:\/\/klimaatcoalitie-coalitionclimat.be\/fr\/wp-json\/wp\/v2\/tribe_events\/11933\/revisions"}],"predecessor-version":[{"id":11939,"href":"https:\/\/klimaatcoalitie-coalitionclimat.be\/fr\/wp-json\/wp\/v2\/tribe_events\/11933\/revisions\/11939"}],"wp:featuredmedia":[{"embeddable":true,"href":"https:\/\/klimaatcoalitie-coalitionclimat.be\/fr\/wp-json\/wp\/v2\/media\/11937"}],"wp:attachment":[{"href":"https:\/\/klimaatcoalitie-coalitionclimat.be\/fr\/wp-json\/wp\/v2\/media?parent=11933"}],"wp:term":[{"taxonomy":"post_tag","embeddable":true,"href":"https:\/\/klimaatcoalitie-coalitionclimat.be\/fr\/wp-json\/wp\/v2\/tags?post=11933"},{"taxonomy":"tribe_events_cat","embeddable":true,"href":"https:\/\/klimaatcoalitie-coalitionclimat.be\/fr\/wp-json\/wp\/v2\/tribe_events_cat?post=11933"}],"curies":[{"name":"wp","href":"https:\/\/api.w.org\/{rel}","templated":true}]}}