{"id":2952,"date":"2024-01-17T15:07:25","date_gmt":"2024-01-17T14:07:25","guid":{"rendered":"https:\/\/klimaatcoalitie.be\/?post_type=membre&#038;p=2952"},"modified":"2024-01-17T15:11:24","modified_gmt":"2024-01-17T14:11:24","slug":"mutualite-chretienne","status":"publish","type":"membre","link":"https:\/\/klimaatcoalitie-coalitionclimat.be\/fr\/membre\/mutualite-chretienne\/","title":{"rendered":"Mutualit\u00e9 Chr\u00e9tienne"},"content":{"rendered":"\n<div class=\"wp-block-grimlock-wrapper\" style=\"--grimlock-wrapper-border-top:0 solid #00000000;--grimlock-wrapper-border-bottom:0 solid #00000000;--grimlock-wrapper-border-left:0 solid #00000000;--grimlock-wrapper-border-right:0 solid #00000000\"><div class=\"wp-block-grimlock-wrapper__bg\"><\/div><div class=\"wp-block-grimlock-wrapper__bg-overlay\"><\/div><div class=\"wp-block-grimlock-wrapper__inner\">\n<p>L&rsquo;histoire de la Mutualit\u00e9 chr\u00e9tienne est vieille de plus de 150 ans. La MC se bat pour des soins de qualit\u00e9, accessibles \u00e0 tous. Nous proposons \u00e0 nos membres des avantages et services bas\u00e9s sur la solidarit\u00e9. Chacun cotise pour le bien-\u00eatre et la sant\u00e9 de toutes et tous.<\/p>\n\n\n\n<p>Nous participons \u00e9galement \u00e0 l&rsquo;\u00e9laboration des politiques de sant\u00e9 et \u00e0 la cogestion du syst\u00e8me de soins de sant\u00e9. Par ailleurs nous encourageons les habitudes et comportements de vie favorables \u00e0 une meilleure qualit\u00e9 de vie. Nous plaidons pour que le bien-\u00eatre et la sant\u00e9 deviennent une composante de chaque politique men\u00e9e selon le concept \u00ab&nbsp;health in all policies&nbsp;\u00bb.<\/p>\n\n\n\n<p>Si agir sur les facteurs qui favorisent une meilleure sant\u00e9 est un enjeu de sant\u00e9 publique, il va de soi que les questions environnement &amp; Sant\u00e9 font cause commune&nbsp;! Aussi face aux d\u00e9fis du changement climatique et \u00e0 ses cons\u00e9quences en Belgique et dans le monde entier, en termes de sant\u00e9 publique, la MC se mobilise pour faire \u00e9voluer la prise de conscience et jouer son r\u00f4le de pr\u00e9vention.<\/p>\n\n\n\n<div class=\"wp-block-grimlock-wrapper  wp-block-grimlock-wrapper--inner-full\" style=\"--grimlock-wrapper-padding-top:6%;--grimlock-wrapper-padding-right:0rem;--grimlock-wrapper-padding-bottom:0rem;--grimlock-wrapper-padding-left:0rem;--grimlock-wrapper-border-top:0 solid #00000000;--grimlock-wrapper-border-bottom:0 solid #00000000;--grimlock-wrapper-border-left:0 solid #00000000;--grimlock-wrapper-border-right:0 solid #00000000\" id=\"shadow\"><div class=\"wp-block-grimlock-wrapper__bg\"><\/div><div class=\"wp-block-grimlock-wrapper__bg-overlay\"><\/div><div class=\"wp-block-grimlock-wrapper__inner\"><h3 class=\"wp-block-heading is-style-section has-button-primary-background-color has-background has-dh-3-font-size\" id=\"contact\">Contact<\/h3>\n\n\n<div style=\"height:20px\" aria-hidden=\"true\" class=\"wp-block-spacer\"><\/div>\n\n\n\n<div class=\"wp-block-columns grimlock-columns-desktop-3 grimlock-columns-tablet-3 grimlock-columns-mobile-1 is-layout-flex wp-container-core-columns-is-layout-9d6595d7 wp-block-columns-is-layout-flex\">\n<div class=\"wp-block-column is-layout-flow wp-block-column-is-layout-flow\">\n<div class=\"wp-block-grimlock-wrapper  wp-block-grimlock-wrapper--inner-full\" style=\"--grimlock-wrapper-padding-top:1.5rem;--grimlock-wrapper-padding-right:1.5rem;--grimlock-wrapper-padding-bottom:1.5rem;--grimlock-wrapper-padding-left:1.5rem;--grimlock-wrapper-border-top:1px solid #C7CBC5;--grimlock-wrapper-border-bottom:1px solid #C7CBC5;--grimlock-wrapper-border-left:1px solid #C7CBC5;--grimlock-wrapper-border-right:1px solid #C7CBC5;--grimlock-wrapper-border-top-left-radius:1rem;--grimlock-wrapper-border-top-right-radius:1rem;--grimlock-wrapper-border-bottom-left-radius:1rem;--grimlock-wrapper-border-bottom-right-radius:1rem\"><div class=\"wp-block-grimlock-wrapper__bg\"><\/div><div class=\"wp-block-grimlock-wrapper__bg-overlay\"><\/div><div class=\"wp-block-grimlock-wrapper__inner\"><h4 class=\"wp-block-heading\" id=\"adresse-nbsp\">Adresse : <\/h4>\n\n\n<p>Mutualit\u00e9 Chr\u00e9tienne<\/p>\n\n\n\n<p>Chauss\u00e9e de Haecht, 579 <\/p>\n\n\n\n<p>1030&nbsp;Bruxelles<\/p>\n\n\n\n<p>Belgique<\/p>\n<\/div><\/div>\n<\/div>\n\n\n\n<div class=\"wp-block-column is-layout-flow wp-block-column-is-layout-flow\">\n<div class=\"wp-block-grimlock-wrapper  wp-block-grimlock-wrapper--inner-full\" style=\"--grimlock-wrapper-padding-top:1.5rem;--grimlock-wrapper-padding-right:1.5rem;--grimlock-wrapper-padding-bottom:1.5rem;--grimlock-wrapper-padding-left:1.5rem;--grimlock-wrapper-border-top:1px solid #C7CBC5;--grimlock-wrapper-border-bottom:1px solid #C7CBC5;--grimlock-wrapper-border-left:1px solid #C7CBC5;--grimlock-wrapper-border-right:1px solid #C7CBC5;--grimlock-wrapper-border-top-left-radius:1rem;--grimlock-wrapper-border-top-right-radius:1rem;--grimlock-wrapper-border-bottom-left-radius:1rem;--grimlock-wrapper-border-bottom-right-radius:1rem\"><div class=\"wp-block-grimlock-wrapper__bg\"><\/div><div class=\"wp-block-grimlock-wrapper__bg-overlay\"><\/div><div class=\"wp-block-grimlock-wrapper__inner\"><h4 class=\"wp-block-heading\" id=\"infos-nbsp\">Infos : <\/h4>\n\n\n<p>T.:&nbsp;02\/246.41.11<\/p>\n<\/div><\/div>\n<\/div>\n\n\n\n<div class=\"wp-block-column is-layout-flow wp-block-column-is-layout-flow\">\n<div class=\"wp-block-grimlock-wrapper  wp-block-grimlock-wrapper--inner-full\" style=\"--grimlock-wrapper-padding-top:1.5rem;--grimlock-wrapper-padding-right:1.5rem;--grimlock-wrapper-padding-bottom:1.5rem;--grimlock-wrapper-padding-left:1.5rem;--grimlock-wrapper-border-top:1px solid #C7CBC5;--grimlock-wrapper-border-bottom:1px solid #C7CBC5;--grimlock-wrapper-border-left:1px solid #C7CBC5;--grimlock-wrapper-border-right:1px solid #C7CBC5;--grimlock-wrapper-border-top-left-radius:1rem;--grimlock-wrapper-border-top-right-radius:1rem;--grimlock-wrapper-border-bottom-left-radius:1rem;--grimlock-wrapper-border-bottom-right-radius:1rem\"><div class=\"wp-block-grimlock-wrapper__bg\"><\/div><div class=\"wp-block-grimlock-wrapper__bg-overlay\"><\/div><div class=\"wp-block-grimlock-wrapper__inner\"><h4 class=\"wp-block-heading\" id=\"liens-nbsp\">Liens : <\/h4>\n\n\n<p><a href=\"https:\/\/www.mc.be\/fr\/bienvenue\" target=\"_blank\" rel=\"noreferrer noopener\">Le site web<\/a> <\/p>\n<\/div><\/div>\n<\/div>\n<\/div>\n<\/div><\/div>\n<\/div><\/div>\n","protected":false},"featured_media":1399,"template":"","class_list":["post-2952","membre","type-membre","status-publish","has-post-thumbnail","hentry"],"acf":[],"yoast_head":"<!-- This site is optimized with the Yoast SEO plugin v27.2 - https:\/\/yoast.com\/product\/yoast-seo-wordpress\/ -->\n<title>Mutualit\u00e9 Chr\u00e9tienne - Coalition Climat<\/title>\n<meta name=\"robots\" content=\"index, follow, max-snippet:-1, max-image-preview:large, max-video-preview:-1\" \/>\n<link rel=\"canonical\" href=\"https:\/\/klimaatcoalitie-coalitionclimat.be\/fr\/membre\/mutualite-chretienne\/\" \/>\n<meta property=\"og:locale\" content=\"fr_FR\" \/>\n<meta property=\"og:type\" content=\"article\" \/>\n<meta property=\"og:title\" content=\"Mutualit\u00e9 Chr\u00e9tienne - Coalition Climat\" \/>\n<meta property=\"og:url\" content=\"https:\/\/klimaatcoalitie-coalitionclimat.be\/fr\/membre\/mutualite-chretienne\/\" \/>\n<meta property=\"og:site_name\" content=\"Coalition Climat\" \/>\n<meta property=\"article:modified_time\" content=\"2024-01-17T14:11:24+00:00\" \/>\n<meta property=\"og:image\" content=\"https:\/\/klimaatcoalitie-coalitionclimat.be\/wp-content\/uploads\/2023\/08\/mc-button.png\" \/>\n\t<meta property=\"og:image:width\" content=\"1382\" \/>\n\t<meta property=\"og:image:height\" content=\"1382\" \/>\n\t<meta property=\"og:image:type\" content=\"image\/png\" \/>\n<meta name=\"twitter:card\" content=\"summary_large_image\" \/>\n<meta name=\"twitter:label1\" content=\"Dur\u00e9e de lecture estim\u00e9e\" \/>\n\t<meta name=\"twitter:data1\" content=\"2 minutes\" \/>\n<script type=\"application\/ld+json\" class=\"yoast-schema-graph\">{\"@context\":\"https:\/\/schema.org\",\"@graph\":[{\"@type\":\"WebPage\",\"@id\":\"https:\/\/klimaatcoalitie-coalitionclimat.be\/fr\/membre\/mutualite-chretienne\/\",\"url\":\"https:\/\/klimaatcoalitie-coalitionclimat.be\/fr\/membre\/mutualite-chretienne\/\",\"name\":\"Mutualit\u00e9 Chr\u00e9tienne - Coalition Climat\",\"isPartOf\":{\"@id\":\"https:\/\/klimaatcoalitie-coalitionclimat.be\/fr\/#website\"},\"primaryImageOfPage\":{\"@id\":\"https:\/\/klimaatcoalitie-coalitionclimat.be\/fr\/membre\/mutualite-chretienne\/#primaryimage\"},\"image\":{\"@id\":\"https:\/\/klimaatcoalitie-coalitionclimat.be\/fr\/membre\/mutualite-chretienne\/#primaryimage\"},\"thumbnailUrl\":\"https:\/\/klimaatcoalitie-coalitionclimat.be\/wp-content\/uploads\/2023\/08\/mc-button.png\",\"datePublished\":\"2024-01-17T14:07:25+00:00\",\"dateModified\":\"2024-01-17T14:11:24+00:00\",\"breadcrumb\":{\"@id\":\"https:\/\/klimaatcoalitie-coalitionclimat.be\/fr\/membre\/mutualite-chretienne\/#breadcrumb\"},\"inLanguage\":\"fr-FR\",\"potentialAction\":[{\"@type\":\"ReadAction\",\"target\":[\"https:\/\/klimaatcoalitie-coalitionclimat.be\/fr\/membre\/mutualite-chretienne\/\"]}]},{\"@type\":\"ImageObject\",\"inLanguage\":\"fr-FR\",\"@id\":\"https:\/\/klimaatcoalitie-coalitionclimat.be\/fr\/membre\/mutualite-chretienne\/#primaryimage\",\"url\":\"https:\/\/klimaatcoalitie-coalitionclimat.be\/wp-content\/uploads\/2023\/08\/mc-button.png\",\"contentUrl\":\"https:\/\/klimaatcoalitie-coalitionclimat.be\/wp-content\/uploads\/2023\/08\/mc-button.png\",\"width\":1382,\"height\":1382},{\"@type\":\"BreadcrumbList\",\"@id\":\"https:\/\/klimaatcoalitie-coalitionclimat.be\/fr\/membre\/mutualite-chretienne\/#breadcrumb\",\"itemListElement\":[{\"@type\":\"ListItem\",\"position\":1,\"name\":\"Accueil\",\"item\":\"https:\/\/klimaatcoalitie-coalitionclimat.be\/fr\/\"},{\"@type\":\"ListItem\",\"position\":2,\"name\":\"Mutualit\u00e9 Chr\u00e9tienne\"}]},{\"@type\":\"WebSite\",\"@id\":\"https:\/\/klimaatcoalitie-coalitionclimat.be\/fr\/#website\",\"url\":\"https:\/\/klimaatcoalitie-coalitionclimat.be\/fr\/\",\"name\":\"Coalition Climat\",\"description\":\"Verenigt, versterkt en mobiliseert iedereen in Belgi&euml; die ijvert voor een leefbaar klimaat.\",\"publisher\":{\"@id\":\"https:\/\/klimaatcoalitie-coalitionclimat.be\/fr\/#organization\"},\"potentialAction\":[{\"@type\":\"SearchAction\",\"target\":{\"@type\":\"EntryPoint\",\"urlTemplate\":\"https:\/\/klimaatcoalitie-coalitionclimat.be\/fr\/?s={search_term_string}\"},\"query-input\":{\"@type\":\"PropertyValueSpecification\",\"valueRequired\":true,\"valueName\":\"search_term_string\"}}],\"inLanguage\":\"fr-FR\"},{\"@type\":\"Organization\",\"@id\":\"https:\/\/klimaatcoalitie-coalitionclimat.be\/fr\/#organization\",\"name\":\"Coalition Climat\",\"url\":\"https:\/\/klimaatcoalitie-coalitionclimat.be\/fr\/\",\"logo\":{\"@type\":\"ImageObject\",\"inLanguage\":\"fr-FR\",\"@id\":\"https:\/\/klimaatcoalitie-coalitionclimat.be\/fr\/#\/schema\/logo\/image\/\",\"url\":\"https:\/\/klimaatcoalitie-coalitionclimat.be\/wp-content\/uploads\/2023\/07\/logo-sticker-full.svg\",\"contentUrl\":\"https:\/\/klimaatcoalitie-coalitionclimat.be\/wp-content\/uploads\/2023\/07\/logo-sticker-full.svg\",\"width\":297,\"height\":98,\"caption\":\"Coalition Climat\"},\"image\":{\"@id\":\"https:\/\/klimaatcoalitie-coalitionclimat.be\/fr\/#\/schema\/logo\/image\/\"}}]}<\/script>\n<!-- \/ Yoast SEO plugin. -->","yoast_head_json":{"title":"Mutualit\u00e9 Chr\u00e9tienne - Coalition Climat","robots":{"index":"index","follow":"follow","max-snippet":"max-snippet:-1","max-image-preview":"max-image-preview:large","max-video-preview":"max-video-preview:-1"},"canonical":"https:\/\/klimaatcoalitie-coalitionclimat.be\/fr\/membre\/mutualite-chretienne\/","og_locale":"fr_FR","og_type":"article","og_title":"Mutualit\u00e9 Chr\u00e9tienne - Coalition Climat","og_url":"https:\/\/klimaatcoalitie-coalitionclimat.be\/fr\/membre\/mutualite-chretienne\/","og_site_name":"Coalition Climat","article_modified_time":"2024-01-17T14:11:24+00:00","og_image":[{"width":1382,"height":1382,"url":"https:\/\/klimaatcoalitie-coalitionclimat.be\/wp-content\/uploads\/2023\/08\/mc-button.png","type":"image\/png"}],"twitter_card":"summary_large_image","twitter_misc":{"Dur\u00e9e de lecture estim\u00e9e":"2 minutes"},"schema":{"@context":"https:\/\/schema.org","@graph":[{"@type":"WebPage","@id":"https:\/\/klimaatcoalitie-coalitionclimat.be\/fr\/membre\/mutualite-chretienne\/","url":"https:\/\/klimaatcoalitie-coalitionclimat.be\/fr\/membre\/mutualite-chretienne\/","name":"Mutualit\u00e9 Chr\u00e9tienne - Coalition Climat","isPartOf":{"@id":"https:\/\/klimaatcoalitie-coalitionclimat.be\/fr\/#website"},"primaryImageOfPage":{"@id":"https:\/\/klimaatcoalitie-coalitionclimat.be\/fr\/membre\/mutualite-chretienne\/#primaryimage"},"image":{"@id":"https:\/\/klimaatcoalitie-coalitionclimat.be\/fr\/membre\/mutualite-chretienne\/#primaryimage"},"thumbnailUrl":"https:\/\/klimaatcoalitie-coalitionclimat.be\/wp-content\/uploads\/2023\/08\/mc-button.png","datePublished":"2024-01-17T14:07:25+00:00","dateModified":"2024-01-17T14:11:24+00:00","breadcrumb":{"@id":"https:\/\/klimaatcoalitie-coalitionclimat.be\/fr\/membre\/mutualite-chretienne\/#breadcrumb"},"inLanguage":"fr-FR","potentialAction":[{"@type":"ReadAction","target":["https:\/\/klimaatcoalitie-coalitionclimat.be\/fr\/membre\/mutualite-chretienne\/"]}]},{"@type":"ImageObject","inLanguage":"fr-FR","@id":"https:\/\/klimaatcoalitie-coalitionclimat.be\/fr\/membre\/mutualite-chretienne\/#primaryimage","url":"https:\/\/klimaatcoalitie-coalitionclimat.be\/wp-content\/uploads\/2023\/08\/mc-button.png","contentUrl":"https:\/\/klimaatcoalitie-coalitionclimat.be\/wp-content\/uploads\/2023\/08\/mc-button.png","width":1382,"height":1382},{"@type":"BreadcrumbList","@id":"https:\/\/klimaatcoalitie-coalitionclimat.be\/fr\/membre\/mutualite-chretienne\/#breadcrumb","itemListElement":[{"@type":"ListItem","position":1,"name":"Accueil","item":"https:\/\/klimaatcoalitie-coalitionclimat.be\/fr\/"},{"@type":"ListItem","position":2,"name":"Mutualit\u00e9 Chr\u00e9tienne"}]},{"@type":"WebSite","@id":"https:\/\/klimaatcoalitie-coalitionclimat.be\/fr\/#website","url":"https:\/\/klimaatcoalitie-coalitionclimat.be\/fr\/","name":"Coalition Climat","description":"Verenigt, versterkt en mobiliseert iedereen in Belgi&euml; die ijvert voor een leefbaar klimaat.","publisher":{"@id":"https:\/\/klimaatcoalitie-coalitionclimat.be\/fr\/#organization"},"potentialAction":[{"@type":"SearchAction","target":{"@type":"EntryPoint","urlTemplate":"https:\/\/klimaatcoalitie-coalitionclimat.be\/fr\/?s={search_term_string}"},"query-input":{"@type":"PropertyValueSpecification","valueRequired":true,"valueName":"search_term_string"}}],"inLanguage":"fr-FR"},{"@type":"Organization","@id":"https:\/\/klimaatcoalitie-coalitionclimat.be\/fr\/#organization","name":"Coalition Climat","url":"https:\/\/klimaatcoalitie-coalitionclimat.be\/fr\/","logo":{"@type":"ImageObject","inLanguage":"fr-FR","@id":"https:\/\/klimaatcoalitie-coalitionclimat.be\/fr\/#\/schema\/logo\/image\/","url":"https:\/\/klimaatcoalitie-coalitionclimat.be\/wp-content\/uploads\/2023\/07\/logo-sticker-full.svg","contentUrl":"https:\/\/klimaatcoalitie-coalitionclimat.be\/wp-content\/uploads\/2023\/07\/logo-sticker-full.svg","width":297,"height":98,"caption":"Coalition Climat"},"image":{"@id":"https:\/\/klimaatcoalitie-coalitionclimat.be\/fr\/#\/schema\/logo\/image\/"}}]}},"_links":{"self":[{"href":"https:\/\/klimaatcoalitie-coalitionclimat.be\/fr\/wp-json\/wp\/v2\/membre\/2952","targetHints":{"allow":["GET"]}}],"collection":[{"href":"https:\/\/klimaatcoalitie-coalitionclimat.be\/fr\/wp-json\/wp\/v2\/membre"}],"about":[{"href":"https:\/\/klimaatcoalitie-coalitionclimat.be\/fr\/wp-json\/wp\/v2\/types\/membre"}],"wp:featuredmedia":[{"embeddable":true,"href":"https:\/\/klimaatcoalitie-coalitionclimat.be\/fr\/wp-json\/wp\/v2\/media\/1399"}],"wp:attachment":[{"href":"https:\/\/klimaatcoalitie-coalitionclimat.be\/fr\/wp-json\/wp\/v2\/media?parent=2952"}],"curies":[{"name":"wp","href":"https:\/\/api.w.org\/{rel}","templated":true}]}}