{"id":2934,"date":"2024-01-10T18:05:44","date_gmt":"2024-01-10T17:05:44","guid":{"rendered":"https:\/\/klimaatcoalitie.be\/?post_type=membre&#038;p=2934"},"modified":"2024-01-24T14:52:56","modified_gmt":"2024-01-24T13:52:56","slug":"coordination-nationale-daction-pour-la-paix-et-la-democratie-cnapd","status":"publish","type":"membre","link":"https:\/\/klimaatcoalitie-coalitionclimat.be\/fr\/membre\/coordination-nationale-daction-pour-la-paix-et-la-democratie-cnapd\/","title":{"rendered":"CNAPD"},"content":{"rendered":"\n<div class=\"wp-block-grimlock-wrapper\" style=\"--grimlock-wrapper-border-top:0 solid #00000000;--grimlock-wrapper-border-bottom:0 solid #00000000;--grimlock-wrapper-border-left:0 solid #00000000;--grimlock-wrapper-border-right:0 solid #00000000\"><div class=\"wp-block-grimlock-wrapper__bg\"><\/div><div class=\"wp-block-grimlock-wrapper__bg-overlay\"><\/div><div class=\"wp-block-grimlock-wrapper__inner\">\n<p>La Coordination&nbsp;Nationale&nbsp;d\u2019Action&nbsp;pour la&nbsp;Paix&nbsp;et la&nbsp;D\u00e9mocratie&nbsp;(CNAPD)&nbsp;<\/p>\n\n\n\n<p>est&nbsp;une&nbsp;coordination&nbsp;pluraliste&nbsp;d\u2019organisations&nbsp;de&nbsp;jeunesse&nbsp;et de&nbsp;mouvements&nbsp;d\u2019\u00e9ducation&nbsp;permanente&nbsp;progressistes, active en&nbsp;communaut\u00e9&nbsp;fran\u00e7aise&nbsp;depuis&nbsp;1970. Missions:&nbsp;<strong>sensibiliser&nbsp;l\u2019opinion&nbsp;publique&nbsp;; la&nbsp;mobiliser<\/strong>&nbsp;contre&nbsp;la guerre, les raisons de&nbsp;conflits, pour la&nbsp;solidarit\u00e9&nbsp;internationale&nbsp;et la&nbsp;d\u00e9mocratie,&nbsp;contre&nbsp;les exclusions et les&nbsp;in\u00e9galit\u00e9s.<\/p>\n\n\n\n<p>En r\u00e9sum\u00e9, les questions du d\u00e9sarmement nucl\u00e9aire, du terrorisme, de l\u2019OTAN, des armes l\u00e9g\u00e8res, de la course aux armements, des conflits li\u00e9s aux ressources naturelles, de la participation citoyenne, du vivre ensemble\u2026 font partie des pr\u00e9occupations majeures de la Coordination.<\/p>\n\n\n\n<div class=\"wp-block-grimlock-wrapper  wp-block-grimlock-wrapper--inner-full\" style=\"--grimlock-wrapper-padding-top:6%;--grimlock-wrapper-padding-right:0rem;--grimlock-wrapper-padding-bottom:0rem;--grimlock-wrapper-padding-left:0rem;--grimlock-wrapper-border-top:0 solid #00000000;--grimlock-wrapper-border-bottom:0 solid #00000000;--grimlock-wrapper-border-left:0 solid #00000000;--grimlock-wrapper-border-right:0 solid #00000000\" id=\"shadow\"><div class=\"wp-block-grimlock-wrapper__bg\"><\/div><div class=\"wp-block-grimlock-wrapper__bg-overlay\"><\/div><div class=\"wp-block-grimlock-wrapper__inner\"><h3 class=\"wp-block-heading is-style-section has-button-primary-background-color has-background has-dh-3-font-size\" id=\"contact\">Contact<\/h3>\n\n\n<div style=\"height:20px\" aria-hidden=\"true\" class=\"wp-block-spacer\"><\/div>\n\n\n\n<div class=\"wp-block-columns grimlock-columns-desktop-3 grimlock-columns-tablet-3 grimlock-columns-mobile-1 is-layout-flex wp-container-core-columns-is-layout-9d6595d7 wp-block-columns-is-layout-flex\">\n<div class=\"wp-block-column is-layout-flow wp-block-column-is-layout-flow\">\n<div class=\"wp-block-grimlock-wrapper  wp-block-grimlock-wrapper--inner-full\" style=\"--grimlock-wrapper-padding-top:1.5rem;--grimlock-wrapper-padding-right:1.5rem;--grimlock-wrapper-padding-bottom:1.5rem;--grimlock-wrapper-padding-left:1.5rem;--grimlock-wrapper-border-top:1px solid #C7CBC5;--grimlock-wrapper-border-bottom:1px solid #C7CBC5;--grimlock-wrapper-border-left:1px solid #C7CBC5;--grimlock-wrapper-border-right:1px solid #C7CBC5;--grimlock-wrapper-border-top-left-radius:1rem;--grimlock-wrapper-border-top-right-radius:1rem;--grimlock-wrapper-border-bottom-left-radius:1rem;--grimlock-wrapper-border-bottom-right-radius:1rem\"><div class=\"wp-block-grimlock-wrapper__bg\"><\/div><div class=\"wp-block-grimlock-wrapper__bg-overlay\"><\/div><div class=\"wp-block-grimlock-wrapper__inner\"><h4 class=\"wp-block-heading\" id=\"adresse-nbsp\">Adresse : <\/h4>\n\n\n<p>CNAPD<br>Rue de l&rsquo;\u00e9clipse, 6<br>1000&nbsp;Bruxelles (Belgique)<\/p>\n<\/div><\/div>\n<\/div>\n\n\n\n<div class=\"wp-block-column is-layout-flow wp-block-column-is-layout-flow\">\n<div class=\"wp-block-grimlock-wrapper  wp-block-grimlock-wrapper--inner-full\" style=\"--grimlock-wrapper-padding-top:1.5rem;--grimlock-wrapper-padding-right:1.5rem;--grimlock-wrapper-padding-bottom:1.5rem;--grimlock-wrapper-padding-left:1.5rem;--grimlock-wrapper-border-top:1px solid #C7CBC5;--grimlock-wrapper-border-bottom:1px solid #C7CBC5;--grimlock-wrapper-border-left:1px solid #C7CBC5;--grimlock-wrapper-border-right:1px solid #C7CBC5;--grimlock-wrapper-border-top-left-radius:1rem;--grimlock-wrapper-border-top-right-radius:1rem;--grimlock-wrapper-border-bottom-left-radius:1rem;--grimlock-wrapper-border-bottom-right-radius:1rem\"><div class=\"wp-block-grimlock-wrapper__bg\"><\/div><div class=\"wp-block-grimlock-wrapper__bg-overlay\"><\/div><div class=\"wp-block-grimlock-wrapper__inner\"><h4 class=\"wp-block-heading\" id=\"infos-nbsp\">Infos : <\/h4>\n\n\n<p>T.:&nbsp;32 2 640.52.62<\/p>\n\n\n\n<p>Email:&nbsp;<a href=\"mailto:info@cnapd.be\">info@cnapd.be<\/a><\/p>\n<\/div><\/div>\n<\/div>\n\n\n\n<div class=\"wp-block-column is-layout-flow wp-block-column-is-layout-flow\">\n<div class=\"wp-block-grimlock-wrapper  wp-block-grimlock-wrapper--inner-full\" style=\"--grimlock-wrapper-padding-top:1.5rem;--grimlock-wrapper-padding-right:1.5rem;--grimlock-wrapper-padding-bottom:1.5rem;--grimlock-wrapper-padding-left:1.5rem;--grimlock-wrapper-border-top:1px solid #C7CBC5;--grimlock-wrapper-border-bottom:1px solid #C7CBC5;--grimlock-wrapper-border-left:1px solid #C7CBC5;--grimlock-wrapper-border-right:1px solid #C7CBC5;--grimlock-wrapper-border-top-left-radius:1rem;--grimlock-wrapper-border-top-right-radius:1rem;--grimlock-wrapper-border-bottom-left-radius:1rem;--grimlock-wrapper-border-bottom-right-radius:1rem\"><div class=\"wp-block-grimlock-wrapper__bg\"><\/div><div class=\"wp-block-grimlock-wrapper__bg-overlay\"><\/div><div class=\"wp-block-grimlock-wrapper__inner\"><h4 class=\"wp-block-heading\" id=\"liens-nbsp\">Liens : <\/h4>\n\n\n<p><a href=\"http:\/\/www.cnapd.be\/\" target=\"_blank\" rel=\"noreferrer noopener\">http:\/\/www.cnapd.be<\/a><\/p>\n<\/div><\/div>\n<\/div>\n<\/div>\n<\/div><\/div>\n<\/div><\/div>\n","protected":false},"featured_media":9822,"template":"","class_list":["post-2934","membre","type-membre","status-publish","has-post-thumbnail","hentry"],"acf":[],"yoast_head":"<!-- This site is optimized with the Yoast SEO plugin v27.2 - https:\/\/yoast.com\/product\/yoast-seo-wordpress\/ -->\n<title>CNAPD - Coalition Climat<\/title>\n<meta name=\"robots\" content=\"index, follow, max-snippet:-1, max-image-preview:large, max-video-preview:-1\" \/>\n<link rel=\"canonical\" href=\"https:\/\/klimaatcoalitie-coalitionclimat.be\/fr\/membre\/coordination-nationale-daction-pour-la-paix-et-la-democratie-cnapd\/\" \/>\n<meta property=\"og:locale\" content=\"fr_FR\" \/>\n<meta property=\"og:type\" content=\"article\" \/>\n<meta property=\"og:title\" content=\"CNAPD - Coalition Climat\" \/>\n<meta property=\"og:url\" content=\"https:\/\/klimaatcoalitie-coalitionclimat.be\/fr\/membre\/coordination-nationale-daction-pour-la-paix-et-la-democratie-cnapd\/\" \/>\n<meta property=\"og:site_name\" content=\"Coalition Climat\" \/>\n<meta property=\"article:modified_time\" content=\"2024-01-24T13:52:56+00:00\" \/>\n<meta property=\"og:image\" content=\"https:\/\/klimaatcoalitie-coalitionclimat.be\/wp-content\/uploads\/2024\/01\/cnapd-logo-jpg.png\" \/>\n\t<meta property=\"og:image:width\" content=\"1920\" \/>\n\t<meta property=\"og:image:height\" content=\"1317\" \/>\n\t<meta property=\"og:image:type\" content=\"image\/png\" \/>\n<meta name=\"twitter:card\" content=\"summary_large_image\" \/>\n<meta name=\"twitter:label1\" content=\"Dur\u00e9e de lecture estim\u00e9e\" \/>\n\t<meta name=\"twitter:data1\" content=\"1 minute\" \/>\n<script type=\"application\/ld+json\" class=\"yoast-schema-graph\">{\"@context\":\"https:\/\/schema.org\",\"@graph\":[{\"@type\":\"WebPage\",\"@id\":\"https:\/\/klimaatcoalitie-coalitionclimat.be\/fr\/membre\/coordination-nationale-daction-pour-la-paix-et-la-democratie-cnapd\/\",\"url\":\"https:\/\/klimaatcoalitie-coalitionclimat.be\/fr\/membre\/coordination-nationale-daction-pour-la-paix-et-la-democratie-cnapd\/\",\"name\":\"CNAPD - Coalition Climat\",\"isPartOf\":{\"@id\":\"https:\/\/klimaatcoalitie-coalitionclimat.be\/fr\/#website\"},\"primaryImageOfPage\":{\"@id\":\"https:\/\/klimaatcoalitie-coalitionclimat.be\/fr\/membre\/coordination-nationale-daction-pour-la-paix-et-la-democratie-cnapd\/#primaryimage\"},\"image\":{\"@id\":\"https:\/\/klimaatcoalitie-coalitionclimat.be\/fr\/membre\/coordination-nationale-daction-pour-la-paix-et-la-democratie-cnapd\/#primaryimage\"},\"thumbnailUrl\":\"https:\/\/klimaatcoalitie-coalitionclimat.be\/wp-content\/uploads\/2024\/01\/cnapd-logo-jpg.png\",\"datePublished\":\"2024-01-10T17:05:44+00:00\",\"dateModified\":\"2024-01-24T13:52:56+00:00\",\"breadcrumb\":{\"@id\":\"https:\/\/klimaatcoalitie-coalitionclimat.be\/fr\/membre\/coordination-nationale-daction-pour-la-paix-et-la-democratie-cnapd\/#breadcrumb\"},\"inLanguage\":\"fr-FR\",\"potentialAction\":[{\"@type\":\"ReadAction\",\"target\":[\"https:\/\/klimaatcoalitie-coalitionclimat.be\/fr\/membre\/coordination-nationale-daction-pour-la-paix-et-la-democratie-cnapd\/\"]}]},{\"@type\":\"ImageObject\",\"inLanguage\":\"fr-FR\",\"@id\":\"https:\/\/klimaatcoalitie-coalitionclimat.be\/fr\/membre\/coordination-nationale-daction-pour-la-paix-et-la-democratie-cnapd\/#primaryimage\",\"url\":\"https:\/\/klimaatcoalitie-coalitionclimat.be\/wp-content\/uploads\/2024\/01\/cnapd-logo-jpg.png\",\"contentUrl\":\"https:\/\/klimaatcoalitie-coalitionclimat.be\/wp-content\/uploads\/2024\/01\/cnapd-logo-jpg.png\",\"width\":1920,\"height\":1317},{\"@type\":\"BreadcrumbList\",\"@id\":\"https:\/\/klimaatcoalitie-coalitionclimat.be\/fr\/membre\/coordination-nationale-daction-pour-la-paix-et-la-democratie-cnapd\/#breadcrumb\",\"itemListElement\":[{\"@type\":\"ListItem\",\"position\":1,\"name\":\"Accueil\",\"item\":\"https:\/\/klimaatcoalitie-coalitionclimat.be\/fr\/\"},{\"@type\":\"ListItem\",\"position\":2,\"name\":\"CNAPD\"}]},{\"@type\":\"WebSite\",\"@id\":\"https:\/\/klimaatcoalitie-coalitionclimat.be\/fr\/#website\",\"url\":\"https:\/\/klimaatcoalitie-coalitionclimat.be\/fr\/\",\"name\":\"Coalition Climat\",\"description\":\"Verenigt, versterkt en mobiliseert iedereen in Belgi&euml; die ijvert voor een leefbaar klimaat.\",\"publisher\":{\"@id\":\"https:\/\/klimaatcoalitie-coalitionclimat.be\/fr\/#organization\"},\"potentialAction\":[{\"@type\":\"SearchAction\",\"target\":{\"@type\":\"EntryPoint\",\"urlTemplate\":\"https:\/\/klimaatcoalitie-coalitionclimat.be\/fr\/?s={search_term_string}\"},\"query-input\":{\"@type\":\"PropertyValueSpecification\",\"valueRequired\":true,\"valueName\":\"search_term_string\"}}],\"inLanguage\":\"fr-FR\"},{\"@type\":\"Organization\",\"@id\":\"https:\/\/klimaatcoalitie-coalitionclimat.be\/fr\/#organization\",\"name\":\"Coalition Climat\",\"url\":\"https:\/\/klimaatcoalitie-coalitionclimat.be\/fr\/\",\"logo\":{\"@type\":\"ImageObject\",\"inLanguage\":\"fr-FR\",\"@id\":\"https:\/\/klimaatcoalitie-coalitionclimat.be\/fr\/#\/schema\/logo\/image\/\",\"url\":\"https:\/\/klimaatcoalitie-coalitionclimat.be\/wp-content\/uploads\/2023\/07\/logo-sticker-full.svg\",\"contentUrl\":\"https:\/\/klimaatcoalitie-coalitionclimat.be\/wp-content\/uploads\/2023\/07\/logo-sticker-full.svg\",\"width\":297,\"height\":98,\"caption\":\"Coalition Climat\"},\"image\":{\"@id\":\"https:\/\/klimaatcoalitie-coalitionclimat.be\/fr\/#\/schema\/logo\/image\/\"}}]}<\/script>\n<!-- \/ Yoast SEO plugin. -->","yoast_head_json":{"title":"CNAPD - Coalition Climat","robots":{"index":"index","follow":"follow","max-snippet":"max-snippet:-1","max-image-preview":"max-image-preview:large","max-video-preview":"max-video-preview:-1"},"canonical":"https:\/\/klimaatcoalitie-coalitionclimat.be\/fr\/membre\/coordination-nationale-daction-pour-la-paix-et-la-democratie-cnapd\/","og_locale":"fr_FR","og_type":"article","og_title":"CNAPD - Coalition Climat","og_url":"https:\/\/klimaatcoalitie-coalitionclimat.be\/fr\/membre\/coordination-nationale-daction-pour-la-paix-et-la-democratie-cnapd\/","og_site_name":"Coalition Climat","article_modified_time":"2024-01-24T13:52:56+00:00","og_image":[{"width":1920,"height":1317,"url":"https:\/\/klimaatcoalitie-coalitionclimat.be\/wp-content\/uploads\/2024\/01\/cnapd-logo-jpg.png","type":"image\/png"}],"twitter_card":"summary_large_image","twitter_misc":{"Dur\u00e9e de lecture estim\u00e9e":"1 minute"},"schema":{"@context":"https:\/\/schema.org","@graph":[{"@type":"WebPage","@id":"https:\/\/klimaatcoalitie-coalitionclimat.be\/fr\/membre\/coordination-nationale-daction-pour-la-paix-et-la-democratie-cnapd\/","url":"https:\/\/klimaatcoalitie-coalitionclimat.be\/fr\/membre\/coordination-nationale-daction-pour-la-paix-et-la-democratie-cnapd\/","name":"CNAPD - Coalition Climat","isPartOf":{"@id":"https:\/\/klimaatcoalitie-coalitionclimat.be\/fr\/#website"},"primaryImageOfPage":{"@id":"https:\/\/klimaatcoalitie-coalitionclimat.be\/fr\/membre\/coordination-nationale-daction-pour-la-paix-et-la-democratie-cnapd\/#primaryimage"},"image":{"@id":"https:\/\/klimaatcoalitie-coalitionclimat.be\/fr\/membre\/coordination-nationale-daction-pour-la-paix-et-la-democratie-cnapd\/#primaryimage"},"thumbnailUrl":"https:\/\/klimaatcoalitie-coalitionclimat.be\/wp-content\/uploads\/2024\/01\/cnapd-logo-jpg.png","datePublished":"2024-01-10T17:05:44+00:00","dateModified":"2024-01-24T13:52:56+00:00","breadcrumb":{"@id":"https:\/\/klimaatcoalitie-coalitionclimat.be\/fr\/membre\/coordination-nationale-daction-pour-la-paix-et-la-democratie-cnapd\/#breadcrumb"},"inLanguage":"fr-FR","potentialAction":[{"@type":"ReadAction","target":["https:\/\/klimaatcoalitie-coalitionclimat.be\/fr\/membre\/coordination-nationale-daction-pour-la-paix-et-la-democratie-cnapd\/"]}]},{"@type":"ImageObject","inLanguage":"fr-FR","@id":"https:\/\/klimaatcoalitie-coalitionclimat.be\/fr\/membre\/coordination-nationale-daction-pour-la-paix-et-la-democratie-cnapd\/#primaryimage","url":"https:\/\/klimaatcoalitie-coalitionclimat.be\/wp-content\/uploads\/2024\/01\/cnapd-logo-jpg.png","contentUrl":"https:\/\/klimaatcoalitie-coalitionclimat.be\/wp-content\/uploads\/2024\/01\/cnapd-logo-jpg.png","width":1920,"height":1317},{"@type":"BreadcrumbList","@id":"https:\/\/klimaatcoalitie-coalitionclimat.be\/fr\/membre\/coordination-nationale-daction-pour-la-paix-et-la-democratie-cnapd\/#breadcrumb","itemListElement":[{"@type":"ListItem","position":1,"name":"Accueil","item":"https:\/\/klimaatcoalitie-coalitionclimat.be\/fr\/"},{"@type":"ListItem","position":2,"name":"CNAPD"}]},{"@type":"WebSite","@id":"https:\/\/klimaatcoalitie-coalitionclimat.be\/fr\/#website","url":"https:\/\/klimaatcoalitie-coalitionclimat.be\/fr\/","name":"Coalition Climat","description":"Verenigt, versterkt en mobiliseert iedereen in Belgi&euml; die ijvert voor een leefbaar klimaat.","publisher":{"@id":"https:\/\/klimaatcoalitie-coalitionclimat.be\/fr\/#organization"},"potentialAction":[{"@type":"SearchAction","target":{"@type":"EntryPoint","urlTemplate":"https:\/\/klimaatcoalitie-coalitionclimat.be\/fr\/?s={search_term_string}"},"query-input":{"@type":"PropertyValueSpecification","valueRequired":true,"valueName":"search_term_string"}}],"inLanguage":"fr-FR"},{"@type":"Organization","@id":"https:\/\/klimaatcoalitie-coalitionclimat.be\/fr\/#organization","name":"Coalition Climat","url":"https:\/\/klimaatcoalitie-coalitionclimat.be\/fr\/","logo":{"@type":"ImageObject","inLanguage":"fr-FR","@id":"https:\/\/klimaatcoalitie-coalitionclimat.be\/fr\/#\/schema\/logo\/image\/","url":"https:\/\/klimaatcoalitie-coalitionclimat.be\/wp-content\/uploads\/2023\/07\/logo-sticker-full.svg","contentUrl":"https:\/\/klimaatcoalitie-coalitionclimat.be\/wp-content\/uploads\/2023\/07\/logo-sticker-full.svg","width":297,"height":98,"caption":"Coalition Climat"},"image":{"@id":"https:\/\/klimaatcoalitie-coalitionclimat.be\/fr\/#\/schema\/logo\/image\/"}}]}},"_links":{"self":[{"href":"https:\/\/klimaatcoalitie-coalitionclimat.be\/fr\/wp-json\/wp\/v2\/membre\/2934","targetHints":{"allow":["GET"]}}],"collection":[{"href":"https:\/\/klimaatcoalitie-coalitionclimat.be\/fr\/wp-json\/wp\/v2\/membre"}],"about":[{"href":"https:\/\/klimaatcoalitie-coalitionclimat.be\/fr\/wp-json\/wp\/v2\/types\/membre"}],"wp:featuredmedia":[{"embeddable":true,"href":"https:\/\/klimaatcoalitie-coalitionclimat.be\/fr\/wp-json\/wp\/v2\/media\/9822"}],"wp:attachment":[{"href":"https:\/\/klimaatcoalitie-coalitionclimat.be\/fr\/wp-json\/wp\/v2\/media?parent=2934"}],"curies":[{"name":"wp","href":"https:\/\/api.w.org\/{rel}","templated":true}]}}