{"id":2916,"date":"2024-01-16T17:11:25","date_gmt":"2024-01-16T16:11:25","guid":{"rendered":"https:\/\/klimaatcoalitie.be\/?post_type=membre&#038;p=2916"},"modified":"2024-02-15T16:52:09","modified_gmt":"2024-02-15T15:52:09","slug":"reset-vlaanderen","status":"publish","type":"membre","link":"https:\/\/klimaatcoalitie-coalitionclimat.be\/fr\/membre\/reset-vlaanderen\/","title":{"rendered":"Reset.Vlaanderen"},"content":{"rendered":"\n<p><strong><em>Reset .Vlaanderen<\/em><\/strong> (alors Arbeid &amp; Milieu vzw) a \u00e9t\u00e9 fond\u00e9e en 1987 en tant que plate-forme de consultation entre les trois syndicats du c\u00f4t\u00e9 flamand et le mouvement environnemental. Au fil des ans, la fonction de plate-forme de consultation est pass\u00e9e au second plan, et l&rsquo;organisation a d\u00e9velopp\u00e9 sa propre expertise et ses propres activit\u00e9s.<\/p>\n\n\n\n<p><strong><em>Reset. Vlaanderen<\/em><\/strong> veut mettre la transition \u00e9quitable sur la carte de la Flandre, en \u00e9crivant une nouvelle histoire de connexion avec ses organisations partenaires. ACV, Vlaams ABVV, ACLVB, Bond Beter Leefmilieu, Gezinsbond et beweging.net unissent leurs forces pour acc\u00e9l\u00e9rer la transition vers une Flandre \u00e9cologiquement et socialement juste. Le r\u00e9seau vise \u00e0 cr\u00e9er des solutions qui relient les d\u00e9fis sociaux, \u00e9conomiques et \u00e9cologiques.<\/p>\n\n\n\n<div class=\"wp-block-grimlock-wrapper\" style=\"--grimlock-wrapper-border-top:0 solid #00000000;--grimlock-wrapper-border-bottom:0 solid #00000000;--grimlock-wrapper-border-left:0 solid #00000000;--grimlock-wrapper-border-right:0 solid #00000000\"><div class=\"wp-block-grimlock-wrapper__bg\"><\/div><div class=\"wp-block-grimlock-wrapper__bg-overlay\"><\/div><div class=\"wp-block-grimlock-wrapper__inner\">\n<div class=\"wp-block-grimlock-wrapper  wp-block-grimlock-wrapper--inner-full\" style=\"--grimlock-wrapper-padding-top:6%;--grimlock-wrapper-padding-right:0rem;--grimlock-wrapper-padding-bottom:0rem;--grimlock-wrapper-padding-left:0rem;--grimlock-wrapper-border-top:0 solid #00000000;--grimlock-wrapper-border-bottom:0 solid #00000000;--grimlock-wrapper-border-left:0 solid #00000000;--grimlock-wrapper-border-right:0 solid #00000000\" id=\"shadow\"><div class=\"wp-block-grimlock-wrapper__bg\"><\/div><div class=\"wp-block-grimlock-wrapper__bg-overlay\"><\/div><div class=\"wp-block-grimlock-wrapper__inner\"><h3 class=\"wp-block-heading is-style-section has-button-primary-background-color has-background has-dh-3-font-size\" id=\"contact\">Contact<\/h3>\n\n\n<div style=\"height:20px\" aria-hidden=\"true\" class=\"wp-block-spacer\"><\/div>\n\n\n\n<div class=\"wp-block-columns grimlock-columns-desktop-3 grimlock-columns-tablet-3 grimlock-columns-mobile-1 is-layout-flex wp-container-core-columns-is-layout-9d6595d7 wp-block-columns-is-layout-flex\">\n<div class=\"wp-block-column is-layout-flow wp-block-column-is-layout-flow\">\n<div class=\"wp-block-grimlock-wrapper  wp-block-grimlock-wrapper--inner-full\" style=\"--grimlock-wrapper-padding-top:1.5rem;--grimlock-wrapper-padding-right:1.5rem;--grimlock-wrapper-padding-bottom:1.5rem;--grimlock-wrapper-padding-left:1.5rem;--grimlock-wrapper-border-top:1px solid #C7CBC5;--grimlock-wrapper-border-bottom:1px solid #C7CBC5;--grimlock-wrapper-border-left:1px solid #C7CBC5;--grimlock-wrapper-border-right:1px solid #C7CBC5;--grimlock-wrapper-border-top-left-radius:1rem;--grimlock-wrapper-border-top-right-radius:1rem;--grimlock-wrapper-border-bottom-left-radius:1rem;--grimlock-wrapper-border-bottom-right-radius:1rem\"><div class=\"wp-block-grimlock-wrapper__bg\"><\/div><div class=\"wp-block-grimlock-wrapper__bg-overlay\"><\/div><div class=\"wp-block-grimlock-wrapper__inner\"><h4 class=\"wp-block-heading\" id=\"adresse-%25c2%25a0\">Adresse :\u00a0<\/h4>\n\n\n<p>Reset.Vlaanderen<\/p>\n\n\n\n<p>Rue des deux \u00e9glises,  47<\/p>\n\n\n\n<p>1000&nbsp;Bruxelles<\/p>\n\n\n\n<p>Belgique<\/p>\n<\/div><\/div>\n<\/div>\n\n\n\n<div class=\"wp-block-column is-layout-flow wp-block-column-is-layout-flow\">\n<div class=\"wp-block-grimlock-wrapper  wp-block-grimlock-wrapper--inner-full\" style=\"--grimlock-wrapper-padding-top:1.5rem;--grimlock-wrapper-padding-right:1.5rem;--grimlock-wrapper-padding-bottom:1.5rem;--grimlock-wrapper-padding-left:1.5rem;--grimlock-wrapper-border-top:1px solid #C7CBC5;--grimlock-wrapper-border-bottom:1px solid #C7CBC5;--grimlock-wrapper-border-left:1px solid #C7CBC5;--grimlock-wrapper-border-right:1px solid #C7CBC5;--grimlock-wrapper-border-top-left-radius:1rem;--grimlock-wrapper-border-top-right-radius:1rem;--grimlock-wrapper-border-bottom-left-radius:1rem;--grimlock-wrapper-border-bottom-right-radius:1rem\"><div class=\"wp-block-grimlock-wrapper__bg\"><\/div><div class=\"wp-block-grimlock-wrapper__bg-overlay\"><\/div><div class=\"wp-block-grimlock-wrapper__inner\"><h4 class=\"wp-block-heading\" id=\"infos-%25c2%25a0\">Infos :\u00a0<\/h4>\n\n\n<p>T.:&nbsp;02 325 35 01<\/p>\n<\/div><\/div>\n<\/div>\n\n\n\n<div class=\"wp-block-column is-layout-flow wp-block-column-is-layout-flow\">\n<div class=\"wp-block-grimlock-wrapper  wp-block-grimlock-wrapper--inner-full\" style=\"--grimlock-wrapper-padding-top:1.5rem;--grimlock-wrapper-padding-right:1.5rem;--grimlock-wrapper-padding-bottom:1.5rem;--grimlock-wrapper-padding-left:1.5rem;--grimlock-wrapper-border-top:1px solid #C7CBC5;--grimlock-wrapper-border-bottom:1px solid #C7CBC5;--grimlock-wrapper-border-left:1px solid #C7CBC5;--grimlock-wrapper-border-right:1px solid #C7CBC5;--grimlock-wrapper-border-top-left-radius:1rem;--grimlock-wrapper-border-top-right-radius:1rem;--grimlock-wrapper-border-bottom-left-radius:1rem;--grimlock-wrapper-border-bottom-right-radius:1rem\"><div class=\"wp-block-grimlock-wrapper__bg\"><\/div><div class=\"wp-block-grimlock-wrapper__bg-overlay\"><\/div><div class=\"wp-block-grimlock-wrapper__inner\"><h4 class=\"wp-block-heading\" id=\"liens-%25c2%25a0\">Liens :\u00a0<\/h4>\n\n\n<p><a href=\"https:\/\/reset.vlaanderen\/\" target=\"_blank\" rel=\"noreferrer noopener\">Website<\/a><\/p>\n<\/div><\/div>\n<\/div>\n<\/div>\n<\/div><\/div>\n<\/div><\/div>\n","protected":false},"featured_media":2832,"template":"","class_list":["post-2916","membre","type-membre","status-publish","has-post-thumbnail","hentry"],"acf":[],"yoast_head":"<!-- This site is optimized with the Yoast SEO plugin v27.2 - https:\/\/yoast.com\/product\/yoast-seo-wordpress\/ -->\n<title>Reset.Vlaanderen - Coalition Climat<\/title>\n<meta name=\"robots\" content=\"index, follow, max-snippet:-1, max-image-preview:large, max-video-preview:-1\" \/>\n<link rel=\"canonical\" href=\"https:\/\/klimaatcoalitie-coalitionclimat.be\/fr\/membre\/reset-vlaanderen\/\" \/>\n<meta property=\"og:locale\" content=\"fr_FR\" \/>\n<meta property=\"og:type\" content=\"article\" \/>\n<meta property=\"og:title\" content=\"Reset.Vlaanderen - Coalition Climat\" \/>\n<meta property=\"og:description\" content=\"Reset .Vlaanderen (alors Arbeid &amp; Milieu vzw) a \u00e9t\u00e9 fond\u00e9e en 1987 en tant que plate-forme de consultation entre les trois syndicats du c\u00f4t\u00e9 flamand et le mouvement environnemental. Au [&hellip;]\" \/>\n<meta property=\"og:url\" content=\"https:\/\/klimaatcoalitie-coalitionclimat.be\/fr\/membre\/reset-vlaanderen\/\" \/>\n<meta property=\"og:site_name\" content=\"Coalition Climat\" \/>\n<meta property=\"article:modified_time\" content=\"2024-02-15T15:52:09+00:00\" \/>\n<meta property=\"og:image\" content=\"https:\/\/klimaatcoalitie-coalitionclimat.be\/wp-content\/uploads\/2024\/01\/resetvlaanderen.png.webp\" \/>\n\t<meta property=\"og:image:width\" content=\"470\" \/>\n\t<meta property=\"og:image:height\" content=\"187\" \/>\n\t<meta property=\"og:image:type\" content=\"image\/webp\" \/>\n<meta name=\"twitter:card\" content=\"summary_large_image\" \/>\n<meta name=\"twitter:label1\" content=\"Dur\u00e9e de lecture estim\u00e9e\" \/>\n\t<meta name=\"twitter:data1\" content=\"1 minute\" \/>\n<script type=\"application\/ld+json\" class=\"yoast-schema-graph\">{\"@context\":\"https:\/\/schema.org\",\"@graph\":[{\"@type\":\"WebPage\",\"@id\":\"https:\/\/klimaatcoalitie-coalitionclimat.be\/fr\/membre\/reset-vlaanderen\/\",\"url\":\"https:\/\/klimaatcoalitie-coalitionclimat.be\/fr\/membre\/reset-vlaanderen\/\",\"name\":\"Reset.Vlaanderen - Coalition Climat\",\"isPartOf\":{\"@id\":\"https:\/\/klimaatcoalitie-coalitionclimat.be\/fr\/#website\"},\"primaryImageOfPage\":{\"@id\":\"https:\/\/klimaatcoalitie-coalitionclimat.be\/fr\/membre\/reset-vlaanderen\/#primaryimage\"},\"image\":{\"@id\":\"https:\/\/klimaatcoalitie-coalitionclimat.be\/fr\/membre\/reset-vlaanderen\/#primaryimage\"},\"thumbnailUrl\":\"https:\/\/klimaatcoalitie-coalitionclimat.be\/wp-content\/uploads\/2024\/01\/resetvlaanderen.png.webp\",\"datePublished\":\"2024-01-16T16:11:25+00:00\",\"dateModified\":\"2024-02-15T15:52:09+00:00\",\"breadcrumb\":{\"@id\":\"https:\/\/klimaatcoalitie-coalitionclimat.be\/fr\/membre\/reset-vlaanderen\/#breadcrumb\"},\"inLanguage\":\"fr-FR\",\"potentialAction\":[{\"@type\":\"ReadAction\",\"target\":[\"https:\/\/klimaatcoalitie-coalitionclimat.be\/fr\/membre\/reset-vlaanderen\/\"]}]},{\"@type\":\"ImageObject\",\"inLanguage\":\"fr-FR\",\"@id\":\"https:\/\/klimaatcoalitie-coalitionclimat.be\/fr\/membre\/reset-vlaanderen\/#primaryimage\",\"url\":\"https:\/\/klimaatcoalitie-coalitionclimat.be\/wp-content\/uploads\/2024\/01\/resetvlaanderen.png.webp\",\"contentUrl\":\"https:\/\/klimaatcoalitie-coalitionclimat.be\/wp-content\/uploads\/2024\/01\/resetvlaanderen.png.webp\",\"width\":470,\"height\":187},{\"@type\":\"BreadcrumbList\",\"@id\":\"https:\/\/klimaatcoalitie-coalitionclimat.be\/fr\/membre\/reset-vlaanderen\/#breadcrumb\",\"itemListElement\":[{\"@type\":\"ListItem\",\"position\":1,\"name\":\"Accueil\",\"item\":\"https:\/\/klimaatcoalitie-coalitionclimat.be\/fr\/\"},{\"@type\":\"ListItem\",\"position\":2,\"name\":\"Reset.Vlaanderen\"}]},{\"@type\":\"WebSite\",\"@id\":\"https:\/\/klimaatcoalitie-coalitionclimat.be\/fr\/#website\",\"url\":\"https:\/\/klimaatcoalitie-coalitionclimat.be\/fr\/\",\"name\":\"Coalition Climat\",\"description\":\"Verenigt, versterkt en mobiliseert iedereen in Belgi&euml; die ijvert voor een leefbaar klimaat.\",\"publisher\":{\"@id\":\"https:\/\/klimaatcoalitie-coalitionclimat.be\/fr\/#organization\"},\"potentialAction\":[{\"@type\":\"SearchAction\",\"target\":{\"@type\":\"EntryPoint\",\"urlTemplate\":\"https:\/\/klimaatcoalitie-coalitionclimat.be\/fr\/?s={search_term_string}\"},\"query-input\":{\"@type\":\"PropertyValueSpecification\",\"valueRequired\":true,\"valueName\":\"search_term_string\"}}],\"inLanguage\":\"fr-FR\"},{\"@type\":\"Organization\",\"@id\":\"https:\/\/klimaatcoalitie-coalitionclimat.be\/fr\/#organization\",\"name\":\"Coalition Climat\",\"url\":\"https:\/\/klimaatcoalitie-coalitionclimat.be\/fr\/\",\"logo\":{\"@type\":\"ImageObject\",\"inLanguage\":\"fr-FR\",\"@id\":\"https:\/\/klimaatcoalitie-coalitionclimat.be\/fr\/#\/schema\/logo\/image\/\",\"url\":\"https:\/\/klimaatcoalitie-coalitionclimat.be\/wp-content\/uploads\/2023\/07\/logo-sticker-full.svg\",\"contentUrl\":\"https:\/\/klimaatcoalitie-coalitionclimat.be\/wp-content\/uploads\/2023\/07\/logo-sticker-full.svg\",\"width\":297,\"height\":98,\"caption\":\"Coalition Climat\"},\"image\":{\"@id\":\"https:\/\/klimaatcoalitie-coalitionclimat.be\/fr\/#\/schema\/logo\/image\/\"}}]}<\/script>\n<!-- \/ Yoast SEO plugin. -->","yoast_head_json":{"title":"Reset.Vlaanderen - Coalition Climat","robots":{"index":"index","follow":"follow","max-snippet":"max-snippet:-1","max-image-preview":"max-image-preview:large","max-video-preview":"max-video-preview:-1"},"canonical":"https:\/\/klimaatcoalitie-coalitionclimat.be\/fr\/membre\/reset-vlaanderen\/","og_locale":"fr_FR","og_type":"article","og_title":"Reset.Vlaanderen - Coalition Climat","og_description":"Reset .Vlaanderen (alors Arbeid &amp; Milieu vzw) a \u00e9t\u00e9 fond\u00e9e en 1987 en tant que plate-forme de consultation entre les trois syndicats du c\u00f4t\u00e9 flamand et le mouvement environnemental. Au [&hellip;]","og_url":"https:\/\/klimaatcoalitie-coalitionclimat.be\/fr\/membre\/reset-vlaanderen\/","og_site_name":"Coalition Climat","article_modified_time":"2024-02-15T15:52:09+00:00","og_image":[{"width":470,"height":187,"url":"https:\/\/klimaatcoalitie-coalitionclimat.be\/wp-content\/uploads\/2024\/01\/resetvlaanderen.png.webp","type":"image\/webp"}],"twitter_card":"summary_large_image","twitter_misc":{"Dur\u00e9e de lecture estim\u00e9e":"1 minute"},"schema":{"@context":"https:\/\/schema.org","@graph":[{"@type":"WebPage","@id":"https:\/\/klimaatcoalitie-coalitionclimat.be\/fr\/membre\/reset-vlaanderen\/","url":"https:\/\/klimaatcoalitie-coalitionclimat.be\/fr\/membre\/reset-vlaanderen\/","name":"Reset.Vlaanderen - Coalition Climat","isPartOf":{"@id":"https:\/\/klimaatcoalitie-coalitionclimat.be\/fr\/#website"},"primaryImageOfPage":{"@id":"https:\/\/klimaatcoalitie-coalitionclimat.be\/fr\/membre\/reset-vlaanderen\/#primaryimage"},"image":{"@id":"https:\/\/klimaatcoalitie-coalitionclimat.be\/fr\/membre\/reset-vlaanderen\/#primaryimage"},"thumbnailUrl":"https:\/\/klimaatcoalitie-coalitionclimat.be\/wp-content\/uploads\/2024\/01\/resetvlaanderen.png.webp","datePublished":"2024-01-16T16:11:25+00:00","dateModified":"2024-02-15T15:52:09+00:00","breadcrumb":{"@id":"https:\/\/klimaatcoalitie-coalitionclimat.be\/fr\/membre\/reset-vlaanderen\/#breadcrumb"},"inLanguage":"fr-FR","potentialAction":[{"@type":"ReadAction","target":["https:\/\/klimaatcoalitie-coalitionclimat.be\/fr\/membre\/reset-vlaanderen\/"]}]},{"@type":"ImageObject","inLanguage":"fr-FR","@id":"https:\/\/klimaatcoalitie-coalitionclimat.be\/fr\/membre\/reset-vlaanderen\/#primaryimage","url":"https:\/\/klimaatcoalitie-coalitionclimat.be\/wp-content\/uploads\/2024\/01\/resetvlaanderen.png.webp","contentUrl":"https:\/\/klimaatcoalitie-coalitionclimat.be\/wp-content\/uploads\/2024\/01\/resetvlaanderen.png.webp","width":470,"height":187},{"@type":"BreadcrumbList","@id":"https:\/\/klimaatcoalitie-coalitionclimat.be\/fr\/membre\/reset-vlaanderen\/#breadcrumb","itemListElement":[{"@type":"ListItem","position":1,"name":"Accueil","item":"https:\/\/klimaatcoalitie-coalitionclimat.be\/fr\/"},{"@type":"ListItem","position":2,"name":"Reset.Vlaanderen"}]},{"@type":"WebSite","@id":"https:\/\/klimaatcoalitie-coalitionclimat.be\/fr\/#website","url":"https:\/\/klimaatcoalitie-coalitionclimat.be\/fr\/","name":"Coalition Climat","description":"Verenigt, versterkt en mobiliseert iedereen in Belgi&euml; die ijvert voor een leefbaar klimaat.","publisher":{"@id":"https:\/\/klimaatcoalitie-coalitionclimat.be\/fr\/#organization"},"potentialAction":[{"@type":"SearchAction","target":{"@type":"EntryPoint","urlTemplate":"https:\/\/klimaatcoalitie-coalitionclimat.be\/fr\/?s={search_term_string}"},"query-input":{"@type":"PropertyValueSpecification","valueRequired":true,"valueName":"search_term_string"}}],"inLanguage":"fr-FR"},{"@type":"Organization","@id":"https:\/\/klimaatcoalitie-coalitionclimat.be\/fr\/#organization","name":"Coalition Climat","url":"https:\/\/klimaatcoalitie-coalitionclimat.be\/fr\/","logo":{"@type":"ImageObject","inLanguage":"fr-FR","@id":"https:\/\/klimaatcoalitie-coalitionclimat.be\/fr\/#\/schema\/logo\/image\/","url":"https:\/\/klimaatcoalitie-coalitionclimat.be\/wp-content\/uploads\/2023\/07\/logo-sticker-full.svg","contentUrl":"https:\/\/klimaatcoalitie-coalitionclimat.be\/wp-content\/uploads\/2023\/07\/logo-sticker-full.svg","width":297,"height":98,"caption":"Coalition Climat"},"image":{"@id":"https:\/\/klimaatcoalitie-coalitionclimat.be\/fr\/#\/schema\/logo\/image\/"}}]}},"_links":{"self":[{"href":"https:\/\/klimaatcoalitie-coalitionclimat.be\/fr\/wp-json\/wp\/v2\/membre\/2916","targetHints":{"allow":["GET"]}}],"collection":[{"href":"https:\/\/klimaatcoalitie-coalitionclimat.be\/fr\/wp-json\/wp\/v2\/membre"}],"about":[{"href":"https:\/\/klimaatcoalitie-coalitionclimat.be\/fr\/wp-json\/wp\/v2\/types\/membre"}],"wp:featuredmedia":[{"embeddable":true,"href":"https:\/\/klimaatcoalitie-coalitionclimat.be\/fr\/wp-json\/wp\/v2\/media\/2832"}],"wp:attachment":[{"href":"https:\/\/klimaatcoalitie-coalitionclimat.be\/fr\/wp-json\/wp\/v2\/media?parent=2916"}],"curies":[{"name":"wp","href":"https:\/\/api.w.org\/{rel}","templated":true}]}}