{"version":"1.0","provider_name":"Coalition Climat","provider_url":"https:\/\/klimaatcoalitie-coalitionclimat.be\/fr\/","title":"Que r\u00e9clamons-nous\u202f? - Coalition Climat","type":"rich","width":600,"height":338,"html":"<blockquote class=\"wp-embedded-content\" data-secret=\"qVCj5qjdp6\"><a href=\"https:\/\/klimaatcoalitie-coalitionclimat.be\/fr\/marche-climat\/que-reclamons-nous\/\">Que r\u00e9clamons-nous\u202f?<\/a><\/blockquote><iframe sandbox=\"allow-scripts\" security=\"restricted\" src=\"https:\/\/klimaatcoalitie-coalitionclimat.be\/fr\/marche-climat\/que-reclamons-nous\/embed\/#?secret=qVCj5qjdp6\" width=\"600\" height=\"338\" title=\"\u00ab\u00a0Que r\u00e9clamons-nous\u202f?\u00a0\u00bb &#8212; Coalition Climat\" data-secret=\"qVCj5qjdp6\" frameborder=\"0\" marginwidth=\"0\" marginheight=\"0\" scrolling=\"no\" class=\"wp-embedded-content\"><\/iframe><script type=\"text\/javascript\">\n\/* <![CDATA[ *\/\n\/*! This file is auto-generated *\/\n!function(d,l){\"use strict\";l.querySelector&&d.addEventListener&&\"undefined\"!=typeof URL&&(d.wp=d.wp||{},d.wp.receiveEmbedMessage||(d.wp.receiveEmbedMessage=function(e){var t=e.data;if((t||t.secret||t.message||t.value)&&!\/[^a-zA-Z0-9]\/.test(t.secret)){for(var s,r,n,a=l.querySelectorAll('iframe[data-secret=\"'+t.secret+'\"]'),o=l.querySelectorAll('blockquote[data-secret=\"'+t.secret+'\"]'),c=new RegExp(\"^https?:$\",\"i\"),i=0;i<o.length;i++)o[i].style.display=\"none\";for(i=0;i<a.length;i++)s=a[i],e.source===s.contentWindow&&(s.removeAttribute(\"style\"),\"height\"===t.message?(1e3<(r=parseInt(t.value,10))?r=1e3:~~r<200&&(r=200),s.height=r):\"link\"===t.message&&(r=new URL(s.getAttribute(\"src\")),n=new URL(t.value),c.test(n.protocol))&&n.host===r.host&&l.activeElement===s&&(d.top.location.href=t.value))}},d.addEventListener(\"message\",d.wp.receiveEmbedMessage,!1),l.addEventListener(\"DOMContentLoaded\",function(){for(var e,t,s=l.querySelectorAll(\"iframe.wp-embedded-content\"),r=0;r<s.length;r++)(t=(e=s[r]).getAttribute(\"data-secret\"))||(t=Math.random().toString(36).substring(2,12),e.src+=\"#?secret=\"+t,e.setAttribute(\"data-secret\",t)),e.contentWindow.postMessage({message:\"ready\",secret:t},\"*\")},!1)))}(window,document);\n\/\/# sourceURL=https:\/\/klimaatcoalitie-coalitionclimat.be\/wp-includes\/js\/wp-embed.min.js\n\/* ]]> *\/\n<\/script>\n","description":"Nous demandons aux responsables belges et europ\u00e9ens d\u2019oser regarder la v\u00e9rit\u00e9 en face et d\u2019agir en cons\u00e9quence pour nous conduire collectivement \u00e0 un monde o\u00f9 l'opportunit\u00e9 d'avoir une vie heureuse, de pouvoir combler sa famille avec un poste de travail confortable, de se nourrir d'aliments sains, d'\u00eatre en bonne sant\u00e9, de vivre dans un environnement agr\u00e9able, et dans un monde o\u00f9 la coop\u00e9ration et la durabilit\u00e9 sont au c\u0153ur des pr\u00e9occupations."}